{"id":4372,"date":"2020-08-21T14:58:19","date_gmt":"2020-08-21T14:58:19","guid":{"rendered":"https:\/\/faardit.org.ar\/web\/?post_type=mec-events&#038;p=4372"},"modified":"2020-08-21T14:58:27","modified_gmt":"2020-08-21T14:58:27","slug":"conferencia-academica-virtual-sociedad-del-litoral","status":"publish","type":"mec-events","link":"https:\/\/faardit.org.ar\/web\/events\/conferencia-academica-virtual-sociedad-del-litoral\/","title":{"rendered":"Conferencia Acad\u00e9mica Virtual Sociedad del Litoral"},"content":{"rendered":"<div class=\"kvgmc6g5 cxmmr5t8 oygrvhab hcukyx3x c1et5uql ii04i59q\">\n<div dir=\"auto\">El 27\/8 &#8211; 19 hs (Hora Argentina)<\/div>\n<div dir=\"auto\">Tendr\u00e1 lugar las CONFERENCIAS ACAD\u00c9MICAS VIRTUALES de la Sociedad de Diagn\u00f3stico por Im\u00e1genes del Litoral.<\/div>\n<\/div>\n<div class=\"o9v6fnle cxmmr5t8 oygrvhab hcukyx3x c1et5uql ii04i59q\">\n<div dir=\"auto\">En esta revisaremos con reconocidos Especialistas Internacionales:<\/div>\n<div dir=\"auto\"><span class=\"q9uorilb tbxw36s4 knj5qynh kvgmc6g5 ditlmg2l oygrvhab nvdbi5me fgm26odu gl3lb2sf hhz5lgdu\"><img loading=\"lazy\" src=\"https:\/\/static.xx.fbcdn.net\/images\/emoji.php\/v9\/t47\/1\/16\/1f1e8_1f1f4.png\" alt=\"&#x1f1e8;&#x1f1f4;\" width=\"16\" height=\"16\" \/><\/span>Dr. Jorge Alberto Carrillo<\/div>\n<div dir=\"auto\"><span class=\"q9uorilb tbxw36s4 knj5qynh kvgmc6g5 ditlmg2l oygrvhab nvdbi5me fgm26odu gl3lb2sf hhz5lgdu\"><img loading=\"lazy\" src=\"https:\/\/static.xx.fbcdn.net\/images\/emoji.php\/v9\/t48\/1\/16\/1f1e6_1f1f7.png\" alt=\"&#x1f1e6;&#x1f1f7;\" width=\"16\" height=\"16\" \/><\/span>Dr. Sebasti\u00e1n Rossini<\/div>\n<\/div>\n<div class=\"o9v6fnle cxmmr5t8 oygrvhab hcukyx3x c1et5uql ii04i59q\">\n<div dir=\"auto\"><span class=\"fgm26odu nvdbi5me oygrvhab ditlmg2l kvgmc6g5 knj5qynh tbxw36s4 q9uorilb\">&#x25aa;\ufe0e<\/span>Enfermedades Linfoproliferativas Reactivas del Pulm\u00f3n<\/div>\n<div dir=\"auto\"><span class=\"fgm26odu nvdbi5me oygrvhab ditlmg2l kvgmc6g5 knj5qynh tbxw36s4 q9uorilb\">&#x25aa;\ufe0e<\/span>Neumon\u00eda Viral<\/div>\n<div dir=\"auto\"><span class=\"fgm26odu nvdbi5me oygrvhab ditlmg2l kvgmc6g5 knj5qynh tbxw36s4 q9uorilb\">&#x25aa;\ufe0e<\/span>Adenocarcinoma de Pulm\u00f3n: forma de Presentaci\u00f3n y Manejo<\/div>\n<\/div>\n<div class=\"o9v6fnle cxmmr5t8 oygrvhab hcukyx3x c1et5uql ii04i59q\">\n<div dir=\"auto\">Coordinador: Dr. Juan Said Gal\u00e1n<\/div>\n<\/div>\n<div class=\"o9v6fnle cxmmr5t8 oygrvhab hcukyx3x c1et5uql ii04i59q\">\n<div dir=\"auto\">\u00a1Actividad Gratuita!<\/div>\n<div dir=\"auto\">\u00a0Acceso desde <a href=\"https:\/\/us02web.zoom.us\/j\/83084391549\">aqu\u00ed<\/a><\/div>\n<\/div>\n","protected":false},"excerpt":{"rendered":"<p>El 27\/8 &#8211; 19 hs (Hora Argentina) Tendr\u00e1 lugar las CONFERENCIAS ACAD\u00c9MICAS VIRTUALES de la Sociedad de Diagn\u00f3stico por Im\u00e1genes del Litoral. En esta revisaremos con reconocidos Especialistas Internacionales: Dr. Jorge Alberto Carrillo Dr. Sebasti\u00e1n Rossini &#x25aa;\ufe0eEnfermedades Linfoproliferativas Reactivas del Pulm\u00f3n &#x25aa;\ufe0eNeumon\u00eda Viral &#x25aa;\ufe0eAdenocarcinoma de&#8230;<\/p>\n","protected":false},"author":2,"featured_media":0,"comment_status":"closed","ping_status":"closed","template":"","tags":[],"mec_category":[124],"_links":{"self":[{"href":"https:\/\/faardit.org.ar\/web\/wp-json\/wp\/v2\/mec-events\/4372"}],"collection":[{"href":"https:\/\/faardit.org.ar\/web\/wp-json\/wp\/v2\/mec-events"}],"about":[{"href":"https:\/\/faardit.org.ar\/web\/wp-json\/wp\/v2\/types\/mec-events"}],"author":[{"embeddable":true,"href":"https:\/\/faardit.org.ar\/web\/wp-json\/wp\/v2\/users\/2"}],"replies":[{"embeddable":true,"href":"https:\/\/faardit.org.ar\/web\/wp-json\/wp\/v2\/comments?post=4372"}],"wp:attachment":[{"href":"https:\/\/faardit.org.ar\/web\/wp-json\/wp\/v2\/media?parent=4372"}],"wp:term":[{"taxonomy":"post_tag","embeddable":true,"href":"https:\/\/faardit.org.ar\/web\/wp-json\/wp\/v2\/tags?post=4372"},{"taxonomy":"mec_category","embeddable":true,"href":"https:\/\/faardit.org.ar\/web\/wp-json\/wp\/v2\/mec_category?post=4372"}],"curies":[{"name":"wp","href":"https:\/\/api.w.org\/{rel}","templated":true}]}}