{"id":6601,"date":"2023-11-23T13:21:52","date_gmt":"2023-11-23T13:21:52","guid":{"rendered":"https:\/\/faardit.org.ar\/web\/?post_type=mec-events&#038;p=6601"},"modified":"2023-11-23T13:22:01","modified_gmt":"2023-11-23T13:22:01","slug":"curso-de-radiologia-pediatrica-con-aplicacion-clinica-sochradi","status":"publish","type":"mec-events","link":"https:\/\/faardit.org.ar\/web\/events\/curso-de-radiologia-pediatrica-con-aplicacion-clinica-sochradi\/","title":{"rendered":"Curso de Radiolog\u00eda Pedi\u00e1trica con Aplicaci\u00f3n Cl\u00ednica &#8211; SOCHRADI"},"content":{"rendered":"<p><a href=\"https:\/\/sochradi.cl\/2023\/07\/pronto-ii-curso-de-radiologia-pediatrica-con-aplicacion-clinica\/\">M\u00c1S INFORMACI\u00d3N<\/a><\/p>\n<p><img loading=\"lazy\" class=\"alignnone size-full wp-image-6602\" src=\"https:\/\/faardit.org.ar\/web\/wp-content\/uploads\/2023\/11\/Chile.jpeg\" alt=\"\" width=\"1000\" height=\"1000\" srcset=\"https:\/\/faardit.org.ar\/web\/wp-content\/uploads\/2023\/11\/Chile.jpeg 1000w, https:\/\/faardit.org.ar\/web\/wp-content\/uploads\/2023\/11\/Chile-300x300.jpeg 300w, https:\/\/faardit.org.ar\/web\/wp-content\/uploads\/2023\/11\/Chile-150x150.jpeg 150w, https:\/\/faardit.org.ar\/web\/wp-content\/uploads\/2023\/11\/Chile-768x768.jpeg 768w\" sizes=\"(max-width: 1000px) 100vw, 1000px\" \/><\/p>\n","protected":false},"excerpt":{"rendered":"<p>M\u00c1S INFORMACI\u00d3N<\/p>\n","protected":false},"author":2,"featured_media":0,"comment_status":"closed","ping_status":"closed","template":"","tags":[],"mec_category":[125],"_links":{"self":[{"href":"https:\/\/faardit.org.ar\/web\/wp-json\/wp\/v2\/mec-events\/6601"}],"collection":[{"href":"https:\/\/faardit.org.ar\/web\/wp-json\/wp\/v2\/mec-events"}],"about":[{"href":"https:\/\/faardit.org.ar\/web\/wp-json\/wp\/v2\/types\/mec-events"}],"author":[{"embeddable":true,"href":"https:\/\/faardit.org.ar\/web\/wp-json\/wp\/v2\/users\/2"}],"replies":[{"embeddable":true,"href":"https:\/\/faardit.org.ar\/web\/wp-json\/wp\/v2\/comments?post=6601"}],"wp:attachment":[{"href":"https:\/\/faardit.org.ar\/web\/wp-json\/wp\/v2\/media?parent=6601"}],"wp:term":[{"taxonomy":"post_tag","embeddable":true,"href":"https:\/\/faardit.org.ar\/web\/wp-json\/wp\/v2\/tags?post=6601"},{"taxonomy":"mec_category","embeddable":true,"href":"https:\/\/faardit.org.ar\/web\/wp-json\/wp\/v2\/mec_category?post=6601"}],"curies":[{"name":"wp","href":"https:\/\/api.w.org\/{rel}","templated":true}]}}