{"id":241,"date":"2014-11-19T13:16:21","date_gmt":"2014-11-19T13:16:21","guid":{"rendered":"http:\/\/demo1.artillegence.com\/theagency\/careers\/"},"modified":"2019-02-22T13:45:05","modified_gmt":"2019-02-22T13:45:05","slug":"bolsa-trabajo","status":"publish","type":"page","link":"https:\/\/faardit.org.ar\/web\/beneficios-2\/bolsa-trabajo\/","title":{"rendered":"Bolsa de trabajo"},"content":{"rendered":"<p><div class=\"page-section  clearfix first-section\" style=\"z-index:1\" id='rpsE1RVUAKMDVGIDBFK89VC3HHVFYCFVTJY' data-exheight='0' >\n\t\n\t<div class=\"section-inner-wrap\">\n\n\t\t\n\n\n\t\t\t\n\n\t<div class=\"skeleton section-content auto_align clearfix\" data-width=\"Contained\">\n\t\t\n\t\t\t\t\t\n<div class=\"rad-container  layout_element  full last first  top   clearfix\" id=\"rpcNH1YNEX0O7574QPVHAIW2JOSII28FS5B\" data-layout=\"full\">\n\t\n\t \t\n\n\t<div class=\"rad-inner-container clearfix\">\n\t \n\n\n<div  data-key=\"rad_text_widget\"  style='-webkit-transition-delay:0s;transition-delay:0s;' id=\"rpwYJKX6KK0VJCMORI9RU5TLQI0MYUM5BOI\" class=\" w_full w_layout_element  top   rad-widget\">\n\t\n<div class='ioa-text-column none  col-align-left  clearfix'> \n      \n      <div class='ioa-text-area'>\n        <h3 class='text-title'>Sum\u00e1 tu aviso<\/h3>\n        \n        \n        <div class='ioa-text clearfix'>Si quer\u00e9s que tu aviso se vea aqu\u00ed, envianos tus datos y el mensaje que deseas que aparezca en el aviso a la direcci\u00f3n de correo <a href=\"mailto:juan@faardit.org.ar\">juan@faardit.org.ar<\/a><\/div>\n        \n      <\/div> \n     <\/div>\n<\/div>\t\t\n\t<\/div>\n\n\t\n<\/div>\n\n\t\t\n<div class=\"rad-container  layout_element  full last first   clearfix\" id=\"rpcJAK9OM4NJR1XV8TJSXJ282I74EQJP5E6\" data-layout=\"full\">\n\t<span class=\"vline\" style='-webkit-transition-delay:700ms;transition-delay:700ms;'><\/span>\n\t \t\n\n\t<div class=\"rad-inner-container clearfix\">\n\t\t\t\n\t<\/div>\n\n\t\n<\/div>\n\n\t\t\t\n\t\n\t<\/div>\n\n\t\t\n\n\t\t<\/div>\n<\/div>\t\n\n<div class=\"page-section  clearfix last-section\" style=\"z-index:2\" id='rpsTD7BMR08LY6IR8BN88RJLT424X0BXIE8' data-exheight='0' >\n\t\n\t<div class=\"section-inner-wrap\">\n\n\t\t\n\n\n\t\t\t\n\n\t<div class=\"skeleton section-content auto_align clearfix\" data-width=\"Contained\">\n\t\t\n\t\t\t\t\t\n<div class=\"rad-container  layout_element  one_half first  top   clearfix\" id=\"rpcFJ70VB39V9T82FARQM5W0S94IVFTHJAK\" data-layout=\"one_half\">\n\t\n\t \t\n\n\t<div class=\"rad-inner-container clearfix\">\n\t \n\n\n<div  data-key=\"rad_text_widget\"  style='-webkit-transition-delay:0s;transition-delay:0s;' id=\"rpwWUES2OLLPJ05BNB63QM7M9RY7CWLOSNI\" class=\" w_full w_layout_element  top   rad-widget\">\n\t\n<div class='ioa-text-column none  col-align-left  clearfix'> \n      \n      <div class='ioa-text-area'>\n        <h3 class='text-title'> OFERTAS DE TRABAJO<\/h3>\n        \n        \n        \n        \n      <\/div> \n     <\/div>\n<\/div>\n<div  data-key=\"rad_toggle_widget\"  id=\"rpwC6O3AMQ4Y2SXMHE4RQ238VE4YKMYLWQR\" class=\" w_full w_layout_element   rad-widget\">\n\n\t<div class=\"toggle-inner-wrap\">\n\t\t\n\n\t\t<div class=\" clearfix toggle-style-simple\" itemscope itemtype=\"http:\/\/schema.org\/ItemList\">\n  \t\t\n\t\t\n\t\t <div class='toggle ' itemscope itemtype='http:\/\/schema.org\/Thing'><h4><a href=\"#tg69f0df5ab12ce\" class='toggle-title ' itemprop='name'  > <i class='ioa-front-icon  plus-2icon-'><\/i> Se necesita Lic. o t\u00e9cnico radi\u00f3logo con experiencia<\/a><\/h4><div id='tg69f0df5ab12ce' itemprop='description' class='toggle-body collapse'> <a href=\"https:\/\/faardit.org.ar\/web\/bolsa_de_trabajo\/se-necesita-lic-o-tecnico-radiologo-con-experiencia\/\" target=\"_blank\" rel=\"noopener noreferrer\">Ingres\u00e1 CV aqu\u00ed<\/a><\/div> <\/div>\n\t\t\n  \n\t\t<\/div>\n\n\t\n\t<\/div>\n<\/div>\n\n\n<div  data-key=\"rad_toggle_widget\"  id=\"rpwSRB6VBG31RB0TSE9PWGBK897N1Y2D2WD\" class=\" w_full w_layout_element   rad-widget\">\n\n\t<div class=\"toggle-inner-wrap\">\n\t\t\n\n\t\t<div class=\" clearfix toggle-style-simple\" itemscope itemtype=\"http:\/\/schema.org\/ItemList\">\n  \t\t\n\t\t\n\t\t <div class='toggle ' itemscope itemtype='http:\/\/schema.org\/Thing'><h4><a href=\"#tg69f0df5ab159e\" class='toggle-title ' itemprop='name'  > <i class='ioa-front-icon  plus-2icon-'><\/i> M\u00e9dicos especialistas para San Luis<\/a><\/h4><div id='tg69f0df5ab159e' itemprop='description' class='toggle-body collapse'> Necesitamos m\u00e9dicos especialistas en diagn\u00f3stico por im\u00e1genes, m\u00e9dicos radi\u00f3logos y ecografistas para centro privado en la ciudad de San Luis.<\/p>\n<p><a href=\"https:\/\/faardit.org.ar\/web\/bolsa_de_trabajo\/medicos-especialistas-san-luis\/\" target=\"_blank\" rel=\"noopener noreferrer\">Leer m\u00e1s<\/a><\/div> <\/div>\n\t\t\n  \n\t\t<\/div>\n\n\t\n\t<\/div>\n<\/div>\n\n\n<div  data-key=\"rad_toggle_widget\"  id=\"rpwUH8J9HP57LTN8345TVJDYE0NQOWFWUOS\" class=\" w_full w_layout_element   rad-widget\">\n\n\t<div class=\"toggle-inner-wrap\">\n\t\t\n\n\t\t<div class=\" clearfix toggle-style-simple\" itemscope itemtype=\"http:\/\/schema.org\/ItemList\">\n  \t\t\n\t\t\n\t\t <div class='toggle ' itemscope itemtype='http:\/\/schema.org\/Thing'><h4><a href=\"#tg69f0df5ab1888\" class='toggle-title ' itemprop='name'  > <i class='ioa-front-icon  plus-2icon-'><\/i> M\u00e9dico especialista para Villa Mar\u00eda<\/a><\/h4><div id='tg69f0df5ab1888' itemprop='description' class='toggle-body collapse'> Se necesita M\u00e9dico Especialista en Diagn\u00f3stico por Im\u00e1genes para Cl\u00ednica Privada en ciudad de Villa Mar\u00eda.<\/p>\n<p><a href=\"https:\/\/faardit.org.ar\/web\/bolsa_de_trabajo\/medico-especialista-villa-maria-cordoba\/\" target=\"_blank\" rel=\"noopener noreferrer\">Leer m\u00e1s<\/a><\/div> <\/div>\n\t\t\n  \n\t\t<\/div>\n\n\t\n\t<\/div>\n<\/div>\n\n\n<div  data-key=\"rad_toggle_widget\"  id=\"rpwH9PAJC3TVNSIITMJ3NSL5PT0983FRRO3\" class=\" w_full w_layout_element   rad-widget\">\n\n\t<div class=\"toggle-inner-wrap\">\n\t\t\n\n\t\t<div class=\" clearfix toggle-style-simple\" itemscope itemtype=\"http:\/\/schema.org\/ItemList\">\n  \t\t\n\t\t\n\t\t <div class='toggle ' itemscope itemtype='http:\/\/schema.org\/Thing'><h4><a href=\"#tg69f0df5ab1b6f\" class='toggle-title ' itemprop='name'  > <i class='ioa-front-icon  plus-2icon-'><\/i> Importante empresa de salud incorpora m\u00e9dico esp. en diagn\u00f3stico por im\u00e1genes &#8211; Santa Cruz<\/a><\/h4><div id='tg69f0df5ab1b6f' itemprop='description' class='toggle-body collapse'> Orientamos la b\u00fasqueda a M\u00e9dicos con especializaci\u00f3n Diagnostico por Im\u00e1genes \u2013 formaci\u00f3n espec\u00edfica en resonador magn\u00e9tico.<\/p>\n<p><a href=\"https:\/\/faardit.org.ar\/web\/bolsa_de_trabajo\/medico-especialista-calafate\/\" target=\"_blank\" rel=\"noopener noreferrer\">Leer m\u00e1s<\/a><\/div> <\/div>\n\t\t\n  \n\t\t<\/div>\n\n\t\n\t<\/div>\n<\/div>\n\n\n<div  data-key=\"rad_toggle_widget\"  id=\"rpwS9O5P229W41TKQ0268T80X2HNXG8HORM\" class=\" w_full w_layout_element   rad-widget\">\n\n\t<div class=\"toggle-inner-wrap\">\n\t\t\n\n\t\t<div class=\" clearfix toggle-style-simple\" itemscope itemtype=\"http:\/\/schema.org\/ItemList\">\n  \t\t\n\t\t\n\t\t <div class='toggle ' itemscope itemtype='http:\/\/schema.org\/Thing'><h4><a href=\"#tg69f0df5ab1e55\" class='toggle-title ' itemprop='name'  > <i class='ioa-front-icon  plus-2icon-'><\/i> \u00bbBAIMED im\u00e1genes y especialidades m\u00e9dicas\u00bb busca especialistas en diagn\u00f3stico por im\u00e1genes.<\/a><\/h4><div id='tg69f0df5ab1e55' itemprop='description' class='toggle-body collapse'> Es un nuevo centro m\u00e9dico en la zona de Villa Ballester. Necesitamos especialistas en diagn\u00f3stico por im\u00e1genes para desempe\u00f1arse en ecograf\u00eda y tomograf\u00eda computada.<\/p>\n<p><a href=\"https:\/\/faardit.org.ar\/web\/bolsa_de_trabajo\/baimed-imagenes-y-especialidades-medicas-es-un-nuevo-centro-medico-en-la-zona-de-villa-ballester\/\" target=\"_blank\" rel=\"noopener noreferrer\">Leer m\u00e1s<\/a><\/div> <\/div>\n\t\t\n  \n\t\t<\/div>\n\n\t\n\t<\/div>\n<\/div>\n\n\n<div  data-key=\"rad_toggle_widget\"  id=\"rpwJTTJSMQUNIR231D4IKF4FSP8LIB314P8\" class=\" w_full w_layout_element   rad-widget\">\n\n\t<div class=\"toggle-inner-wrap\">\n\t\t\n\n\t\t<div class=\" clearfix toggle-style-simple\" itemscope itemtype=\"http:\/\/schema.org\/ItemList\">\n  \t\t\n\t\t\n\t\t <div class='toggle ' itemscope itemtype='http:\/\/schema.org\/Thing'><h4><a href=\"#tg69f0df5ab212c\" class='toggle-title ' itemprop='name'  > <i class='ioa-front-icon  plus-2icon-'><\/i> Gobierno de la Provincia de San Luis solicita m\u00e9dicos especialistas en diagn\u00f3stico por im\u00e1genes o ecograf\u00edas<\/a><\/h4><div id='tg69f0df5ab212c' itemprop='description' class='toggle-body collapse'> Es para trabajar en el Policl\u00ednico Regional de San Luis.<\/p>\n<p><a href=\"https:\/\/faardit.org.ar\/web\/bolsa_de_trabajo\/gobierno-de-la-provincia-de-san-luis-solicita-medicos-especialistas-en-diagnostico-por-imagenes-o-ecografistas-para-trabajar-en-el-policlinico-regional-de-san-luis-capital-interesados-escribir-a-l\/\" target=\"_blank\" rel=\"noopener noreferrer\">Leer m\u00e1s<\/a><\/div> <\/div>\n\t\t\n  \n\t\t<\/div>\n\n\t\n\t<\/div>\n<\/div>\n\n\n<div  data-key=\"rad_toggle_widget\"  id=\"rpwAL1A88SSWKD5MGAVP4E1HN2R0M6D64YJ\" class=\" w_full w_layout_element   rad-widget\">\n\n\t<div class=\"toggle-inner-wrap\">\n\t\t\n\n\t\t<div class=\" clearfix toggle-style-simple\" itemscope itemtype=\"http:\/\/schema.org\/ItemList\">\n  \t\t\n\t\t\n\t\t <div class='toggle ' itemscope itemtype='http:\/\/schema.org\/Thing'><h4><a href=\"#tg69f0df5ab2439\" class='toggle-title ' itemprop='name'  > <i class='ioa-front-icon  plus-2icon-'><\/i> M\u00e9dico especialista en diagn\u00f3stico por im\u00e1genes<\/a><\/h4><div id='tg69f0df5ab2439' itemprop='description' class='toggle-body collapse'> Se busca M\u00e9dico Especialista en Diagn\u00f3stico por Im\u00e1genes, Hospital de Alta Complejidad Cuenca Alta SAMIC de Ca\u00f1uelas Ruta 6 Km 92.5 para todas las modalidades diagnosticas con carga horaria semanal y cobertura de guardia pasiva a convenir.<\/p>\n<p>MAIL: diagnosticoporimagenes@hospitalcuencaalta.org.ar<\/p>\n<p>Tel Hospital 011 52734700<\/p>\n<p>Contreras Hern\u00e1n<\/div> <\/div>\n\t\t\n  \n\t\t<\/div>\n\n\t\n\t<\/div>\n<\/div>\n\n\n<div  data-key=\"rad_toggle_widget\"  id=\"rpwGWTATW4PCDHA2W19L9C6BHF6RCVXMTTJ\" class=\" w_full w_layout_element   rad-widget\">\n\n\t<div class=\"toggle-inner-wrap\">\n\t\t\n\n\t\t<div class=\" clearfix toggle-style-simple\" itemscope itemtype=\"http:\/\/schema.org\/ItemList\">\n  \t\t\n\t\t\n\t\t <div class='toggle ' itemscope itemtype='http:\/\/schema.org\/Thing'><h4><a href=\"#tg69f0df5ab2724\" class='toggle-title ' itemprop='name'  > <i class='ioa-front-icon  plus-2icon-'><\/i> Residencia en diagn\u00f3stico por im\u00e1genes en ciudad de La Plata<\/a><\/h4><div id='tg69f0df5ab2724' itemprop='description' class='toggle-body collapse'> Se desea incorporar a una m\u00e9dica que haya culminado la residencia para formarla en dicho sector, y luego si le interesa, incorporarse al plantel.<\/p>\n<p>M\u00e1s info <a href=\"https:\/\/faardit.org.ar\/web\/bolsa_de_trabajo\/cargo-de-post-residencia-en-diagnostico-por-imagenes-en-imagenes-mamarias-en-la-ciudad-de-la-plata\/\">aqu\u00ed<\/a><\/div> <\/div>\n\t\t\n  \n\t\t<\/div>\n\n\t\n\t<\/div>\n<\/div>\n\n\t\t\n\t<\/div>\n\n\t\n<\/div>\n\n\t\t\n<div class=\"rad-container  layout_element  one_half last top   clearfix\" id=\"rpcW0LDJ18WWE9V3JFP2FLLS9R705EL9LP2\" data-layout=\"one_half\">\n\t\n\t \t\n\n\t<div class=\"rad-inner-container clearfix\">\n\t \n\n\n<div  data-key=\"rad_text_widget\"  style='-webkit-transition-delay:0s;transition-delay:0s;' id=\"rpwXNH78CEB5W5G91IDVS2KJVD76EAB7YDB\" class=\" w_full w_layout_element  top   rad-widget\">\n\t\n<div class='ioa-text-column none  col-align-left  clearfix'> \n      \n      <div class='ioa-text-area'>\n        <h3 class='text-title'> PROFESIONALES QUE OFRECEN SU SERVICIO<\/h3>\n        \n        \n        \n        \n      <\/div> \n     <\/div>\n<\/div>\n<div  data-key=\"rad_toggle_widget\"  id=\"rpwU14BPA70OJY8SVV3A2IRSIRTNAVK0Q40\" class=\" w_full w_layout_element   rad-widget\">\n\n\t<div class=\"toggle-inner-wrap\">\n\t\t\n\n\t\t<div class=\" clearfix toggle-style-simple\" itemscope itemtype=\"http:\/\/schema.org\/ItemList\">\n  \t\t\n\t\t\n\t\t <div class='toggle ' itemscope itemtype='http:\/\/schema.org\/Thing'><h4><a href=\"#tg69f0df5ab2ff5\" class='toggle-title ' itemprop='name'  > <i class='ioa-front-icon  plus-2icon-'><\/i> Lic. Virginia Sosa<\/a><\/h4><div id='tg69f0df5ab2ff5' itemprop='description' class='toggle-body collapse'> Ingrese al CV desde <a href=\"https:\/\/faardit.org.ar\/web\/wp-content\/uploads\/2018\/03\/cv.pdf\" target=\"_blank\" rel=\"noopener noreferrer\">aqu\u00ed<\/a><\/div> <\/div>\n\t\t\n  \n\t\t<\/div>\n\n\t\n\t<\/div>\n<\/div>\n\n\n<div  data-key=\"rad_toggle_widget\"  id=\"rpwDQ2TR51LN1JXG5OB82P2DCX2UM5MEQNJ\" class=\" w_full w_layout_element   rad-widget\">\n\n\t<div class=\"toggle-inner-wrap\">\n\t\t\n\n\t\t<div class=\" clearfix toggle-style-simple\" itemscope itemtype=\"http:\/\/schema.org\/ItemList\">\n  \t\t\n\t\t\n\t\t <div class='toggle ' itemscope itemtype='http:\/\/schema.org\/Thing'><h4><a href=\"#tg69f0df5ab32b4\" class='toggle-title ' itemprop='name'  > <i class='ioa-front-icon  plus-2icon-'><\/i> T\u00e9c. Gisel Del Rosario Casanovas<\/a><\/h4><div id='tg69f0df5ab32b4' itemprop='description' class='toggle-body collapse'> <a href=\"https:\/\/faardit.org.ar\/web\/bolsa_de_trabajo\/tec-casanovas\/\" target=\"_blank\" rel=\"noopener noreferrer\">M\u00e1s informaci\u00f3n<\/a><\/div> <\/div>\n\t\t\n  \n\t\t<\/div>\n\n\t\n\t<\/div>\n<\/div>\n\n\n<div  data-key=\"rad_toggle_widget\"  id=\"rpwEQIVPPDEHV0OGUB58N8HBK5YGO7COV90\" class=\" w_full w_layout_element   rad-widget\">\n\n\t<div class=\"toggle-inner-wrap\">\n\t\t\n\n\t\t<div class=\" clearfix toggle-style-simple\" itemscope itemtype=\"http:\/\/schema.org\/ItemList\">\n  \t\t\n\t\t\n\t\t <div class='toggle ' itemscope itemtype='http:\/\/schema.org\/Thing'><h4><a href=\"#tg69f0df5ab356b\" class='toggle-title ' itemprop='name'  > <i class='ioa-front-icon  plus-2icon-'><\/i> Lic. Victoria Monserrat Nu\u00f1ez Aragunde<\/a><\/h4><div id='tg69f0df5ab356b' itemprop='description' class='toggle-body collapse'> <a href=\"https:\/\/faardit.org.ar\/web\/bolsa_de_trabajo\/licenciada-monserrat-nunez-aragunde\/\" target=\"_blank\" rel=\"noopener noreferrer\">Aqu\u00ed mas info<\/a><\/div> <\/div>\n\t\t\n  \n\t\t<\/div>\n\n\t\n\t<\/div>\n<\/div>\n\n\n<div  data-key=\"rad_toggle_widget\"  id=\"rpwYVG0BF52UM0N2OD9FST4H28L0THTK27W\" class=\" w_full w_layout_element   rad-widget\">\n\n\t<div class=\"toggle-inner-wrap\">\n\t\t\n\n\t\t<div class=\" clearfix toggle-style-simple\" itemscope itemtype=\"http:\/\/schema.org\/ItemList\">\n  \t\t\n\t\t\n\t\t <div class='toggle ' itemscope itemtype='http:\/\/schema.org\/Thing'><h4><a href=\"#tg69f0df5ab3828\" class='toggle-title ' itemprop='name'  > <i class='ioa-front-icon  plus-2icon-'><\/i> Tec. Ana Sof\u00eda Medina<\/a><\/h4><div id='tg69f0df5ab3828' itemprop='description' class='toggle-body collapse'> I<a href=\"https:\/\/faardit.org.ar\/web\/bolsa_de_trabajo\/tec-ana-sofia-medica\/\" target=\"_blank\" rel=\"noopener noreferrer\">Ingresar para ver CV<\/a><\/div> <\/div>\n\t\t\n  \n\t\t<\/div>\n\n\t\n\t<\/div>\n<\/div>\n\n\n<div  data-key=\"rad_toggle_widget\"  id=\"rpwKI23WL75CSF6O2OFKM79AMYOXYILR1VN\" class=\" w_full w_layout_element   rad-widget\">\n\n\t<div class=\"toggle-inner-wrap\">\n\t\t\n\n\t\t<div class=\" clearfix toggle-style-simple\" itemscope itemtype=\"http:\/\/schema.org\/ItemList\">\n  \t\t\n\t\t\n\t\t <div class='toggle ' itemscope itemtype='http:\/\/schema.org\/Thing'><h4><a href=\"#tg69f0df5ab3ae4\" class='toggle-title ' itemprop='name'  > <i class='ioa-front-icon  plus-2icon-'><\/i> M\u00e9dica Roc\u00edo Marcela Asenjo<\/a><\/h4><div id='tg69f0df5ab3ae4' itemprop='description' class='toggle-body collapse'> <a href=\"https:\/\/faardit.org.ar\/web\/bolsa_de_trabajo\/med-asenjo\/\">Ver\/Descargar CV<\/a><\/div> <\/div>\n\t\t\n  \n\t\t<\/div>\n\n\t\n\t<\/div>\n<\/div>\n\n\n<div  data-key=\"rad_toggle_widget\"  id=\"rpwNIKF1Q1JQXBLDHXV16A0JHYR4UMAN4FB\" class=\" w_full w_layout_element   rad-widget\">\n\n\t<div class=\"toggle-inner-wrap\">\n\t\t\n\n\t\t<div class=\" clearfix toggle-style-simple\" itemscope itemtype=\"http:\/\/schema.org\/ItemList\">\n  \t\t\n\t\t\n\t\t <div class='toggle ' itemscope itemtype='http:\/\/schema.org\/Thing'><h4><a href=\"#tg69f0df5ab3da2\" class='toggle-title ' itemprop='name'  > <i class='ioa-front-icon  plus-2icon-'><\/i> Tec. Melina D\u00e1vice<\/a><\/h4><div id='tg69f0df5ab3da2' itemprop='description' class='toggle-body collapse'> <a href=\"https:\/\/faardit.org.ar\/web\/bolsa_de_trabajo\/tec-davice\/\" target=\"_blank\" rel=\"noopener noreferrer\">Ver Curr\u00edculum Vitae<\/a><\/div> <\/div>\n\t\t\n  \n\t\t<\/div>\n\n\t\n\t<\/div>\n<\/div>\n\n\t\t\n\t<\/div>\n\n\t\n<\/div>\n\n\t\t\t\n\t\n\t<\/div>\n\n\t\t\n\n\t\t<\/div>\n<\/div>\t\n\n<\/p>\n","protected":false},"excerpt":{"rendered":"","protected":false},"author":1,"featured_media":0,"parent":40,"menu_order":0,"comment_status":"open","ping_status":"closed","template":"","meta":[],"_links":{"self":[{"href":"https:\/\/faardit.org.ar\/web\/wp-json\/wp\/v2\/pages\/241"}],"collection":[{"href":"https:\/\/faardit.org.ar\/web\/wp-json\/wp\/v2\/pages"}],"about":[{"href":"https:\/\/faardit.org.ar\/web\/wp-json\/wp\/v2\/types\/page"}],"author":[{"embeddable":true,"href":"https:\/\/faardit.org.ar\/web\/wp-json\/wp\/v2\/users\/1"}],"replies":[{"embeddable":true,"href":"https:\/\/faardit.org.ar\/web\/wp-json\/wp\/v2\/comments?post=241"}],"version-history":[{"count":11,"href":"https:\/\/faardit.org.ar\/web\/wp-json\/wp\/v2\/pages\/241\/revisions"}],"predecessor-version":[{"id":3168,"href":"https:\/\/faardit.org.ar\/web\/wp-json\/wp\/v2\/pages\/241\/revisions\/3168"}],"up":[{"embeddable":true,"href":"https:\/\/faardit.org.ar\/web\/wp-json\/wp\/v2\/pages\/40"}],"wp:attachment":[{"href":"https:\/\/faardit.org.ar\/web\/wp-json\/wp\/v2\/media?parent=241"}],"curies":[{"name":"wp","href":"https:\/\/api.w.org\/{rel}","templated":true}]}}