{"id":5404,"date":"2022-01-21T18:36:04","date_gmt":"2022-01-21T18:36:04","guid":{"rendered":"https:\/\/faardit.org.ar\/web\/?page_id=5404"},"modified":"2024-05-24T16:04:25","modified_gmt":"2024-05-24T16:04:25","slug":"profesores-torax","status":"publish","type":"page","link":"https:\/\/faardit.org.ar\/web\/profesores-torax\/","title":{"rendered":"Profesores &#8211; T\u00f3rax"},"content":{"rendered":"<p><div class=\"page-section  clearfix first-section\" style=\"z-index:1\" id='rpsSM2CEQE7AF6M267TF1KK4NQFFT5UXU0Q' data-exheight='0' >\n\t\n\t<div class=\"section-inner-wrap\">\n\n\t\t\n\n\n\t\t\t\n\n\t<div class=\"skeleton section-content auto_align clearfix\" data-width=\"Contained\">\n\t\t\n\t\t\t\t\t\n<div class=\"rad-container  layout_element  full last first  top   clearfix\" id=\"rpcRT73GICXAJC2OMYW8TU2I6F45XSXU0OC\" data-layout=\"full\">\n\t\n\t \t\n\n\t<div class=\"rad-inner-container clearfix\">\n\t \n\n\n<div  data-key=\"rad_text_widget\"  style='-webkit-transition-delay:0s;transition-delay:0s;' id=\"rpwHGTS8I8T8SQMQOIW0W9G23QVI6VTC3OK\" class=\" w_full w_layout_element  top  widget-animate widget-animate-fade-top  rad-widget\">\n\t\n<div class='ioa-text-column centered  col-align-center  clearfix'> \n      <div class='ioa-icon-area' style='margin-top:0'> <img src='https:\/\/faardit.org.ar\/web\/wp-content\/uploads\/2024\/01\/Torax-Ene24@2x.png' alt='text icon'\/>  <\/div>\n      <div class='ioa-text-area'>\n        <h3 class='text-title'>T\u00f3rax<\/h3>\n        \n        \n        \n        \n      <\/div> \n     <\/div>\n<\/div>\n<div  data-key=\"rad_divider_widget\"  id=\"rpwRLLMHOVD7PKS9XIG7TNUYVE8SCWH4VIQ\" class=\" w_full w_layout_element   rad-widget\" style=\"padding:\">\n\t<div class=\"divider line\"  >\n\t\t\t\t\t\t\t\t\t<\/div>\n<\/div>\n\n\t\t\n\t<\/div>\n\n\t\n<\/div>\n\n\t\t\t\n\t\n\t<\/div>\n\n\t\t\n\n\t\t<\/div>\n<\/div>\t\n\n<div class=\"page-section  clearfix \" style=\"z-index:2\" id='rpsP6UPGNFNSIX4QJPG1YV6XHCXLCIV9V73' data-exheight='0' >\n\t\n\t<div class=\"section-inner-wrap\">\n\n\t\t\n\n\n\t\t\t\n\n\t<div class=\"skeleton section-content auto_align clearfix\" data-width=\"Contained\">\n\t\t\n\t\t\t\t\t\n<div class=\"rad-container  layout_element  one_third first  top   clearfix\" id=\"rpcKLOVHWEJ82TPJ0N5YAQ58OPNJ06O23LR\" data-layout=\"one_third\">\n\t\n\t \t\n\n\t<div class=\"rad-inner-container clearfix\">\n\t \n\n\n<div  data-key=\"rad_text_widget\"  style='-webkit-transition-delay:0s;transition-delay:0s;' id=\"rpwVI5XKPO6SRJD7TQ35CDBCVTD7ALUKPA6\" class=\" w_full w_layout_element  top   rad-widget\">\n\t\n<div class='ioa-text-column none  col-align-left  clearfix'> \n      \n      <div class='ioa-text-area'>\n        <h3 class='text-title'>Dr. Vasco Galvez<\/h3>\n        \n        \n        \n        \n      <\/div> \n     <\/div>\n<\/div>\n<div  data-key=\"rad_image_widget\"  id=\"rpwR5EDUR87T2J34NVL94LO75B4MTU578HO\" class=\" w_full w_layout_element   rad-widget\">\n\t<div class=\"image-inner-wrap image-stretched \">\n\t\t\t\t\n\t\t<div  class=' hover-item  image-align-none' itemscope itemprop='http:\/\/schema.org\/ImageObject'>   <img itemprop='image'   alt=\"\" title=\"Dr. Vasco G\u00e1lvez\"  class='' src='https:\/\/faardit.org.ar\/web\/wp-content\/uploads\/2023\/12\/Dr.-Vasco-Galvez-333x333.jpg'     \/>  <\/div>\t\t\t\t\t<\/div>\n<\/div>\n\t\t\n\t<\/div>\n\n\t\n<\/div>\n\n\t\t\n<div class=\"rad-container  layout_element  two_third last top   clearfix\" id=\"rpcXKD84UOVV6I7SBEXKNVSW8QM7BWKEMJU\" data-layout=\"two_third\">\n\t\n\t \t\n\n\t<div class=\"rad-inner-container clearfix\">\n\t \n\n\n<div  data-key=\"rad_text_widget\"  style='-webkit-transition-delay:0s;transition-delay:0s;' id=\"rpwVY1B3UP640JPRA2REO8QIPWQ3OQ6WP45\" class=\" w_full w_layout_element  top   rad-widget\">\n\t\n<div class='ioa-text-column none  col-align-left  clearfix'> \n      \n      <div class='ioa-text-area'>\n        <h3 class='text-title'> <\/h3>\n        \n        \n        \n        \n      <\/div> \n     <\/div>\n<\/div> \n\n\n<div  data-key=\"rad_text_widget\"  style='-webkit-transition-delay:0s;transition-delay:0s;' id=\"rpwI0SB8SOVITOEKSH5BKAP6WT2VXN3747Q\" class=\" w_full w_layout_element   rad-widget\">\n\t\n<div class='ioa-text-column none  col-align-left  clearfix'> \n      \n      <div class='ioa-text-area'>\n        <h3 class='text-title'> <\/h3>\n        \n        \n        \n        \n      <\/div> \n     <\/div>\n<\/div>\n<div  data-key=\"rad_toggle_widget\"  id=\"rpwYKKLWGD7JBKVQV1POXE7GUHVKBMHDT95\" class=\" w_full w_layout_element   rad-widget\">\n\n\t<div class=\"toggle-inner-wrap\">\n\t\t\n\n\t\t<div class=\" clearfix toggle-style-simple\" itemscope itemtype=\"http:\/\/schema.org\/ItemList\">\n  \t\t\n\t\t\n\t\t <div class='toggle ' itemscope itemtype='http:\/\/schema.org\/Thing'><h4><a href=\"#tg69f46a0208ee2\" class='toggle-title ' itemprop='name'  > <i class='ioa-front-icon  plus-2icon-'><\/i> BREVE BIO<\/a><\/h4><div id='tg69f46a0208ee2' itemprop='description' class='toggle-body collapse'>\n<ul>\n<li><span style=\"color: #000000;\">M\u00e9dico. Facultad de Medicina Universidad Cat\u00f3lica de C\u00f3rdoba (1994).<\/span><\/li>\n<li><span style=\"color: #000000;\">Residencia M\u00e9dica en Diagn\u00f3stico por Im\u00e1genes en Sanatorio Allende de C\u00f3rdoba (1995-1998).<\/span><\/li>\n<li><span style=\"color: #000000;\">M\u00e9dico Especialista en Diagn\u00f3stico por Im\u00e1genes. Consejo de M\u00e9dicos de la Provincia de C\u00f3rdoba (1998).<\/span><\/li>\n<li><span style=\"color: #000000;\">Becario del College de Medecine de Paris, en el Servicio de Radiolog\u00eda Diagnostica e Intervencionista del Groupe Hospitaliere de la Pitie-Salpetriere. Paris (1998-2000).<\/span><\/li>\n<li><span style=\"color: #000000;\">Secretario de FAARDIT (2019-2022)<\/span><\/li>\n<li><span style=\"color: #000000;\">Presidente Electo de FAARDIT (2022-2024)<\/span><\/li>\n<li><span style=\"color: #000000;\">Revisor de la Revista Argentina de Radiolog\u00eda<\/span><\/li>\n<li><span style=\"color: #000000;\">Ex Editor Asociado de Revista Argentina de Radiolog\u00eda<\/span><\/li>\n<li><span style=\"color: #000000;\">Integrante del comit\u00e9 consultor Nacional, secci\u00f3n T\u00f3rax de la Revista Argentina de Radiolog\u00eda.<\/span><\/li>\n<li><span style=\"color: #000000;\">Presidente del Comit\u00e9 Organizador del Congreso Argentino de Diagn\u00f3stico por Im\u00e1genes 2022.<\/span><\/li>\n<li><span style=\"color: #000000;\">Coordinador del Congreso Argentino de Diagn\u00f3stico por Im\u00e1genes 2023.<\/span><\/li>\n<li><span style=\"color: #000000;\">Docente del curso Universitario de Diagn\u00f3stico por Im\u00e1genes de la FAARDIT y Universidad FASTA.<\/span><\/li>\n<li><span style=\"color: #000000;\">Jefe Servicio de Diagn\u00f3stico por Im\u00e1genes de Imagen Clara SRL (Salta).<\/span><\/li>\n<li><span style=\"color: #000000;\">Disertante en m\u00faltiples Congresos nacionales e internacionales<\/span><\/li>\n<\/ul>\n<\/div> <\/div> <div class='toggle ' itemscope itemtype='http:\/\/schema.org\/Thing'><h4><a href=\"#tg69f46a020931a\" class='toggle-title ' itemprop='name'  > <i class='ioa-front-icon  plus-2icon-'><\/i> CLASES<\/a><\/h4><div id='tg69f46a020931a' itemprop='description' class='toggle-body collapse'>\n<p><span style=\"color: #000000;\">Enfermedad de la peque\u00f1a v\u00eda a\u00e9rea.<\/span><\/p>\n<p><span style=\"color: #000000;\">Actualizaci\u00f3n e interpretaci\u00f3n imagenol\u00f3gica en TBC pulmonar.<\/span><\/p>\n<p><span style=\"color: #000000;\">Bronquiectasias: Interpretaci\u00f3n imagenol\u00f3gica.<\/span><\/p>\n<p><span style=\"color: #000000;\">Semiolog\u00eda tomogr\u00e1fica en Enfermedades Pulmonares Difusas.<\/span><\/p>\n<p><span style=\"color: #000000;\">Vidrio esmerilado: un desaf\u00edo diagn\u00f3stico<\/span><\/p>\n<p><span style=\"color: #000000;\">Patr\u00f3n en empedrado. Interpretaci\u00f3n imagenol\u00f3gica.<\/span><\/p>\n<p><span style=\"color: #000000;\">Bases de la semiolog\u00eda tomogr\u00e1fica del patr\u00f3n en mosaico.<\/span><\/p>\n<p><span style=\"color: #000000;\">Patr\u00f3n en mosaico de causa ventilatoria.<\/span><\/p>\n<p><span style=\"color: #000000;\">Patr\u00f3n en mosaico de causa circulatoria.<\/span><\/p>\n<p><span style=\"color: #000000;\">Engrosmiento septal y patr\u00f3n en empedrado.<\/span><\/p>\n<p><span style=\"color: #000000;\">Manifestaciones Pulmonares de las Enfermedades del Tejido Conectivo.<\/span><\/p>\n<p><span style=\"color: #000000;\">Enfermedades Intersticiales relacionadas con el Tabaquismo.<\/span><\/p>\n<p><span style=\"color: #000000;\">Enfermedad qu\u00edstica pulmonar.<\/span><\/p>\n<p><span style=\"color: #000000;\">Enfermedad pulmonar micronodular.<\/span><\/p>\n<p><span style=\"color: #000000;\">Enfermedades pulmonares fibrosantes: que debemos informar.<\/span><\/p>\n<p><span style=\"color: #000000;\">Neumon\u00eda Intersticial Inespec\u00edfica. Formas de presentaci\u00f3n.<\/span><\/p>\n<p><span style=\"color: #000000;\">Criterios tomogr\u00e1ficos de Neumon\u00eda Intersticial Usual.<\/span><\/p>\n<p><span style=\"color: #000000;\">Neumon\u00eda Organizada. Formas de presentaci\u00f3n.<\/span><\/p>\n<p><span style=\"color: #000000;\">Actualizaci\u00f3n en Neumonitis por hipersensibilidad<\/span><\/p>\n<p><span style=\"color: #000000;\">Patolog\u00eda pleural. Utilidad de las im\u00e1genes.<\/span><\/p>\n<\/div> <\/div>\n\t\t\n  \n\t\t<\/div>\n\n\t\n\t<\/div>\n<\/div>\n\n\t\t\n\t<\/div>\n\n\t\n<\/div>\n\n\t\t\n<div class=\"rad-container  layout_element  one_third first   clearfix\" id=\"rpcX5DPSMV0NB23FQJSJRVG6GUK980868PP\" data-layout=\"one_third\">\n\t<span class=\"vline\" style='-webkit-transition-delay:350ms;transition-delay:350ms;'><\/span>\n\t \t\n\n\t<div class=\"rad-inner-container clearfix\">\n\t \n\n\n<div  data-key=\"rad_text_widget\"  style='-webkit-transition-delay:0s;transition-delay:0s;' id=\"rpwQP5RAU9B5R4W3OXAWURNQMBN1PCBHLJF\" class=\" w_full w_layout_element  top   rad-widget\">\n\t\n<div class='ioa-text-column none  col-align-left  clearfix'> \n      \n      <div class='ioa-text-area'>\n        <h3 class='text-title'>Dr. Alberto Marangoni<\/h3>\n        \n        \n        \n        \n      <\/div> \n     <\/div>\n<\/div>\n<div  data-key=\"rad_image_widget\"  id=\"rpwKY1P7WD36IBLIT171X7YFOY9NC000NX9\" class=\" w_full w_layout_element   rad-widget\">\n\t<div class=\"image-inner-wrap image-stretched \">\n\t\t\t\t\n\t\t<div  class=' hover-item  image-align-none' itemscope itemprop='http:\/\/schema.org\/ImageObject'>   <img itemprop='image'   alt=\"\" title=\"4 images (1) (1)\"  class='' src='https:\/\/faardit.org.ar\/web\/wp-content\/uploads\/2021\/08\/4-images-1-1-225x225.jpg'     \/>  <\/div>\t\t\t\t\t<\/div>\n<\/div>\n\t\t\n\t<\/div>\n\n\t\n<\/div>\n\n\t\t\n<div class=\"rad-container  layout_element  two_third last  clearfix\" id=\"rpcKOICDL03GL7TJ7N33J4PICRC5383W9KX\" data-layout=\"two_third\">\n\t<span class=\"vline\" style='-webkit-transition-delay:700ms;transition-delay:700ms;'><\/span>\n\t \t\n\n\t<div class=\"rad-inner-container clearfix\">\n\t \n\n\n<div  data-key=\"rad_text_widget\"  style='-webkit-transition-delay:0s;transition-delay:0s;' id=\"rpwGAFIK0BSXTT8B8U4X4S4JCRM00OLB65G\" class=\" w_full w_layout_element  top   rad-widget\">\n\t\n<div class='ioa-text-column none  col-align-left  clearfix'> \n      \n      <div class='ioa-text-area'>\n        <h3 class='text-title'> <\/h3>\n        \n        \n        \n        \n      <\/div> \n     <\/div>\n<\/div> \n\n\n<div  data-key=\"rad_text_widget\"  style='-webkit-transition-delay:0s;transition-delay:0s;' id=\"rpwBT4O5WG2LCTMQ43M0J3FMCWDBA8EIJFY\" class=\" w_full w_layout_element   rad-widget\">\n\t\n<div class='ioa-text-column none  col-align-left  clearfix'> \n      \n      <div class='ioa-text-area'>\n        <h3 class='text-title'> <\/h3>\n        \n        \n        \n        \n      <\/div> \n     <\/div>\n<\/div>\n<div  data-key=\"rad_toggle_widget\"  id=\"rpwMCGMFQ2AKIO5NT66ML6GAF9IRKFCC90E\" class=\" w_full w_layout_element   rad-widget\">\n\n\t<div class=\"toggle-inner-wrap\">\n\t\t\n\n\t\t<div class=\" clearfix toggle-style-simple\" itemscope itemtype=\"http:\/\/schema.org\/ItemList\">\n  \t\t\n\t\t\n\t\t <div class='toggle ' itemscope itemtype='http:\/\/schema.org\/Thing'><h4><a href=\"#tg69f46a020abf0\" class='toggle-title ' itemprop='name'  > <i class='ioa-front-icon  plus-2icon-'><\/i> BREVE BIO<\/a><\/h4><div id='tg69f46a020abf0' itemprop='description' class='toggle-body collapse'>\n<p><span style=\"color: #000000;\">\u2022 Jefe del Servicio de Diagn\u00f3stico por Im\u00e1genes. Sanatorio Allende, C\u00f3rdoba, Argentina.<\/span><br \/><span style=\"color: #000000;\">\u2022 Profesor Adjunto de la C\u00e1tedra de Diagn\u00f3stico por Im\u00e1genes de la Facultad de Medicina de la<\/span><br \/><span style=\"color: #000000;\">Universidad Cat\u00f3lica de C\u00f3rdoba.<\/span><br \/><span style=\"color: #000000;\">\u2022 Profesor de Pos Grado de Diagn\u00f3stico por Im\u00e1genes de la Universidad Cat\u00f3lica de C\u00f3rdoba y<\/span><br \/><span style=\"color: #000000;\">de la Universidad Nacional de C\u00f3rdoba.<\/span><br \/><span style=\"color: #000000;\">\u2022 Miembro del Comit\u00e9 de Capacitaci\u00f3n y Docencia del Sanatorio Allende.<\/span><\/p>\n<h5 style=\"text-align: left;\"><a href=\"https:\/\/faardit.org.ar\/web\/wp-content\/uploads\/2021\/08\/AlbertoMarangoniCVFAARDIT.pdf\"><strong>DESCARGAR CV<\/strong><\/a><\/h5>\n<\/div> <\/div> <div class='toggle ' itemscope itemtype='http:\/\/schema.org\/Thing'><h4><a href=\"#tg69f46a020af87\" class='toggle-title ' itemprop='name'  > <i class='ioa-front-icon  plus-2icon-'><\/i> CLASES<\/a><\/h4><div id='tg69f46a020af87' itemprop='description' class='toggle-body collapse'>\n<ol>\n<li><span style=\"color: #000000;\">T\u00f3rax Normal. Segmentaci\u00f3n y Variantes Anat\u00f3micas. Rx y TC.<\/span><\/li>\n<li><span style=\"color: #000000;\">Los Caminos Patol\u00f3gicos de la Peque\u00f1a V\u00eda A\u00e9rea en el Diagn\u00f3stico por Im\u00e1genes.<\/span><\/li>\n<li><span style=\"color: #000000;\">Clasificaci\u00f3n, TNM y Aspectos Gen\u00f3micos Actuales del C\u00e1ncer de Pulm\u00f3n.<\/span><\/li>\n<li><span style=\"color: #000000;\">El N\u00f3dulo Pulmonar y el Lung-RADS.<\/span><\/li>\n<li><span style=\"color: #000000;\">\u00bfC\u00f3mo entender al Pulm\u00f3n y al Intersticio en la TCAR?\u2026 \u00a1Y no morir en el intento!<\/span><\/li>\n<li><span style=\"color: #000000;\">FIP, NINE y NOC. Las 3 Intersticiopat\u00edas m\u00e1s Frecuentes. Aportes de Signos y Patrones para su Mejor Comprensi\u00f3n y Diagn\u00f3stico.<\/span><\/li>\n<li><span style=\"color: #000000;\">Intersticiopat\u00edas Relacionadas con Enfermedades Laborales.<\/span><\/li>\n<li><span style=\"color: #000000;\">La Pleura Normal y Patol\u00f3gica. Claves para el Diagn\u00f3stico por Im\u00e1genes.<\/span><\/li>\n<li><span style=\"color: #000000;\">El Mediastino y sus compartimientos. Localizaci\u00f3n de la Patolog\u00eda m\u00e1s Frecuente.<\/span><\/li>\n<li><span style=\"color: #000000;\">Patolog\u00eda Qu\u00edstica Pulmonar y sus Diagn\u00f3sticos Diferenciales. Casos.<\/span><\/li>\n<li><span style=\"color: #000000;\">Casos Pulmonares para el Razonamiento y la Disquisici\u00f3n Diagn\u00f3stica Final.<\/span><\/li>\n<li><span style=\"color: #000000;\">Etiolog\u00eda, Clasificaci\u00f3n y Signos en Im\u00e1genes.<\/span><\/li>\n<li><span style=\"color: #000000;\">Estudio de las Met\u00e1stasis Pulmonares. Caracter\u00edsticas Espec\u00edficas que Aportan Ayuda Diagn\u00f3stica Etiol\u00f3gica.<\/span><\/li>\n<li><span style=\"color: #000000;\">Estudio con TC Multicorte Helicoidal de la Hipertensi\u00f3n Pulmonar.<\/span><\/li>\n<li><span style=\"color: #000000;\">Punci\u00f3n Biopsia Percut\u00e1nea de Lesiones Pulmonares. T\u00e9cnica y Hallazgos.<\/span><\/li>\n<\/ol>\n<\/div> <\/div>\n\t\t\n  \n\t\t<\/div>\n\n\t\n\t<\/div>\n<\/div>\n\n\t\t\n\t<\/div>\n\n\t\n<\/div>\n\n\t\t\t\n\t\n\t<\/div>\n\n\t\t\n\n\t\t<\/div>\n<\/div>\t\n\n<div class=\"page-section  clearfix \" style=\"z-index:3\" id='rpsKI01JWVP0S1YL9MCRIKPLSGXU5VQYOVE' data-exheight='0' >\n\t\n\t<div class=\"section-inner-wrap\">\n\n\t\t\n\n\n\t\t\t\n\n\t<div class=\"skeleton section-content auto_align clearfix\" data-width=\"Contained\">\n\t\t\n\t\t\t\t\t\n<div class=\"rad-container  layout_element  one_third first  top   clearfix\" id=\"rpcM0OJ2UJTIHIRS1Y5NFAQP6JNFDRR84DG\" data-layout=\"one_third\">\n\t\n\t \t\n\n\t<div class=\"rad-inner-container clearfix\">\n\t \n\n\n<div  data-key=\"rad_text_widget\"  style='-webkit-transition-delay:0s;transition-delay:0s;' id=\"rpwWTTNR2MBJSXA4E0BE9IM4CRGW9V92EG6\" class=\" w_full w_layout_element  top   rad-widget\">\n\t\n<div class='ioa-text-column none  col-align-left  clearfix'> \n      \n      <div class='ioa-text-area'>\n        <h3 class='text-title'>Dr. Bruno Franceschini<\/h3>\n        \n        \n        \n        \n      <\/div> \n     <\/div>\n<\/div>\n<div  data-key=\"rad_image_widget\"  id=\"rpwOD1JAOFBQG34LKP6W4P8KSH07C1PDA3G\" class=\" w_full w_layout_element   rad-widget\">\n\t<div class=\"image-inner-wrap image-stretched \">\n\t\t\t\t\n\t\t<div  class=' hover-item  image-align-none' itemscope itemprop='http:\/\/schema.org\/ImageObject'>   <img itemprop='image'   alt=\"\" title=\"BrunoFranceschini\"  class='' src='https:\/\/faardit.org.ar\/web\/wp-content\/uploads\/2021\/08\/BrunoFranceschini-333x333.jpg'     \/>  <\/div>\t\t\t\t\t<\/div>\n<\/div>\n\t\t\n\t<\/div>\n\n\t\n<\/div>\n\n\t\t\n<div class=\"rad-container  layout_element  two_third last top   clearfix\" id=\"rpcPK943IB1OSGMT1YSE3J1PX8QBRYL606Q\" data-layout=\"two_third\">\n\t\n\t \t\n\n\t<div class=\"rad-inner-container clearfix\">\n\t \n\n\n<div  data-key=\"rad_text_widget\"  style='-webkit-transition-delay:0s;transition-delay:0s;' id=\"rpwDKGF51PR9FH9YMK5CGWB2TL8ODQ6PWV8\" class=\" w_full w_layout_element  top   rad-widget\">\n\t\n<div class='ioa-text-column none  col-align-left  clearfix'> \n      \n      <div class='ioa-text-area'>\n        <h3 class='text-title'> <\/h3>\n        \n        \n        \n        \n      <\/div> \n     <\/div>\n<\/div> \n\n\n<div  data-key=\"rad_text_widget\"  style='-webkit-transition-delay:0s;transition-delay:0s;' id=\"rpwH8CEO8R60OLF52JRDLVWBXH6KUKPAPB7\" class=\" w_full w_layout_element   rad-widget\">\n\t\n<div class='ioa-text-column none  col-align-left  clearfix'> \n      \n      <div class='ioa-text-area'>\n        <h3 class='text-title'> <\/h3>\n        \n        \n        \n        \n      <\/div> \n     <\/div>\n<\/div>\n<div  data-key=\"rad_toggle_widget\"  id=\"rpwS6F4KEA1NWNG3AJCXD9F18O4TDSHGDG7\" class=\" w_full w_layout_element   rad-widget\">\n\n\t<div class=\"toggle-inner-wrap\">\n\t\t\n\n\t\t<div class=\" clearfix toggle-style-simple\" itemscope itemtype=\"http:\/\/schema.org\/ItemList\">\n  \t\t\n\t\t\n\t\t <div class='toggle ' itemscope itemtype='http:\/\/schema.org\/Thing'><h4><a href=\"#tg69f46a020cd91\" class='toggle-title ' itemprop='name'  > <i class='ioa-front-icon  plus-2icon-'><\/i> BREVE BIO<\/a><\/h4><div id='tg69f46a020cd91' itemprop='description' class='toggle-body collapse'>\n<p><span style=\"color: #000000;\">\u2022 Instituto Conci Carpinella &#8211; Ciudad de C\u00f3rdoba.<\/span><\/p>\n<p><span style=\"color: #000000;\">\u2022 Integrante del Comit\u00e9 Cient\u00edfico del 49 Congreso Argentino de Medicina Respiratoria<\/span><\/p>\n<h5 style=\"text-align: left;\"><a href=\"https:\/\/faardit.org.ar\/web\/wp-content\/uploads\/2021\/08\/BrunoFranceschiniCvFaardit.pdf\"><strong>DESCARGAR CV<\/strong><\/a><\/h5>\n<\/div> <\/div> <div class='toggle ' itemscope itemtype='http:\/\/schema.org\/Thing'><h4><a href=\"#tg69f46a020d06a\" class='toggle-title ' itemprop='name'  > <i class='ioa-front-icon  plus-2icon-'><\/i> CLASES<\/a><\/h4><div id='tg69f46a020d06a' itemprop='description' class='toggle-body collapse'>\n<p><span style=\"color: #000000;\">Patolog\u00eda pleural.<\/span><\/p>\n<p><span style=\"color: #000000;\">Rx de T\u00f3rax, normal y patol\u00f3gico.<\/span><\/p>\n<p><span style=\"color: #000000;\">Vidrio Esmerilado<\/span><\/p>\n<p><span style=\"color: #000000;\">Hallazgos imagenol\u00f3gicos sugestivos de enfermedad pulmonar Ocupacional.<\/span><\/p>\n<p><span style=\"color: #000000;\">Hemit\u00f3rax Opaco.<\/span><\/p>\n<p><span style=\"color: #000000;\">Gu\u00edas y Recomendaciones en Covid 19.<\/span><\/p>\n<p><span style=\"color: #000000;\">Im\u00e1genes de Covid19 y de la Covid larga.<\/span><\/p>\n<p><span style=\"color: #000000;\">EPID en Colagenopat\u00edas\u00a0<\/span><\/p>\n<p><span style=\"color: #000000;\">NH Ocupacional.<\/span><\/p>\n<p><span style=\"color: #000000;\">Coniosis y sus diferenciales.<\/span><\/p>\n<p><span style=\"color: #000000;\">Tc de T\u00f3rax en Espiraci\u00f3n. Utilidades.<\/span><\/p>\n<\/div> <\/div>\n\t\t\n  \n\t\t<\/div>\n\n\t\n\t<\/div>\n<\/div>\n\n\t\t\n\t<\/div>\n\n\t\n<\/div>\n\n\t\t\t\n\t\n\t<\/div>\n\n\t\t\n\n\t\t<\/div>\n<\/div>\t\n\n<div class=\"page-section  clearfix \" style=\"z-index:4\" id='rpsOUV86IGV47PXMHXBG9FGCS8637P13KXB' data-exheight='0' >\n\t\n\t<div class=\"section-inner-wrap\">\n\n\t\t\n\n\n\t\t\t\n\n\t<div class=\"skeleton section-content auto_align clearfix\" data-width=\"Contained\">\n\t\t\n\t\t\t\t\t\n<div class=\"rad-container  layout_element  one_third first  top   clearfix\" id=\"rpcM6JMDDJTQQ0C6PR15W71153CEVCDXBBU\" data-layout=\"one_third\">\n\t\n\t \t\n\n\t<div class=\"rad-inner-container clearfix\">\n\t \n\n\n<div  data-key=\"rad_text_widget\"  style='-webkit-transition-delay:0s;transition-delay:0s;' id=\"rpwQCDRF3EFSTI9605EMFEIMELWHTAAPOO9\" class=\" w_full w_layout_element  top   rad-widget\">\n\t\n<div class='ioa-text-column none  col-align-left  clearfix'> \n      \n      <div class='ioa-text-area'>\n        <h3 class='text-title'>Dr. Carlos Humberto Previgliano<\/h3>\n        \n        \n        \n        \n      <\/div> \n     <\/div>\n<\/div>\n<div  data-key=\"rad_image_widget\"  id=\"rpwCNRJDFVH7ED66K9K2RCBBSP7H64UBCUV\" class=\" w_full w_layout_element   rad-widget\">\n\t<div class=\"image-inner-wrap image-stretched \">\n\t\t\t\t\n\t\t<div  class=' hover-item  image-align-none' itemscope itemprop='http:\/\/schema.org\/ImageObject'>   <img itemprop='image'   alt=\"\" title=\"CarlosPrevigliano\"  class='' src='https:\/\/faardit.org.ar\/web\/wp-content\/uploads\/2021\/08\/CarlosPrevigliano-333x333.jpg'     \/>  <\/div>\t\t\t\t\t<\/div>\n<\/div>\n\t\t\n\t<\/div>\n\n\t\n<\/div>\n\n\t\t\n<div class=\"rad-container  layout_element  two_third last top   clearfix\" id=\"rpcB4FQ3NY8EMD9HRH9U824AM8UN10WFDIH\" data-layout=\"two_third\">\n\t\n\t \t\n\n\t<div class=\"rad-inner-container clearfix\">\n\t \n\n\n<div  data-key=\"rad_text_widget\"  style='-webkit-transition-delay:0s;transition-delay:0s;' id=\"rpwGPJA8LCFHCWN6GJ4T9124EY4KQAPJK1O\" class=\" w_full w_layout_element  top   rad-widget\">\n\t\n<div class='ioa-text-column none  col-align-left  clearfix'> \n      \n      <div class='ioa-text-area'>\n        <h3 class='text-title'> <\/h3>\n        \n        \n        \n        \n      <\/div> \n     <\/div>\n<\/div> \n\n\n<div  data-key=\"rad_text_widget\"  style='-webkit-transition-delay:0s;transition-delay:0s;' id=\"rpwKJ67G4M605JLP565PNCVVG8350MTN2PB\" class=\" w_full w_layout_element   rad-widget\">\n\t\n<div class='ioa-text-column none  col-align-left  clearfix'> \n      \n      <div class='ioa-text-area'>\n        <h3 class='text-title'> <\/h3>\n        \n        \n        \n        \n      <\/div> \n     <\/div>\n<\/div>\n<div  data-key=\"rad_toggle_widget\"  id=\"rpwKX7QJQSXCCCVK5V9HXAWQVX73XB5XRSM\" class=\" w_full w_layout_element   rad-widget\">\n\n\t<div class=\"toggle-inner-wrap\">\n\t\t\n\n\t\t<div class=\" clearfix toggle-style-simple\" itemscope itemtype=\"http:\/\/schema.org\/ItemList\">\n  \t\t\n\t\t\n\t\t <div class='toggle ' itemscope itemtype='http:\/\/schema.org\/Thing'><h4><a href=\"#tg69f46a020eddf\" class='toggle-title ' itemprop='name'  > <i class='ioa-front-icon  plus-2icon-'><\/i> BREVE BIO<\/a><\/h4><div id='tg69f46a020eddf' itemprop='description' class='toggle-body collapse'>\n<p><span style=\"color: #000000;\">\u2022 Louisiana State University Health Sciences Center. Shreveport-Louisiana. USA<\/span><\/p>\n<p><span style=\"color: #000000;\">\u2022 Profesor de Radiologia.\u00a0 Louisiana State University Health Sciences Center. Shreveport, Louisiana. USA.<\/span><\/p>\n<p><span style=\"color: #000000;\">\u2022 Director de Radiolog\u00eda Cardiotoraxica. Louisiana State University Health Sciences Center. Shreveport. Louisiana. USA<\/span><\/p>\n<h5 style=\"text-align: left;\"><a href=\"https:\/\/faardit.org.ar\/web\/wp-content\/uploads\/2021\/08\/CarlosPreviglianoCVFaardit.pdf\"><strong>DESCARGAR CV<\/strong><\/a><\/h5>\n<\/div> <\/div> <div class='toggle ' itemscope itemtype='http:\/\/schema.org\/Thing'><h4><a href=\"#tg69f46a020f2bc\" class='toggle-title ' itemprop='name'  > <i class='ioa-front-icon  plus-2icon-'><\/i> CLASES<\/a><\/h4><div id='tg69f46a020f2bc' itemprop='description' class='toggle-body collapse'>\n<p><span style=\"color: #000000;\">Radiographic anatomy of the thorax<\/span><\/p>\n<p><span style=\"color: #000000;\">Evaluating and reading a chest radiograph Part I<\/span><\/p>\n<p><span style=\"color: #000000;\">Evaluating and reading a chest radiograph Part II<\/span><\/p>\n<p><span style=\"color: #000000;\">Signs in thoracic imaging Part I<\/span><\/p>\n<p><span style=\"color: #000000;\">Signs in thoracic imaging Part II<\/span><\/p>\n<p><span style=\"color: #000000;\">Lateral chest radiograph<\/span><\/p>\n<p><span style=\"color: #000000;\">Radiographic appearance of medical devices<\/span><\/p>\n<p><span style=\"color: #000000;\">Tree-in-bud pattern<\/span><\/p>\n<p><span style=\"color: #000000;\">Crazy-paving pattern<\/span><\/p>\n<p><span style=\"color: #000000;\">Imaging of central airway \u2013 Part 1<\/span><\/p>\n<p><span style=\"color: #000000;\">Imaging of central airway \u2013 Part 2<\/span><\/p>\n<p><span style=\"color: #000000;\">Solitary pulmonary nodule<\/span><\/p>\n<p><span style=\"color: #000000;\">Lung cancer screening \u2013 LungRADS<\/span><\/p>\n<p><span style=\"color: #000000;\">Lung cancer \u2013 Diagnosis and Staging<\/span><\/p>\n<p><span style=\"color: #000000;\">Occupational lung disease<\/span><\/p>\n<p><span style=\"color: #000000;\">Interstitial lung disese<\/span><\/p>\n<p><span style=\"color: #000000;\">Findings you should not miss in chest radiography<\/span><\/p>\n<p><span style=\"color: #000000;\">Radiological findings in pulmonary infections<\/span><\/p>\n<p><span style=\"color: #000000;\">Normal mediastinum anatomy with MDCT correlation<\/span><\/p>\n<p><span style=\"color: #000000;\">Black holes in the lungs<\/span><\/p>\n<p><span style=\"color: #000000;\">Chest wall<\/span><\/p>\n<p><span style=\"color: #000000;\">Fundamentals of Chest CT<\/span><\/p>\n<p><span style=\"color: #000000;\">Alveolar lung disease<\/span><\/p>\n<p><span style=\"color: #000000;\">Mediastinal masses<\/span><\/p>\n<p><span style=\"color: #000000;\">Pleural disease<\/span><\/p>\n<\/div> <\/div>\n\t\t\n  \n\t\t<\/div>\n\n\t\n\t<\/div>\n<\/div>\n\n\t\t\n\t<\/div>\n\n\t\n<\/div>\n\n\t\t\t\n\t\n\t<\/div>\n\n\t\t\n\n\t\t<\/div>\n<\/div>\t\n\n<div class=\"page-section  clearfix \" style=\"z-index:5\" id='rpsRK8RF0605CQNOEQKALF7M9U9DOUOE4AE' data-exheight='0' >\n\t\n\t<div class=\"section-inner-wrap\">\n\n\t\t\n\n\n\t\t\t\n\n\t<div class=\"skeleton section-content auto_align clearfix\" data-width=\"Contained\">\n\t\t\n\t\t\t\t\t\n<div class=\"rad-container  layout_element  one_third first  top   clearfix\" id=\"rpcAFC4QDQQB1YCVFOA68EBTKX4CDBLN1TH\" data-layout=\"one_third\">\n\t\n\t \t\n\n\t<div class=\"rad-inner-container clearfix\">\n\t \n\n\n<div  data-key=\"rad_text_widget\"  style='-webkit-transition-delay:0s;transition-delay:0s;' id=\"rpwCNKBQ9FL47IULYOEHFNHM7Q4VEMJXLFY\" class=\" w_full w_layout_element  top   rad-widget\">\n\t\n<div class='ioa-text-column none  col-align-left  clearfix'> \n      \n      <div class='ioa-text-area'>\n        <h3 class='text-title'>Dr. Luis Esteban Fajre<\/h3>\n        \n        \n        \n        \n      <\/div> \n     <\/div>\n<\/div>\n<div  data-key=\"rad_image_widget\"  id=\"rpwKLX8R0MM6XGEL3B339AIRO2DIFUKCLJQ\" class=\" w_full w_layout_element   rad-widget\">\n\t<div class=\"image-inner-wrap image-stretched \">\n\t\t\t\t\n\t\t<div  class=' hover-item  image-align-none' itemscope itemprop='http:\/\/schema.org\/ImageObject'>   <img itemprop='image'   alt=\"\" title=\"LuisFajre\"  class='' src='https:\/\/faardit.org.ar\/web\/wp-content\/uploads\/2021\/08\/LuisFajre-333x333.jpg'     \/>  <\/div>\t\t\t\t\t<\/div>\n<\/div>\n\t\t\n\t<\/div>\n\n\t\n<\/div>\n\n\t\t\n<div class=\"rad-container  layout_element  two_third last top   clearfix\" id=\"rpcML9324AYMG8PFNG514FWVWXXHWU4QR6V\" data-layout=\"two_third\">\n\t\n\t \t\n\n\t<div class=\"rad-inner-container clearfix\">\n\t \n\n\n<div  data-key=\"rad_text_widget\"  style='-webkit-transition-delay:0s;transition-delay:0s;' id=\"rpwYV6EHNGJE4NV3RO2JFSB2TEHSWWM52XN\" class=\" w_full w_layout_element  top   rad-widget\">\n\t\n<div class='ioa-text-column none  col-align-left  clearfix'> \n      \n      <div class='ioa-text-area'>\n        <h3 class='text-title'> <\/h3>\n        \n        \n        \n        \n      <\/div> \n     <\/div>\n<\/div> \n\n\n<div  data-key=\"rad_text_widget\"  style='-webkit-transition-delay:0s;transition-delay:0s;' id=\"rpwLRA668T17I71ISUJ3BX59CYC33IH211H\" class=\" w_full w_layout_element   rad-widget\">\n\t\n<div class='ioa-text-column none  col-align-left  clearfix'> \n      \n      <div class='ioa-text-area'>\n        <h3 class='text-title'> <\/h3>\n        \n        \n        \n        \n      <\/div> \n     <\/div>\n<\/div>\n<div  data-key=\"rad_toggle_widget\"  id=\"rpwMFAXNR25TGQD9JRL7M2NOW60RRVSH7QJ\" class=\" w_full w_layout_element   rad-widget\">\n\n\t<div class=\"toggle-inner-wrap\">\n\t\t\n\n\t\t<div class=\" clearfix toggle-style-simple\" itemscope itemtype=\"http:\/\/schema.org\/ItemList\">\n  \t\t\n\t\t\n\t\t <div class='toggle ' itemscope itemtype='http:\/\/schema.org\/Thing'><h4><a href=\"#tg69f46a0210fb1\" class='toggle-title ' itemprop='name'  > <i class='ioa-front-icon  plus-2icon-'><\/i> BREVE BIO<\/a><\/h4><div id='tg69f46a0210fb1' itemprop='description' class='toggle-body collapse'>\n<p><span style=\"color: #000000;\">\u2022 Profesor Asociado de Diagnostico por Im\u00e1genes Facultad de Medicina de la Universidad Nacional de Tucum\u00e1n<\/span><\/p>\n<p><span style=\"color: #000000;\">\u2022 Presidente de FAARDIT 2016-2018<\/span><\/p>\n<p><span style=\"color: #000000;\">\u2022 Director Acad\u00e9mico de FAARDIT. Periodo 2016-2020.<\/span><\/p>\n<p><span style=\"color: #000000;\">\u2022 Miembro del Consejo Nacional de Certificaci\u00f3n en Diagn\u00f3stico por Im\u00e1genes. (CONAEDI FAARDIT-SAR)<\/span><\/p>\n<p><span style=\"color: #000000;\">\u2022 Co-Director del Curso Universitario de Diagn\u00f3stico por Im\u00e1genes (Modalidad a Distancia) de la Facultad de Ciencias M\u00e9dicas de la Universidad FASTA y FAARDIT<\/span><\/p>\n<h5 style=\"text-align: left;\"><span style=\"color: #000000;\"><a style=\"color: #000000;\" href=\"https:\/\/faardit.org.ar\/web\/wp-content\/uploads\/2022\/02\/LuisFajreCVFaardit02.pdf\"><strong>DESCARGAR CV<\/strong><\/a><\/span><\/h5>\n<\/div> <\/div> <div class='toggle ' itemscope itemtype='http:\/\/schema.org\/Thing'><h4><a href=\"#tg69f46a0211124\" class='toggle-title ' itemprop='name'  > <i class='ioa-front-icon  plus-2icon-'><\/i> CLASES<\/a><\/h4><div id='tg69f46a0211124' itemprop='description' class='toggle-body collapse'>\n<p><span style=\"color: #000000;\">Cursos a Dictar<\/span><\/p>\n<\/div> <\/div>\n\t\t\n  \n\t\t<\/div>\n\n\t\n\t<\/div>\n<\/div>\n\n\t\t\n\t<\/div>\n\n\t\n<\/div>\n\n\t\t\t\n\t\n\t<\/div>\n\n\t\t\n\n\t\t<\/div>\n<\/div>\t\n\n<div class=\"page-section  clearfix last-section\" style=\"z-index:6\" id='rpsS9FCYT5N67QNHR26PW3NHMYM8HV36HNQ' data-exheight='0' >\n\t\n\t<div class=\"section-inner-wrap\">\n\n\t\t\n\n\n\t\t\t\n\n\t<div class=\"skeleton section-content auto_align clearfix\" data-width=\"Contained\">\n\t\t\n\t\t\t\t\t\n<div class=\"rad-container  layout_element  one_third first  top   clearfix\" id=\"rpcEW6B2AS48NY7SWTSTHALG6IX00IJ4GTB\" data-layout=\"one_third\">\n\t\n\t \t\n\n\t<div class=\"rad-inner-container clearfix\">\n\t \n\n\n<div  data-key=\"rad_text_widget\"  style='-webkit-transition-delay:0s;transition-delay:0s;' id=\"rpwO8JYL9XAR9MCJGF22WA68KNALW5A0FV8\" class=\" w_full w_layout_element  top   rad-widget\">\n\t\n<div class='ioa-text-column none  col-align-left  clearfix'> \n      \n      <div class='ioa-text-area'>\n        <h3 class='text-title'>Dr. Sebastian Atilio Rossini<\/h3>\n        \n        \n        \n        \n      <\/div> \n     <\/div>\n<\/div>\n<div  data-key=\"rad_image_widget\"  id=\"rpwC0TCVUONWHQ1B37DV05VQYRJ1Y6PE9H8\" class=\" w_full w_layout_element   rad-widget\">\n\t<div class=\"image-inner-wrap image-stretched \">\n\t\t\t\t\n\t\t<div  class=' hover-item  image-align-none' itemscope itemprop='http:\/\/schema.org\/ImageObject'>   <img itemprop='image'   alt=\"\" title=\"SebastianRossini\"  class='' src='https:\/\/faardit.org.ar\/web\/wp-content\/uploads\/2021\/08\/SebastianRossini-333x333.jpg'     \/>  <\/div>\t\t\t\t\t<\/div>\n<\/div>\n\t\t\n\t<\/div>\n\n\t\n<\/div>\n\n\t\t\n<div class=\"rad-container  layout_element  two_third last top   clearfix\" id=\"rpcUSY88OOYJSDWMPQYNDN5K4RXY2SM5GY7\" data-layout=\"two_third\">\n\t\n\t \t\n\n\t<div class=\"rad-inner-container clearfix\">\n\t \n\n\n<div  data-key=\"rad_text_widget\"  style='-webkit-transition-delay:0s;transition-delay:0s;' id=\"rpwKC1M7EF0038B0ONF4M8NJ5IBAWPP10JU\" class=\" w_full w_layout_element  top   rad-widget\">\n\t\n<div class='ioa-text-column none  col-align-left  clearfix'> \n      \n      <div class='ioa-text-area'>\n        <h3 class='text-title'> <\/h3>\n        \n        \n        \n        \n      <\/div> \n     <\/div>\n<\/div> \n\n\n<div  data-key=\"rad_text_widget\"  style='-webkit-transition-delay:0s;transition-delay:0s;' id=\"rpwVR8DL5L0311V15YP8NJXJFR6U7D6DE0P\" class=\" w_full w_layout_element   rad-widget\">\n\t\n<div class='ioa-text-column none  col-align-left  clearfix'> \n      \n      <div class='ioa-text-area'>\n        <h3 class='text-title'> <\/h3>\n        \n        \n        \n        \n      <\/div> \n     <\/div>\n<\/div>\n<div  data-key=\"rad_toggle_widget\"  id=\"rpwIKYVF0RD2SI5X5R5IE4Q4CILGFF9E1T5\" class=\" w_full w_layout_element   rad-widget\">\n\n\t<div class=\"toggle-inner-wrap\">\n\t\t\n\n\t\t<div class=\" clearfix toggle-style-simple\" itemscope itemtype=\"http:\/\/schema.org\/ItemList\">\n  \t\t\n\t\t\n\t\t <div class='toggle ' itemscope itemtype='http:\/\/schema.org\/Thing'><h4><a href=\"#tg69f46a02136a1\" class='toggle-title ' itemprop='name'  > <i class='ioa-front-icon  plus-2icon-'><\/i> BREVE BIO<\/a><\/h4><div id='tg69f46a02136a1' itemprop='description' class='toggle-body collapse'>\n<p><span style=\"color: #000000;\">\u2022 M\u00e9dico de planta del servicio de TCMD y RM del Instituto Radiol\u00f3gico de Mar del Plata, Subespecialidad: cuerpo<\/span><\/p>\n<p><span style=\"color: #000000;\">\u2022 Integrante del Comit\u00e9 Consultor Nacional, secci\u00f3n T\u00f3rax de la Revista Argentina de Radiolog\u00eda (RAR).<\/span><\/p>\n<p><span style=\"color: #000000;\">\u2022 Jefe de Trabajos Pr\u00e1cticos. Catedra Diagn\u00f3stico por Im\u00e1genes I y II. Carrera de Medicina. Facultad de Ciencias M\u00e9dicas &#8211; Universidad FASTA.<\/span><\/p>\n<h5 style=\"text-align: left;\"><a href=\"https:\/\/faardit.org.ar\/web\/wp-content\/uploads\/2021\/08\/SebastianRossiniCVFaardit.pdf\"><strong>DESCARGAR CV<\/strong><\/a><\/h5>\n<\/div> <\/div> <div class='toggle ' itemscope itemtype='http:\/\/schema.org\/Thing'><h4><a href=\"#tg69f46a0214001\" class='toggle-title ' itemprop='name'  > <i class='ioa-front-icon  plus-2icon-'><\/i> CLASES<\/a><\/h4><div id='tg69f46a0214001' itemprop='description' class='toggle-body collapse'>\n<p><span style=\"color: #000000;\"><u>General<\/u><\/span><\/p>\n<p><span style=\"color: #000000;\">Contraste EV en t\u00f3rax \u00bfC\u00f3mo y Cu\u00e1ndo?<\/span><\/p>\n<p><span style=\"color: #000000;\">Consolidaciones pulmonares: Patr\u00f3n Alveolar. Evaluaci\u00f3n e Interpretaci\u00f3n Imagenol\u00f3gica.<\/span><\/p>\n<p><span style=\"color: #000000;\">Consolidaciones pulmonares: Atelectasias. Evaluaci\u00f3n e Interpretaci\u00f3n Imagenol\u00f3gica.<\/span><\/p>\n<p><span style=\"color: #000000;\"><u>Oncolog\u00eda<\/u><\/span><\/p>\n<p><span style=\"color: #000000;\">Caracterizaci\u00f3n imagenol\u00f3gica del n\u00f3dulo pulmonar solitario.<\/span><\/p>\n<p><span style=\"color: #000000;\">N\u00f3dulo pulmonar Subs\u00f3lido: Evaluaci\u00f3n y manejo imagenol\u00f3gico. (Presentaci\u00f3n con casos)<\/span><\/p>\n<p><span style=\"color: #000000;\">N\u00f3dulo Pulmonar Subs\u00f3lido: \u00a1Sabemos que es! pero \u00bfSabemos qu\u00e9 hacer?<\/span><\/p>\n<p><span style=\"color: #000000;\">Manejo de los n\u00f3dulos pulmonares Subs\u00f3lido m\u00faltiples. (Presentaci\u00f3n con casos)<\/span><\/p>\n<p><span style=\"color: #000000;\">N\u00f3dulo pulmonar indeterminado: Guias de manejo 2021.<\/span><\/p>\n<p><span style=\"color: #000000;\">N\u00f3dulo Pulmonar Solitario Indeterminado. Utilidad del PET-CT para la Caracterizaci\u00f3n.<\/span><\/p>\n<p><span style=\"color: #000000;\">Diagn\u00f3stico precoz del c\u00e1ncer de pulm\u00f3n 2019. Utilidad de la TCMD<\/span><\/p>\n<p><span style=\"color: #000000;\">Diagn\u00f3stico precoz del c\u00e1ncer de pulm\u00f3n 2019. Visi\u00f3n del intervencionista<\/span><\/p>\n<p><span style=\"color: #000000;\">Adenocarcinoma pulmonar: sus m\u00faltiples formas de presentaci\u00f3n.<\/span><\/p>\n<p><span style=\"color: #000000;\">C\u00e1ncer de pulm\u00f3n en pacientes con enfermedad pulmonar intersticial.<\/span><\/p>\n<p><span style=\"color: #000000;\">C\u00e1ncer de pulm\u00f3n en pacientes con Enfisema y EPOC severo.<\/span><\/p>\n<p><span style=\"color: #000000;\">Tumores y lesiones pseudotumorales del Mediastino.<\/span><\/p>\n<p><span style=\"color: #000000;\"><u>Enfermedades intersticiales<\/u><\/span><\/p>\n<p><span style=\"color: #000000;\">Semiolog\u00eda tomogr\u00e1fica b\u00e1sica en Enfermedad Pulmonar Intersticial.<\/span><\/p>\n<p><span style=\"color: #000000;\">Enfermedad Pulmonar Intersticial: Actualizaci\u00f3n y utilidad de la TCMD.<\/span><\/p>\n<p><span style=\"color: #000000;\">Enfermedad Pulmonar Intersticial: Correlaci\u00f3n Tomogr\u00e1fica histol\u00f3gica.<\/span><\/p>\n<p><span style=\"color: #000000;\">Criterios tomogr\u00e1ficos de Neumon\u00eda Intersticial Usual. ATS 2018.<\/span><\/p>\n<p><span style=\"color: #000000;\">Diagn\u00f3stico de Neumon\u00eda Intersticial Usual <strong><em>SIN<\/em><\/strong> Panalizaci\u00f3n.<\/span><\/p>\n<p><span style=\"color: #000000;\">Enfermedades Pulmonar Intersticial: Importancia del manejo interdisciplinario.<\/span><\/p>\n<p><span style=\"color: #000000;\">Enfermedades Pulmonar Intersticial en las Enfermedades del Tejido Conectivo.<\/span><\/p>\n<p><span style=\"color: #000000;\">Enfermedades Pulmonar Intersticial relacionada con el tabaquismo.<\/span><\/p>\n<p><span style=\"color: #000000;\">Panalizaci\u00f3n pulmonar por TCMD: Causas etiol\u00f3gicas.<\/span><\/p>\n<p><span style=\"color: #000000;\">Diagn\u00f3sticos diferenciales de patrones celulares.<\/span><\/p>\n<p><span style=\"color: #000000;\">Diagn\u00f3sticos diferenciales de patrones fibrosantes.<\/span><\/p>\n<p><span style=\"color: #000000;\">Complicaciones de las NIU. Valoraci\u00f3n Imagenol\u00f3gica.<\/span><\/p>\n<p><span style=\"color: #000000;\">Neumon\u00eda Organizada. Formas de presentaci\u00f3n.<\/span><\/p>\n<p><span style=\"color: #000000;\">Enfermedades qu\u00edsticas pulmonares: Enfoque imagenol\u00f3gica.<\/span><\/p>\n<p><span style=\"color: #000000;\">Patr\u00f3n en mosaico: Interpretaci\u00f3n imagenol\u00f3gica.<\/span><\/p>\n<p><span style=\"color: #000000;\">Patr\u00f3n intersticial micronodular: Enfoque imagenol\u00f3gico.<\/span><\/p>\n<p><span style=\"color: #000000;\">Anormalidades Intersticiales Pulmonares Subcl\u00ednicas (ILAS)<\/span><\/p>\n<p><span style=\"color: #000000;\"><u>Miscelaneas<\/u><\/span><\/p>\n<p><span style=\"color: #000000;\">Patolog\u00eda No oncol\u00f3gica de la v\u00eda a\u00e9rea principal.<\/span><\/p>\n<p><span style=\"color: #000000;\">Bronquiectasias: Interpretaci\u00f3n imagenol\u00f3gica.<\/span><\/p>\n<p><span style=\"color: #000000;\">Patolog\u00eda pulmonar cong\u00e9nita en el adulto.<\/span><\/p>\n<p><span style=\"color: #000000;\">Masas pulmonares \u00fanicas y sus diagn\u00f3sticos diferenciales. No todo es C\u00e1ncer de Pulm\u00f3n<\/span><\/p>\n<p><span style=\"color: #000000;\"><u>Vascular<\/u><\/span><\/p>\n<p><span style=\"color: #000000;\">Hipertensi\u00f3n pulmonar: An\u00e1lisis Imagenol\u00f3gico.<\/span><\/p>\n<p><span style=\"color: #000000;\">TEP: Hallazgos tomogr\u00e1ficos directos e indirectos.<\/span><\/p>\n<p><span style=\"color: #000000;\">TEP: Manejo cl\u00ednico imagenol\u00f3gico en el 2021.<\/span><\/p>\n<p><span style=\"color: #000000;\">TEP: Pitfall en la era multicorte.<\/span><\/p>\n<p><span style=\"color: #000000;\">Patolog\u00eda Adquirida de la Aorta Tor\u00e1cica.<\/span><\/p>\n<p><span style=\"color: #000000;\">Patolog\u00eda Cong\u00e9nita de la Aorta Tor\u00e1cica manifestada en el adulto<\/span><\/p>\n<p><span style=\"color: #000000;\"><u>Intervencionismo<\/u><\/span><\/p>\n<p><span style=\"color: #000000;\">PAAF con t\u00e9cnica coaxial en t\u00f3rax: Factores t\u00e9cnicos y ventajas.<\/span><\/p>\n<p><span style=\"color: #000000;\">PAAF en t\u00f3rax: Correcta planificaci\u00f3n.<\/span><\/p>\n<p><span style=\"color: #000000;\">PAAF en t\u00f3rax: Manejo de las complicaciones.<\/span><\/p>\n<p><span style=\"color: #000000;\">Punci\u00f3n percut\u00e1nea para el an\u00e1lisis molecular de tumores pulmonares<\/span><\/p>\n<p><span style=\"color: #000000;\">Marcaci\u00f3n Percut\u00e1nea de n\u00f3dulos pulmonares: Arpones vs l\u00edquidos.<\/span><\/p>\n<\/div> <\/div>\n\t\t\n  \n\t\t<\/div>\n\n\t\n\t<\/div>\n<\/div>\n\n\t\t\n\t<\/div>\n\n\t\n<\/div>\n\n\t\t\n<div class=\"rad-container  layout_element  one_third first   clearfix\" id=\"rpcFD2IV5ETNXGX4UAHRT1VG6GG18OH4YWQ\" data-layout=\"one_third\">\n\t<span class=\"vline\" style='-webkit-transition-delay:350ms;transition-delay:350ms;'><\/span>\n\t \t\n\n\t<div class=\"rad-inner-container clearfix\">\n\t \n\n\n<div  data-key=\"rad_text_widget\"  style='-webkit-transition-delay:0s;transition-delay:0s;' id=\"rpwRPLJ14SPFL541DJJHK1VJLMH5Y4ATNLF\" class=\" w_full w_layout_element  top   rad-widget\">\n\t\n<div class='ioa-text-column none  col-align-left  clearfix'> \n      \n      <div class='ioa-text-area'>\n        <h3 class='text-title'>Dr. Jos\u00e9 Brice\u00f1o Polacre<\/h3>\n        \n        \n        \n        \n      <\/div> \n     <\/div>\n<\/div>\n<div  data-key=\"rad_image_widget\"  id=\"rpwOIERYMA90IEWW0NIQLLXVOLK98B6M1DN\" class=\" w_full w_layout_element   rad-widget\">\n\t<div class=\"image-inner-wrap image-stretched \">\n\t\t\t\t\n\t\t<div  class=' hover-item  image-align-none' itemscope itemprop='http:\/\/schema.org\/ImageObject'>   <img itemprop='image'   alt=\"\" title=\"JoseBrice\u00f1oPolacre\"  class='' src='https:\/\/faardit.org.ar\/web\/wp-content\/uploads\/2021\/08\/JoseBricenoPolacre-333x333.jpg'     \/>  <\/div>\t\t\t\t\t<\/div>\n<\/div>\n\t\t\n\t<\/div>\n\n\t\n<\/div>\n\n\t\t\n<div class=\"rad-container  layout_element  two_third last  clearfix\" id=\"rpcCH16OSQ0LS9S6OVX12OJTJV9T395MUPH\" data-layout=\"two_third\">\n\t<span class=\"vline\" style='-webkit-transition-delay:700ms;transition-delay:700ms;'><\/span>\n\t \t\n\n\t<div class=\"rad-inner-container clearfix\">\n\t \n\n\n<div  data-key=\"rad_text_widget\"  style='-webkit-transition-delay:0s;transition-delay:0s;' id=\"rpwF334TAYJOVP2R6KL1NAEV0S5M9PSSB6G\" class=\" w_full w_layout_element  top   rad-widget\">\n\t\n<div class='ioa-text-column none  col-align-left  clearfix'> \n      \n      <div class='ioa-text-area'>\n        <h3 class='text-title'> <\/h3>\n        \n        \n        \n        \n      <\/div> \n     <\/div>\n<\/div> \n\n\n<div  data-key=\"rad_text_widget\"  style='-webkit-transition-delay:0s;transition-delay:0s;' id=\"rpwSVEQ7NL3QJAY0AM1YABT8DFFK1WEJV41\" class=\" w_full w_layout_element   rad-widget\">\n\t\n<div class='ioa-text-column none  col-align-left  clearfix'> \n      \n      <div class='ioa-text-area'>\n        <h3 class='text-title'> <\/h3>\n        \n        \n        \n        \n      <\/div> \n     <\/div>\n<\/div>\n<div  data-key=\"rad_toggle_widget\"  id=\"rpwQRQ7WSXKM2ARDHEAD4OTQWU7BBHMPWG7\" class=\" w_full w_layout_element   rad-widget\">\n\n\t<div class=\"toggle-inner-wrap\">\n\t\t\n\n\t\t<div class=\" clearfix toggle-style-simple\" itemscope itemtype=\"http:\/\/schema.org\/ItemList\">\n  \t\t\n\t\t\n\t\t <div class='toggle ' itemscope itemtype='http:\/\/schema.org\/Thing'><h4><a href=\"#tg69f46a021583c\" class='toggle-title ' itemprop='name'  > <i class='ioa-front-icon  plus-2icon-'><\/i> BREVE BIO<\/a><\/h4><div id='tg69f46a021583c' itemprop='description' class='toggle-body collapse'>\n<p><span style=\"color: #000000;\">\u2022 MEDICAL ADVISOR RADIOLOGY BAYER <\/span><\/p>\n<p><span style=\"color: #000000;\">\u2022 MIEMBRO CORRESPONDIENTE DE LA ACADEMIA NACIONAL DE MEDICINA DE VENEZUELA.<\/span><\/p>\n<p><span style=\"color: #000000;\">\u2022 PROFESOR DEL COLEGIO INTERAMERICANO DE RADIOLOGIA &#8211; CIR.<\/span><\/p>\n<h5 style=\"text-align: left;\"><a href=\"https:\/\/faardit.org.ar\/web\/wp-content\/uploads\/2021\/08\/JoseBricenoPolacreVCFaardit-1.pdf\"><strong>DESCARGAR CV<\/strong><\/a><\/h5>\n<\/div> <\/div> <div class='toggle ' itemscope itemtype='http:\/\/schema.org\/Thing'><h4><a href=\"#tg69f46a0215ad6\" class='toggle-title ' itemprop='name'  > <i class='ioa-front-icon  plus-2icon-'><\/i> CLASES<\/a><\/h4><div id='tg69f46a0215ad6' itemprop='description' class='toggle-body collapse'>\n<p>Baja Dosis En La Exploraci\u00f3n Cardiovascular Por Tomografia.<\/p>\n<p>Hallazgos Incidentales Tor\u00e1xicos En Tomograf\u00eda Card\u00edaca.<\/p>\n<p>Abc De La Angiotomografia Coronaria \u2013 Aspectos B\u00e1sicos.<\/p>\n<p>Dosis De Radiaci\u00f3n Y T\u00e9cnicas De Reducci\u00f3n En Imagenologia Tor\u00e1xica.<\/p>\n<p>Medios De Contraste En Tomograf\u00eda Y Resonancia Magn\u00e9tica.<\/p>\n<p>Reacciones Adversas A Los Medios De Contraste.<\/p>\n<p>Caracter\u00edsticas Anat\u00f3micas Y Morfol\u00f3gicas De N\u00f3dulo Pulmonar Solitario &#8211; Im\u00e1genes.<\/p>\n<p>Diagnostico Por Im\u00e1genes De N\u00f3dulos Pulmonares Interpretaci\u00f3n\u00a0 \u2013 Computed Assisted Diagnosis (Cad).<\/p>\n<p>Despistaje De C\u00e1ncer Pulmonar.<\/p>\n<p>Enfermedades Intersticiales Pulmonares \u2013 Tomograf\u00eda De Alta Resoluci\u00f3n Y Baja Dosis. Como Y Cuando Realizarla.<\/p>\n<p>Caracter\u00edsticas Tomograficas Del N\u00f3dulo Pulmonar Solitario. Benigno Vs Maligno.<\/p>\n<p>Covid 19 \u2013 Protocolos Y T\u00e9cnicas En Rayos X Y Tc.<\/p>\n<p>Covid 19 Visto Desde Las Im\u00e1genes Diagnosticas \u2013 Rol De Los Rayos X.<\/p>\n<\/div> <\/div>\n\t\t\n  \n\t\t<\/div>\n\n\t\n\t<\/div>\n<\/div>\n\n\t\t\n\t<\/div>\n\n\t\n<\/div>\n\n\t\t\n<div class=\"rad-container  layout_element  one_third first   clearfix\" id=\"rpcAB0EGEVDKS48BXB0C4D3RV1DKQG0LMDN\" data-layout=\"one_third\">\n\t<span class=\"vline\" style='-webkit-transition-delay:700ms;transition-delay:700ms;'><\/span>\n\t \t\n\n\t<div class=\"rad-inner-container clearfix\">\n\t \n\n\n<div  data-key=\"rad_text_widget\"  style='-webkit-transition-delay:0s;transition-delay:0s;' id=\"rpwBAUGW1OTXOB8N54T2LJEQQCM2F58FADG\" class=\" w_full w_layout_element  top   rad-widget\">\n\t\n<div class='ioa-text-column none  col-align-left  clearfix'> \n      \n      <div class='ioa-text-area'>\n        <h3 class='text-title'>Dra. Maira Orozco<\/h3>\n        \n        \n        \n        \n      <\/div> \n     <\/div>\n<\/div>\n<div  data-key=\"rad_image_widget\"  id=\"rpwL0TSE1NLXI0FC5NLQLFYVFO2CEOUN5VA\" class=\" w_full w_layout_element   rad-widget\">\n\t<div class=\"image-inner-wrap image-stretched \">\n\t\t\t\t\n\t\t<div  class=' hover-item  image-align-none' itemscope itemprop='http:\/\/schema.org\/ImageObject'>   <img itemprop='image'   alt=\"\" title=\"MairaOrosco\"  class='' src='https:\/\/faardit.org.ar\/web\/wp-content\/uploads\/2021\/08\/MairaOrosco-333x333.jpg'     \/>  <\/div>\t\t\t\t\t<\/div>\n<\/div>\n\t\t\n\t<\/div>\n\n\t\n<\/div>\n\n\t\t\n<div class=\"rad-container  layout_element  two_third last  clearfix\" id=\"rpcPO4PDFOG7USTE936MR9PCAIQ8C5HXGPF\" data-layout=\"two_third\">\n\t<span class=\"vline\" style='-webkit-transition-delay:1050ms;transition-delay:1050ms;'><\/span>\n\t \t\n\n\t<div class=\"rad-inner-container clearfix\">\n\t \n\n\n<div  data-key=\"rad_text_widget\"  style='-webkit-transition-delay:0s;transition-delay:0s;' id=\"rpwA1FWABE8TG249VS977RFMGL6Q1BWBMDA\" class=\" w_full w_layout_element  top   rad-widget\">\n\t\n<div class='ioa-text-column none  col-align-left  clearfix'> \n      \n      <div class='ioa-text-area'>\n        <h3 class='text-title'> <\/h3>\n        \n        \n        \n        \n      <\/div> \n     <\/div>\n<\/div> \n\n\n<div  data-key=\"rad_text_widget\"  style='-webkit-transition-delay:0s;transition-delay:0s;' id=\"rpwDYESGRR0DDTH2A84X6MXR2VTP3BB26UP\" class=\" w_full w_layout_element   rad-widget\">\n\t\n<div class='ioa-text-column none  col-align-left  clearfix'> \n      \n      <div class='ioa-text-area'>\n        <h3 class='text-title'> <\/h3>\n        \n        \n        \n        \n      <\/div> \n     <\/div>\n<\/div>\n<div  data-key=\"rad_toggle_widget\"  id=\"rpwOLWEW8ENKN14MJ9TSS0O6PPS1PQWH4YT\" class=\" w_full w_layout_element   rad-widget\">\n\n\t<div class=\"toggle-inner-wrap\">\n\t\t\n\n\t\t<div class=\" clearfix toggle-style-simple\" itemscope itemtype=\"http:\/\/schema.org\/ItemList\">\n  \t\t\n\t\t\n\t\t <div class='toggle ' itemscope itemtype='http:\/\/schema.org\/Thing'><h4><a href=\"#tg69f46a021734a\" class='toggle-title ' itemprop='name'  > <i class='ioa-front-icon  plus-2icon-'><\/i> BREVE BIO<\/a><\/h4><div id='tg69f46a021734a' itemprop='description' class='toggle-body collapse'>\n<p><span style=\"color: #000000;\">\u2022 Cl\u00ednica El Casta\u00f1o. San Juan. Coordinadora del Servicio de Im\u00e1genes.<\/span><\/p>\n<p><span style=\"color: #000000;\">\u2022 CIMAC (Centro Integral de Medicina de Alta Complejidad). San Juan. M\u00e9dica Staff del sector de Cuerpo.<\/span><\/p>\n<p><span style=\"color: #000000;\">\u2022 Vicepresidenta de la Asociaci\u00f3n Sanjuanina de Diagn\u00f3stico por Im\u00e1genes<\/span><\/p>\n<p><span style=\"color: #000000;\">\u2022 Revisora de cuentas FAARDIT<\/span><\/p>\n<h5 style=\"text-align: left;\"><a href=\"https:\/\/faardit.org.ar\/web\/wp-content\/uploads\/2021\/08\/MairaOroscoCVFaardit.pdf\"><strong>DESCARGAR CV<\/strong><\/a><\/h5>\n<\/div> <\/div> <div class='toggle ' itemscope itemtype='http:\/\/schema.org\/Thing'><h4><a href=\"#tg69f46a0217617\" class='toggle-title ' itemprop='name'  > <i class='ioa-front-icon  plus-2icon-'><\/i> CLASES<\/a><\/h4><div id='tg69f46a0217617' itemprop='description' class='toggle-body collapse'>\n<p><span style=\"color: #000000;\">Actualizaci\u00f3n en Neumonitis por Hipersensibilidad<\/span><\/p>\n<p><span style=\"color: #000000;\">Neumon\u00eda en Organizaci\u00f3n<\/span><\/p>\n<p><span style=\"color: #000000;\">Lesiones qu\u00edsticas pulmonares<\/span><\/p>\n<p><span style=\"color: #000000;\">Lesiones pulmonares cavitadas<\/span><\/p>\n<p><span style=\"color: #000000;\">Tuberculosis pulmonar<\/span><\/p>\n<p><span style=\"color: #000000;\">C\u00e1ncer de pulm\u00f3n y su correlaci\u00f3n radio-patol\u00f3gica<\/span><\/p>\n<p><span style=\"color: #000000;\">Manifestaciones radiol\u00f3gicas de las colagenopat\u00edas<\/span><\/p>\n<p><span style=\"color: #000000;\">Intersticiopat\u00edas pulmonares<\/span><\/p>\n<p><span style=\"color: #000000;\">Las m\u00faltiples caras del COVID-19<\/span><\/p>\n<p><span style=\"color: #000000;\">Qu\u00e9 debemos saber del Tromboembolismo Pulmonar.<\/span><\/p>\n<\/div> <\/div>\n\t\t\n  \n\t\t<\/div>\n\n\t\n\t<\/div>\n<\/div>\n\n\t\t\n\t<\/div>\n\n\t\n<\/div>\n\n\t\t\t\n\t\n\t<\/div>\n\n\t\t\n\n\t\t<\/div>\n<\/div>\t\n\n<div class=\"page-section  clearfix \" style=\"z-index:7\" id='rpsJT6KFVQPLF8Q5N4KQEH2OQ2UO6U4K5AX' data-exheight='0' >\n\t\n\t<div class=\"section-inner-wrap\">\n\n\t\t\n\n\n\t\t\t\n\n\t<div class=\"skeleton section-content auto_align clearfix\" data-width=\"Contained\">\n\t\t\n\t\t\t\t\t\n<div class=\"rad-container  layout_element  one_third first  top   clearfix\" id=\"rpcHUPM0NGV2A082T461W2B6GVGKX5RCEBV\" data-layout=\"one_third\">\n\t\n\t \t\n\n\t<div class=\"rad-inner-container clearfix\">\n\t \n\n\n<div  data-key=\"rad_text_widget\"  style='-webkit-transition-delay:0s;transition-delay:0s;' id=\"rpwNWVRSE2E41T6X3IO7WEVWKMJ448NOH67\" class=\" w_full w_layout_element  top   rad-widget\">\n\t\n<div class='ioa-text-column none  col-align-left  clearfix'> \n      \n      <div class='ioa-text-area'>\n        <h3 class='text-title'>Dr. Mat\u00edas Corroto<\/h3>\n        \n        \n        \n        \n      <\/div> \n     <\/div>\n<\/div>\n<div  data-key=\"rad_image_widget\"  id=\"rpwRPOUO8MPQJNRS19NMKXPUOPG1ARXXKXT\" class=\" w_full w_layout_element   rad-widget\">\n\t<div class=\"image-inner-wrap image-stretched \">\n\t\t\t\t\n\t\t<div  class=' hover-item  image-align-none' itemscope itemprop='http:\/\/schema.org\/ImageObject'>   <img itemprop='image'   alt=\"\" title=\"Foto Corroto\"  class='' src='https:\/\/faardit.org.ar\/web\/wp-content\/uploads\/2024\/05\/Foto-Corroto-291x400.jpeg'     \/>  <\/div>\t\t\t\t\t<\/div>\n<\/div>\n\t\t\n\t<\/div>\n\n\t\n<\/div>\n\n\t\t\n<div class=\"rad-container  layout_element  two_third last top   clearfix\" id=\"rpcEO46S1LL85Q2BAWP2OWF8AGLQYO6HU01\" data-layout=\"two_third\">\n\t\n\t \t\n\n\t<div class=\"rad-inner-container clearfix\">\n\t \n\n\n<div  data-key=\"rad_text_widget\"  style='-webkit-transition-delay:0s;transition-delay:0s;' id=\"rpwFU5N01VTOV315PAQVB3JTLOF7LSLPBPW\" class=\" w_full w_layout_element  top   rad-widget\">\n\t\n<div class='ioa-text-column none  col-align-left  clearfix'> \n      \n      <div class='ioa-text-area'>\n        <h3 class='text-title'> <\/h3>\n        \n        \n        \n        \n      <\/div> \n     <\/div>\n<\/div> \n\n\n<div  data-key=\"rad_text_widget\"  style='-webkit-transition-delay:0s;transition-delay:0s;' id=\"rpwEPB0HVEAWAWIXIVJD0X80WPBCQPCMJG6\" class=\" w_full w_layout_element   rad-widget\">\n\t\n<div class='ioa-text-column none  col-align-left  clearfix'> \n      \n      <div class='ioa-text-area'>\n        <h3 class='text-title'> <\/h3>\n        \n        \n        \n        \n      <\/div> \n     <\/div>\n<\/div>\n<div  data-key=\"rad_toggle_widget\"  id=\"rpwJRP8GMAHT9TFXPBNLWSSB01DLDCF6AN9\" class=\" w_full w_layout_element   rad-widget\">\n\n\t<div class=\"toggle-inner-wrap\">\n\t\t\n\n\t\t<div class=\" clearfix toggle-style-simple\" itemscope itemtype=\"http:\/\/schema.org\/ItemList\">\n  \t\t\n\t\t\n\t\t <div class='toggle ' itemscope itemtype='http:\/\/schema.org\/Thing'><h4><a href=\"#tg69f46a021957e\" class='toggle-title ' itemprop='name'  > <i class='ioa-front-icon  plus-2icon-'><\/i> BREVE BIO<\/a><\/h4><div id='tg69f46a021957e' itemprop='description' class='toggle-body collapse'>\n<p><span style=\"color: #000000;\">\u2022 M\u00e9dico especialista universitario en diagn\u00f3stico por im\u00e1genes.<br \/>\u2022 Subespecilista en cuerpo.<br \/>\u2022 Magister universitario en direcci\u00f3n y administraci\u00f3n de empresas (MBA).<br \/>\u2022 Director Medico de Corroto Diagn\u00f3stico por Im\u00e1genes.<br \/>\u2022 Director sesiones cient\u00edficas FAARDIT.<br \/>\u2022 Director secci\u00f3n de im\u00e1genes de la asociaci\u00f3n argentina de medicina respiratoria.<br \/>\u2022 Secretario cient\u00edfico C\u00edrculo M\u00e9dico del Sur. Tucuman.<br \/>\u2022 Integrante del consejo de certificaci\u00f3n y recertificaci\u00f3n de especialidades m\u00e9dicas (CCREM) de Tucuman.<br \/>\u2022 Secretario cient\u00edfico CADI 2024.<br \/>\u2022 Revisor revista americana de medicina respiratoria.<br \/>\u2022 Disertante nacional e internacional.<\/span><\/p>\n<\/div> <\/div> <div class='toggle ' itemscope itemtype='http:\/\/schema.org\/Thing'><h4><a href=\"#tg69f46a02197c4\" class='toggle-title ' itemprop='name'  > <i class='ioa-front-icon  plus-2icon-'><\/i> CLASES<\/a><\/h4><div id='tg69f46a02197c4' itemprop='description' class='toggle-body collapse'>\n<p><span style=\"color: #000000;\">\u2022 Patrones radiol\u00f3gicos m\u00e1s frecuentes en EPID.<br \/>\u2022 Masas mediastinicas.<br \/>\u2022 Bronquiectasias, m\u00e1s all\u00e1 de la fibrosis quistica.<br \/>\u2022 Diagnostico diferenciales de EPID fibrosantes.<br \/>\u2022 Enfermedades pulmonares intersticiales asociadas al tabaco.<br \/>\u2022 Enfisema y bronquitis cronica por TCAR.<br \/>\u2022 Enfermedades pulmonares multiquisticas.<br \/>\u2022 EPI en TCAR, paso a paso.<br \/>\u2022 Fibrosis Pulmonar Progresiva.<br \/>\u2022 Finrosis pulmonar idiopatica.<br \/>\u2022 Anormalidades intersticiales pulmonares (ILA).<br \/>\u2022 Neumonitis por hipersensibilidad.<br \/>\u2022 Casos cl\u00ednicos en patolog\u00eda tor\u00e1cica.<\/span><\/p>\n<\/div> <\/div>\n\t\t\n  \n\t\t<\/div>\n\n\t\n\t<\/div>\n<\/div>\n\n\t\t\n\t<\/div>\n\n\t\n<\/div>\n\n\t\t\t\n\t\n\t<\/div>\n\n\t\t\n\n\t\t<\/div>\n<\/div>\t\n\n<\/p>\n","protected":false},"excerpt":{"rendered":"","protected":false},"author":1,"featured_media":0,"parent":0,"menu_order":0,"comment_status":"closed","ping_status":"closed","template":"","meta":[],"_links":{"self":[{"href":"https:\/\/faardit.org.ar\/web\/wp-json\/wp\/v2\/pages\/5404"}],"collection":[{"href":"https:\/\/faardit.org.ar\/web\/wp-json\/wp\/v2\/pages"}],"about":[{"href":"https:\/\/faardit.org.ar\/web\/wp-json\/wp\/v2\/types\/page"}],"author":[{"embeddable":true,"href":"https:\/\/faardit.org.ar\/web\/wp-json\/wp\/v2\/users\/1"}],"replies":[{"embeddable":true,"href":"https:\/\/faardit.org.ar\/web\/wp-json\/wp\/v2\/comments?post=5404"}],"version-history":[{"count":18,"href":"https:\/\/faardit.org.ar\/web\/wp-json\/wp\/v2\/pages\/5404\/revisions"}],"predecessor-version":[{"id":7063,"href":"https:\/\/faardit.org.ar\/web\/wp-json\/wp\/v2\/pages\/5404\/revisions\/7063"}],"wp:attachment":[{"href":"https:\/\/faardit.org.ar\/web\/wp-json\/wp\/v2\/media?parent=5404"}],"curies":[{"name":"wp","href":"https:\/\/api.w.org\/{rel}","templated":true}]}}