{"id":5406,"date":"2022-01-21T18:37:23","date_gmt":"2022-01-21T18:37:23","guid":{"rendered":"https:\/\/faardit.org.ar\/web\/?page_id=5406"},"modified":"2025-10-15T12:53:03","modified_gmt":"2025-10-15T12:53:03","slug":"profesores-musculoesqueletico","status":"publish","type":"page","link":"https:\/\/faardit.org.ar\/web\/profesores-musculoesqueletico\/","title":{"rendered":"Profesores &#8211; Musculoesquel\u00e9tico"},"content":{"rendered":"<p><div class=\"page-section  clearfix first-section\" style=\"z-index:1\" id='rpsRCPVU4RDS15IPK0TJMTTWJ9IY13K5BGH' data-exheight='0' >\n\t\n\t<div class=\"section-inner-wrap\">\n\n\t\t\n\n\n\t\t\t\n\n\t<div class=\"skeleton section-content auto_align clearfix\" data-width=\"Contained\">\n\t\t\n\t\t\t\t\t\n<div class=\"rad-container  layout_element  full last first  top   clearfix\" id=\"rpcHH4YE9PEM3YRWXI2WBQADJAAPAE8JWXD\" data-layout=\"full\">\n\t\n\t \t\n\n\t<div class=\"rad-inner-container clearfix\">\n\t \n\n\n<div  data-key=\"rad_text_widget\"  style='-webkit-transition-delay:0s;transition-delay:0s;' id=\"rpwU3U4I1468TO07A14LF0851D1SBQUXYXN\" class=\" w_full w_layout_element  top  widget-animate widget-animate-fade-top  rad-widget\">\n\t\n<div class='ioa-text-column centered  col-align-center  clearfix'> \n      <div class='ioa-icon-area' style='margin-top:0'> <img src='https:\/\/faardit.org.ar\/web\/wp-content\/uploads\/2024\/01\/Musculoesqueletico-Ene24.png' alt='text icon'\/>  <\/div>\n      <div class='ioa-text-area'>\n        <h3 class='text-title'> MUSCULOESQUEL\u00c9TICO<\/h3>\n        \n        \n        \n        \n      <\/div> \n     <\/div>\n<\/div>\n<div  data-key=\"rad_divider_widget\"  id=\"rpwXKEXGE476XDTF35AGMW4L5E8N25YBWQT\" class=\" w_full w_layout_element   rad-widget\" style=\"padding:\">\n\t<div class=\"divider line\"  >\n\t\t\t\t\t\t\t\t\t<\/div>\n<\/div>\n\n\t\t\n\t<\/div>\n\n\t\n<\/div>\n\n\t\t\t\n\t\n\t<\/div>\n\n\t\t\n\n\t\t<\/div>\n<\/div>\t\n\n<div class=\"page-section  clearfix \" style=\"z-index:2\" id='rpsY9S9HBYDBSIRFLBA95QF5MQ9CIXRNSGW' data-exheight='0' >\n\t\n\t<div class=\"section-inner-wrap\">\n\n\t\t\n\n\n\t\t\t\n\n\t<div class=\"skeleton section-content auto_align clearfix\" data-width=\"Contained\">\n\t\t\n\t\t\t\t\t\n<div class=\"rad-container  layout_element  one_third first  top   clearfix\" id=\"rpcC8EEKREX98F0N54WL2OY3SRYW5L1YJT5\" data-layout=\"one_third\">\n\t\n\t \t\n\n\t<div class=\"rad-inner-container clearfix\">\n\t \n\n\n<div  data-key=\"rad_text_widget\"  style='-webkit-transition-delay:0s;transition-delay:0s;' id=\"rpwIEAWKHQLNLJ4EXU7T5XS33EOENQH4VYN\" class=\" w_full w_layout_element  top   rad-widget\">\n\t\n<div class='ioa-text-column none  col-align-left  clearfix'> \n      \n      <div class='ioa-text-area'>\n        <h3 class='text-title'>Dr. Digeo Salvador<\/h3>\n        \n        \n        \n        \n      <\/div> \n     <\/div>\n<\/div>\n<div  data-key=\"rad_image_widget\"  id=\"rpwAJ1TQBGVN5DS1W051X4TI8FN2WAVGPQQ\" class=\" w_full w_layout_element   rad-widget\">\n\t<div class=\"image-inner-wrap image-stretched \">\n\t\t\t\t\n\t\t<div  class=' hover-item  image-align-none' itemscope itemprop='http:\/\/schema.org\/ImageObject'>   <img itemprop='image'   alt=\"\" title=\"Foto Diego Salvador\"  class='' src='https:\/\/faardit.org.ar\/web\/wp-content\/uploads\/2025\/10\/Foto-Diego-Salvador-301x400.jpeg'     \/>  <\/div>\t\t\t\t\t<\/div>\n<\/div>\n\t\t\n\t<\/div>\n\n\t\n<\/div>\n\n\t\t\n<div class=\"rad-container  layout_element  two_third last top   clearfix\" id=\"rpcRM9KMJ1P5ELGE8BFHCQKOB68T1RPJVE0\" data-layout=\"two_third\">\n\t\n\t \t\n\n\t<div class=\"rad-inner-container clearfix\">\n\t \n\n\n<div  data-key=\"rad_text_widget\"  style='-webkit-transition-delay:0s;transition-delay:0s;' id=\"rpwWVFQUOQ0K4488HLT95SC9YIRNE00JPMG\" class=\" w_full w_layout_element  top   rad-widget\">\n\t\n<div class='ioa-text-column none  col-align-left  clearfix'> \n      \n      <div class='ioa-text-area'>\n        <h3 class='text-title'> <\/h3>\n        \n        \n        \n        \n      <\/div> \n     <\/div>\n<\/div> \n\n\n<div  data-key=\"rad_text_widget\"  style='-webkit-transition-delay:0s;transition-delay:0s;' id=\"rpwSJ90LCTODJRQLSDFTGIV0F76RMA5T865\" class=\" w_full w_layout_element   rad-widget\">\n\t\n<div class='ioa-text-column none  col-align-left  clearfix'> \n      \n      <div class='ioa-text-area'>\n        <h3 class='text-title'> <\/h3>\n        \n        \n        \n        \n      <\/div> \n     <\/div>\n<\/div>\n<div  data-key=\"rad_toggle_widget\"  id=\"rpwOPA7322C8RVFT7KL9I4EP39H1Y4UJ5DK\" class=\" w_full w_layout_element   rad-widget\">\n\n\t<div class=\"toggle-inner-wrap\">\n\t\t\n\n\t\t<div class=\" clearfix toggle-style-simple\" itemscope itemtype=\"http:\/\/schema.org\/ItemList\">\n  \t\t\n\t\t\n\t\t <div class='toggle ' itemscope itemtype='http:\/\/schema.org\/Thing'><h4><a href=\"#tg69f468dada1d7\" class='toggle-title ' itemprop='name'  > <i class='ioa-front-icon  plus-2icon-'><\/i> BREVE BIO<\/a><\/h4><div id='tg69f468dada1d7' itemprop='description' class='toggle-body collapse'>\n<ul>\n<li><span style=\"color: #000000;\">Instructor docente Residencia M\u00e9dica en Diagn\u00f3stico por Im\u00e1genes en Imagen<\/span><br \/><span style=\"color: #000000;\">Clara srl. Salta<\/span><\/li>\n<li><span style=\"color: #000000;\">A cargo del servicio de ecograf\u00eda musculo esquel\u00e9tica e intervencionismo MSK<\/span><br \/><span style=\"color: #000000;\">en Imagen Clara SRL. Salta<\/span><\/li>\n<li><span style=\"color: #000000;\">A cargo del servicio de intervencionismo percut\u00e1neo en Imagen Clara SRL.<\/span><\/li>\n<li><span style=\"color: #000000;\">A cargo del servicio de ecograf\u00eda musculo esquel\u00e9tica e intervencionismo MSK<\/span><br \/><span style=\"color: #000000;\">en Diagn\u00f3stico Salta SA.<\/span><\/li>\n<\/ul>\n<\/div> <\/div> <div class='toggle ' itemscope itemtype='http:\/\/schema.org\/Thing'><h4><a href=\"#tg69f468dada47d\" class='toggle-title ' itemprop='name'  > <i class='ioa-front-icon  plus-2icon-'><\/i> CLASES<\/a><\/h4><div id='tg69f468dada47d' itemprop='description' class='toggle-body collapse'>\n<ul>\n<li><span style=\"color: #000000;\">Ecograf\u00eda en hernias de pared abdominal.<\/span><\/li>\n<li><span style=\"color: #000000;\">Ecograf\u00eda en Tunel Carpiano. Lo normal, lo com\u00fan y lo raro.<\/span><\/li>\n<li><span style=\"color: #000000;\">Ecograf\u00eda de nervios perif\u00e9ricos en Miembro superior.<\/span><\/li>\n<li><span style=\"color: #000000;\">Ecografia de codo.<\/span><\/li>\n<li><span style=\"color: #000000;\">Ecograf\u00eda de nervios perif\u00e9ricos en tobillo y pie.<\/span><\/li>\n<li><span style=\"color: #000000;\">Evaluaci\u00f3n din\u00e1mica del tobillo por ecograf\u00eda.<\/span><\/li>\n<li><span style=\"color: #000000;\">Intervencionismo MSK en mano y mu\u00f1eca.<\/span><\/li>\n<li><span style=\"color: #000000;\">Generalidades del intervencionismo MSK, infiltraciones, drenajes, <\/span><span style=\"color: #000000;\">hidrodisecciones, etc.<\/span><\/li>\n<\/ul>\n<\/div> <\/div>\n\t\t\n  \n\t\t<\/div>\n\n\t\n\t<\/div>\n<\/div>\n\n\t\t\n\t<\/div>\n\n\t\n<\/div>\n\n\t\t\t\n\t\n\t<\/div>\n\n\t\t\n\n\t\t<\/div>\n<\/div>\t\n\n<div class=\"page-section  clearfix \" style=\"z-index:3\" id='rpsANXST8XWCVC7D0ML50SK8UC42K6IB9BS' data-exheight='0' >\n\t\n\t<div class=\"section-inner-wrap\">\n\n\t\t\n\n\n\t\t\t\n\n\t<div class=\"skeleton section-content auto_align clearfix\" data-width=\"Contained\">\n\t\t\n\t\t\t\t\t\n<div class=\"rad-container  layout_element  one_third first  top   clearfix\" id=\"rpcMP7VRBHGNJD7XDY8NTILB2LYYXKS97ME\" data-layout=\"one_third\">\n\t\n\t \t\n\n\t<div class=\"rad-inner-container clearfix\">\n\t \n\n\n<div  data-key=\"rad_text_widget\"  style='-webkit-transition-delay:0s;transition-delay:0s;' id=\"rpwGE6OB6GLYWAB88E37OAU6F1SLV4FVRV2\" class=\" w_full w_layout_element  top   rad-widget\">\n\t\n<div class='ioa-text-column none  col-align-left  clearfix'> \n      \n      <div class='ioa-text-area'>\n        <h3 class='text-title'>Dr. Leandro Mazza<\/h3>\n        \n        \n        \n        \n      <\/div> \n     <\/div>\n<\/div>\n<div  data-key=\"rad_image_widget\"  id=\"rpwCX2TCAGMTYMWHHC8VD9Y4H85EC2GP04E\" class=\" w_full w_layout_element   rad-widget\">\n\t<div class=\"image-inner-wrap image-stretched \">\n\t\t\t\t\n\t\t<div  class=' hover-item  image-align-none' itemscope itemprop='http:\/\/schema.org\/ImageObject'>   <img itemprop='image'   alt=\"\" title=\"LeandroMazza FAARDIT\"  class='' src='https:\/\/faardit.org.ar\/web\/wp-content\/uploads\/2023\/05\/LeandroMazza-FAARDIT-333x292.jpeg'     \/>  <\/div>\t\t\t\t\t<\/div>\n<\/div>\n\t\t\n\t<\/div>\n\n\t\n<\/div>\n\n\t\t\n<div class=\"rad-container  layout_element  two_third last top   clearfix\" id=\"rpcL6438A460IEF6NJD765LOQB22UEDU195\" data-layout=\"two_third\">\n\t\n\t \t\n\n\t<div class=\"rad-inner-container clearfix\">\n\t \n\n\n<div  data-key=\"rad_text_widget\"  style='-webkit-transition-delay:0s;transition-delay:0s;' id=\"rpwY2VUVOSFY43428KIM9K7JXQAXEQ3CPKL\" class=\" w_full w_layout_element  top   rad-widget\">\n\t\n<div class='ioa-text-column none  col-align-left  clearfix'> \n      \n      <div class='ioa-text-area'>\n        <h3 class='text-title'> <\/h3>\n        \n        \n        \n        \n      <\/div> \n     <\/div>\n<\/div> \n\n\n<div  data-key=\"rad_text_widget\"  style='-webkit-transition-delay:0s;transition-delay:0s;' id=\"rpwU23BGU1769U1VYE4ESGWPEHQMOS8AR8E\" class=\" w_full w_layout_element   rad-widget\">\n\t\n<div class='ioa-text-column none  col-align-left  clearfix'> \n      \n      <div class='ioa-text-area'>\n        <h3 class='text-title'> <\/h3>\n        \n        \n        \n        \n      <\/div> \n     <\/div>\n<\/div>\n<div  data-key=\"rad_toggle_widget\"  id=\"rpwI88P2YYNLHVNBSU1HJDJ1AFSU5212JBR\" class=\" w_full w_layout_element   rad-widget\">\n\n\t<div class=\"toggle-inner-wrap\">\n\t\t\n\n\t\t<div class=\" clearfix toggle-style-simple\" itemscope itemtype=\"http:\/\/schema.org\/ItemList\">\n  \t\t\n\t\t\n\t\t <div class='toggle ' itemscope itemtype='http:\/\/schema.org\/Thing'><h4><a href=\"#tg69f468dadc2b7\" class='toggle-title ' itemprop='name'  > <i class='ioa-front-icon  plus-2icon-'><\/i> BREVE BIO<\/a><\/h4><div id='tg69f468dadc2b7' itemprop='description' class='toggle-body collapse'>\n<p><span style=\"color: #000000;\">\u2022 Especialista en diagn\u00f3stico por im\u00e1genes<\/span><\/p>\n<p><span style=\"color: #000000;\">\u2022 Sub especializado en el diagn\u00f3stico de lesiones deportivas y traumatol\u00f3gicas.<\/span><\/p>\n<p><span style=\"color: #000000;\">\u2022 Docente de la facultad de medicina UNLP.<\/span><\/p>\n<\/div> <\/div> <div class='toggle ' itemscope itemtype='http:\/\/schema.org\/Thing'><h4><a href=\"#tg69f468dadc4a4\" class='toggle-title ' itemprop='name'  > <i class='ioa-front-icon  plus-2icon-'><\/i> CLASES<\/a><\/h4><div id='tg69f468dadc4a4' itemprop='description' class='toggle-body collapse'>\n<p><span style=\"color: #000000;\">1. Lesiones del manguito rotador &#8211; diagnostico por US &#8211; RMN<\/span><\/p>\n<p><span style=\"color: #000000;\">2. Diagn\u00f3stico por im\u00e1genes del esguince lateral de tobillo<\/span><\/p>\n<p><span style=\"color: #000000;\">3. Lesiones musculares deportivas mas frecuentes en el miembro inferior &#8211; US-RMN<\/span><\/p>\n<p><span style=\"color: #000000;\">4. Lesiones musculares deportivas del recto femoral &#8211; \u00bfC\u00f3mo, donde, cuando y porque?<\/span><\/p>\n<\/div> <\/div>\n\t\t\n  \n\t\t<\/div>\n\n\t\n\t<\/div>\n<\/div>\n\n\t\t\n\t<\/div>\n\n\t\n<\/div>\n\n\t\t\t\n\t\n\t<\/div>\n\n\t\t\n\n\t\t<\/div>\n<\/div>\t\n\n<div class=\"page-section  clearfix \" style=\"z-index:4\" id='rpsH22PT58BXE5ETRB54WWXWHT6YA00OU9U' data-exheight='0' >\n\t\n\t<div class=\"section-inner-wrap\">\n\n\t\t\n\n\n\t\t\t\n\n\t<div class=\"skeleton section-content auto_align clearfix\" data-width=\"Contained\">\n\t\t\n\t\t\t\t\t\n<div class=\"rad-container  layout_element  one_third first  top   clearfix\" id=\"rpcL3S11E49V8MP79X1U0B1TL4JJMLJN4ON\" data-layout=\"one_third\">\n\t\n\t \t\n\n\t<div class=\"rad-inner-container clearfix\">\n\t \n\n\n<div  data-key=\"rad_text_widget\"  style='-webkit-transition-delay:0s;transition-delay:0s;' id=\"rpwJAT0EKAN7F6LCUWOVD6YDDT48BIMJL23\" class=\" w_full w_layout_element  top   rad-widget\">\n\t\n<div class='ioa-text-column none  col-align-left  clearfix'> \n      \n      <div class='ioa-text-area'>\n        <h3 class='text-title'>Dr. Cristian Daher<\/h3>\n        \n        \n        \n        \n      <\/div> \n     <\/div>\n<\/div>\n<div  data-key=\"rad_image_widget\"  id=\"rpwS28CHC9TK9HURLQR6JVOU5TADF0CB7A7\" class=\" w_full w_layout_element   rad-widget\">\n\t<div class=\"image-inner-wrap image-stretched \">\n\t\t\t\t\n\t\t<div  class=' hover-item  image-align-none' itemscope itemprop='http:\/\/schema.org\/ImageObject'>   <img itemprop='image'   alt=\"\" title=\"Dr-Daher\"  class='' src='https:\/\/faardit.org.ar\/web\/wp-content\/uploads\/2025\/02\/Dr-Daher-302x363.jpg'     \/>  <\/div>\t\t\t\t\t<\/div>\n<\/div>\n\t\t\n\t<\/div>\n\n\t\n<\/div>\n\n\t\t\n<div class=\"rad-container  layout_element  two_third last top   clearfix\" id=\"rpcEWQ8OPTU9YNMBF2MDL7HB7VWXBUO8342\" data-layout=\"two_third\">\n\t\n\t \t\n\n\t<div class=\"rad-inner-container clearfix\">\n\t \n\n\n<div  data-key=\"rad_text_widget\"  style='-webkit-transition-delay:0s;transition-delay:0s;' id=\"rpwRDNG012VCNPWB7DR4PK91NW3D0H62EOU\" class=\" w_full w_layout_element  top   rad-widget\">\n\t\n<div class='ioa-text-column none  col-align-left  clearfix'> \n      \n      <div class='ioa-text-area'>\n        <h3 class='text-title'> <\/h3>\n        \n        \n        \n        \n      <\/div> \n     <\/div>\n<\/div> \n\n\n<div  data-key=\"rad_text_widget\"  style='-webkit-transition-delay:0s;transition-delay:0s;' id=\"rpwE0IXR63LJMPC5JB9WN5VPGRDDO40UT3R\" class=\" w_full w_layout_element   rad-widget\">\n\t\n<div class='ioa-text-column none  col-align-left  clearfix'> \n      \n      <div class='ioa-text-area'>\n        <h3 class='text-title'> <\/h3>\n        \n        \n        \n        \n      <\/div> \n     <\/div>\n<\/div>\n<div  data-key=\"rad_toggle_widget\"  id=\"rpwXVO4SP4LG7JEXNUJRQ8G3YV5SEWNMFKH\" class=\" w_full w_layout_element   rad-widget\">\n\n\t<div class=\"toggle-inner-wrap\">\n\t\t\n\n\t\t<div class=\" clearfix toggle-style-simple\" itemscope itemtype=\"http:\/\/schema.org\/ItemList\">\n  \t\t\n\t\t\n\t\t <div class='toggle ' itemscope itemtype='http:\/\/schema.org\/Thing'><h4><a href=\"#tg69f468dade52b\" class='toggle-title ' itemprop='name'  > <i class='ioa-front-icon  plus-2icon-'><\/i> BREVE BIO<\/a><\/h4><div id='tg69f468dade52b' itemprop='description' class='toggle-body collapse'>\n<p><span style=\"color: #000000;\">\u2022 Esp. Univ. (UBA) Diagn\u00f3stico por Im\u00e1genes<\/span><br \/><span style=\"color: #000000;\">\u2022 Prof. Univ. Nacional del Comahue &#8211; Univ. FASTA<\/span><br \/><span style=\"color: #000000;\">\u2022 Editor Asociado RAR (Rev. Arg. de Radiolog\u00eda)<\/span><br \/><span style=\"color: #000000;\">\u2022 Member ISS<\/span><br \/><span style=\"color: #000000;\">\u2022 Director de la residencia Diagnostico por Imagenes en la Clinica Pasteur de Neuquen.<\/span><br \/><span style=\"color: #000000;\">\u2022 Director del Curso Universitaro de posgrado Faardit.<\/span><br \/><span style=\"color: #000000;\">\u2022 M\u00e9dico de Staff en el \u00e1rea M\u00fasculo-Esquel\u00e9tico de la Cl\u00ednica Pasteur, Neuqu\u00e9n<\/span><br \/><span style=\"color: #000000;\">\u2022 <strong>Jefe de Servicio<\/strong> en al \u00e1rea M\u00fasculo-Esquel\u00e9tico de la Cl\u00ednica \u201cTraumatolog\u00eda del Comahue\u201d y \u00abCIMO\u00bb , Neuqu\u00e9n<\/span><\/p>\n<h5 style=\"text-align: left;\"><a href=\"https:\/\/faardit.org.ar\/web\/wp-content\/uploads\/2021\/08\/CristianDaherCVFaardit.pdf\"><strong>DESCARGAR CV<\/strong><\/a><\/h5>\n<\/div> <\/div> <div class='toggle ' itemscope itemtype='http:\/\/schema.org\/Thing'><h4><a href=\"#tg69f468dadea3f\" class='toggle-title ' itemprop='name'  > <i class='ioa-front-icon  plus-2icon-'><\/i> CLASES<\/a><\/h4><div id='tg69f468dadea3f' itemprop='description' class='toggle-body collapse'>\n<p><span style=\"color: #000000;\">Charla \u00ablesiones meniscales y ligamentarias por resonancia\u00bb<\/span><\/p>\n<p><span style=\"color: #000000;\">Sistema M\u00fasculo-esquel\u00e9tico: Generalidades en Resonancia Magn\u00e9tica. Bobinas. Secuencias.<\/span><\/p>\n<p><span style=\"color: #000000;\">Cart\u00edlago articular. Generalidades. Lesionesa osteocondrales del astr\u00e1galo.<\/span><\/p>\n<p><span style=\"color: #000000;\">Rodilla. Rese\u00f1a anat\u00f3mica.Variantes.Mediciones.<\/span><\/p>\n<p><span style=\"color: #000000;\">Rodilla. Inestabilidad Rotuliana. Medidas. M\u00e9todos de Imagen.<\/span><\/p>\n<p><span style=\"color: #000000;\">Rodilla. Patolog\u00edas mas frecuentes.<\/span><\/p>\n<p><span style=\"color: #000000;\">Tobillo: Anatom\u00eda &#8211; T\u00e9cnicas de estudio &#8211; Variantes anat\u00f3micas.<\/span><\/p>\n<p><span style=\"color: #000000;\">Tobillo: Lesiones ligamentarias y tendinosas. Sme de pinzamiento. Otras causas de dolor de tal\u00f3n.<\/span><\/p>\n<p><span style=\"color: #000000;\">Tobillo:Fracturas. Lesiones osteocondrales. Causas de edema de m\u00e9dula osea. Miscel\u00e1neas.<\/span><\/p>\n<p><span style=\"color: #000000;\">Tobillo y Pie: Talalgias y Metatarsalgias. Consideraciones anat\u00f3micas y mec\u00e1nicas.<\/span><\/p>\n<p><span style=\"color: #000000;\">Tobillo y Pie: Fascitis Plantar \u2013 Neuropat\u00eda de Baxter.<\/span><\/p>\n<p><span style=\"color: #000000;\">Hombro. Anatom\u00eda por Resonancia Magn\u00e9tica.Secuencias.<\/span><\/p>\n<p><span style=\"color: #000000;\">Hombro. Evaluaci\u00f3n del Manguito Rotador\u00a0 por US.<\/span><\/p>\n<p><span style=\"color: #000000;\">Codo. Evaluacion ecografiaca.<\/span><\/p>\n<p><span style=\"color: #000000;\">Codo. patolog\u00edas mas frecuentes.<\/span><\/p>\n<p><span style=\"color: #000000;\">Casos cl\u00ednicos Musculo &#8211; esquel\u00e9tico.<\/span><\/p>\n<p><span style=\"color: #000000;\">Infecciones del sistema musculo &#8211; esquel\u00e9tico. Artritis. Osteomielitis. Partes blandas.<\/span><\/p>\n<div><span style=\"color: #000000;\">Columna vertebral: Patolog\u00eda Discal por RM.<\/span><\/div>\n<div>\u00a0<\/div>\n<div><span style=\"color: #000000;\">Columna vertebral: Patolog\u00eda <wbr \/>Degenerativa por RM.<\/span><\/div>\n<div>\u00a0<\/div>\n<div><span style=\"color: #000000;\">Casos cl\u00ednicos: Miembro Inferior<\/span><\/div>\n<div>\u00a0<\/div>\n<div>\n<div class=\"gmail_default\"><span style=\"color: #000000;\">Utilidad del Contraste Endovenoso en Lesiones Musculoesquel\u00e9ticas<\/p>\n<p><\/span><\/div>\n<div><span style=\"color: #000000;\">Fracturas. Generalidades y clasificaci\u00f3n<\/span><\/div>\n<\/div>\n<\/div> <\/div>\n\t\t\n  \n\t\t<\/div>\n\n\t\n\t<\/div>\n<\/div>\n\n\t\t\n\t<\/div>\n\n\t\n<\/div>\n\n\t\t\t\n\t\n\t<\/div>\n\n\t\t\n\n\t\t<\/div>\n<\/div>\t\n\n<div class=\"page-section  clearfix \" style=\"z-index:5\" id='rpsW41AOR9VAR02IPWG9VQ8JD6GTAVW8IK5' data-exheight='0' >\n\t\n\t<div class=\"section-inner-wrap\">\n\n\t\t\n\n\n\t\t\t\n\n\t<div class=\"skeleton section-content auto_align clearfix\" data-width=\"Contained\">\n\t\t\n\t\t\t\t\t\n<div class=\"rad-container  layout_element  one_third first  top   clearfix\" id=\"rpcOKS60DOOJUQ3JAHWNENJV67XFQC9VVDB\" data-layout=\"one_third\">\n\t\n\t \t\n\n\t<div class=\"rad-inner-container clearfix\">\n\t \n\n\n<div  data-key=\"rad_text_widget\"  style='-webkit-transition-delay:0s;transition-delay:0s;' id=\"rpwUE9UCUH269IX9FK34VWQV59YYAVX5C73\" class=\" w_full w_layout_element  top   rad-widget\">\n\t\n<div class='ioa-text-column none  col-align-left  clearfix'> \n      \n      <div class='ioa-text-area'>\n        <h3 class='text-title'>Dr. Carlos Alfredo Capiel\t<\/h3>\n        \n        \n        \n        \n      <\/div> \n     <\/div>\n<\/div>\n<div  data-key=\"rad_image_widget\"  id=\"rpwY75T3B9LOYHVYJ53X0N0CRCRXAMG0CSV\" class=\" w_full w_layout_element   rad-widget\">\n\t<div class=\"image-inner-wrap image-stretched \">\n\t\t\t\t\n\t\t<div  class=' hover-item  image-align-none' itemscope itemprop='http:\/\/schema.org\/ImageObject'>   <img itemprop='image'   alt=\"\" title=\"CarlosCapiel\"  class='' src='https:\/\/faardit.org.ar\/web\/wp-content\/uploads\/2021\/08\/CarlosCapiel-333x333.jpg'     \/>  <\/div>\t\t\t\t\t<\/div>\n<\/div>\n\t\t\n\t<\/div>\n\n\t\n<\/div>\n\n\t\t\n<div class=\"rad-container  layout_element  two_third last top   clearfix\" id=\"rpcCLSNGNVMI8L4NMNNSIWX8HP59OTEDRT7\" data-layout=\"two_third\">\n\t\n\t \t\n\n\t<div class=\"rad-inner-container clearfix\">\n\t \n\n\n<div  data-key=\"rad_text_widget\"  style='-webkit-transition-delay:0s;transition-delay:0s;' id=\"rpwWLKC9D63V1MBTRSUQQ4V0S3G0E2A3GO2\" class=\" w_full w_layout_element  top   rad-widget\">\n\t\n<div class='ioa-text-column none  col-align-left  clearfix'> \n      \n      <div class='ioa-text-area'>\n        <h3 class='text-title'> <\/h3>\n        \n        \n        \n        \n      <\/div> \n     <\/div>\n<\/div> \n\n\n<div  data-key=\"rad_text_widget\"  style='-webkit-transition-delay:0s;transition-delay:0s;' id=\"rpwSJAHMCD2EKX60DJ3CGK17K3MHKXIML93\" class=\" w_full w_layout_element   rad-widget\">\n\t\n<div class='ioa-text-column none  col-align-left  clearfix'> \n      \n      <div class='ioa-text-area'>\n        <h3 class='text-title'> <\/h3>\n        \n        \n        \n        \n      <\/div> \n     <\/div>\n<\/div>\n<div  data-key=\"rad_toggle_widget\"  id=\"rpwO5DJSHKTKQ7MTKS9KG909O8QKWFR7RTX\" class=\" w_full w_layout_element   rad-widget\">\n\n\t<div class=\"toggle-inner-wrap\">\n\t\t\n\n\t\t<div class=\" clearfix toggle-style-simple\" itemscope itemtype=\"http:\/\/schema.org\/ItemList\">\n  \t\t\n\t\t\n\t\t <div class='toggle ' itemscope itemtype='http:\/\/schema.org\/Thing'><h4><a href=\"#tg69f468dae0b39\" class='toggle-title ' itemprop='name'  > <i class='ioa-front-icon  plus-2icon-'><\/i> BREVE BIO<\/a><\/h4><div id='tg69f468dae0b39' itemprop='description' class='toggle-body collapse'>\n<p><span style=\"color: #000000;\">\u2022 Director M\u00e9dico del Instituto Radiol\u00f3gico <\/span><\/p>\n<p><span style=\"color: #000000;\">\u2022 Jefe de Departamento de Resonancia Magn\u00e9tica y Tomograf\u00eda Computada del Instituto Radiol\u00f3gico Mar del Plata. <\/span><\/p>\n<p><span style=\"color: #000000;\">\u2022 Director M\u00e9dico de Residencia en Diagn\u00f3stico por Im\u00e1genes del Instituto Radiol\u00f3gico Mar del Plata.<\/span><\/p>\n<p><span style=\"color: #000000;\">\u2022 Jefe de Departamento de Docencia e Investigaci\u00f3n del Instituto Radiol\u00f3gico Mar del Plata. <\/span><\/p>\n<h5 style=\"text-align: left;\"><a href=\"https:\/\/faardit.org.ar\/web\/wp-content\/uploads\/2021\/08\/CarlosCapielCVFaardit.pdf\"><strong>DESCARGAR CV<\/strong><\/a><\/h5>\n<\/div> <\/div> <div class='toggle ' itemscope itemtype='http:\/\/schema.org\/Thing'><h4><a href=\"#tg69f468dae0e56\" class='toggle-title ' itemprop='name'  > <i class='ioa-front-icon  plus-2icon-'><\/i> CLASES<\/a><\/h4><div id='tg69f468dae0e56' itemprop='description' class='toggle-body collapse'>\n<p><span style=\"color: #000000;\">Qu\u00e9 necesita saber el M\u00e9dico Traumat\u00f3logo del Manguito Rotador.<\/span><\/p>\n<p><span style=\"color: #000000;\">Inestabilidad del Hombro.<\/span><\/p>\n<p><span style=\"color: #000000;\">RM en el estudio de los Tumores de Columna.<\/span><\/p>\n<p><span style=\"color: #000000;\">Casos Cl\u00ednicos Radiol\u00f3gicos de Hombro y Mu\u00f1eca<\/span><\/p>\n<p><span style=\"color: #000000;\">Casos Cl\u00ednicos Radiol\u00f3gicos de Miembro Inferior.<\/span><\/p>\n<p><span style=\"color: #000000;\">RM en el Estudio de los Tumores de Partes Blandas.<\/span><\/p>\n<p><span style=\"color: #000000;\">Tumores de Partes Blandas de Mano y Mu\u00f1eca.<\/span><\/p>\n<p><span style=\"color: #000000;\">Neuropat\u00edas por Compresi\u00f3n y Atrapamiento en Hombro.<\/span><\/p>\n<p><span style=\"color: #000000;\">Fractura de Escafoides y Mu\u00f1eca Snac.<\/span><\/p>\n<p><span style=\"color: #000000;\">Interpretaci\u00f3n Pr\u00e1ctica de Lesiones Meniscales en RM.<\/span><\/p>\n<p><span style=\"color: #000000;\">Dolor en el Lado Cubital de la Mu\u00f1eca.<\/span><\/p>\n<p><span style=\"color: #000000;\">Tumores de la Columna Vertebral<\/span><\/p>\n<\/div> <\/div>\n\t\t\n  \n\t\t<\/div>\n\n\t\n\t<\/div>\n<\/div>\n\n\t\t\n\t<\/div>\n\n\t\n<\/div>\n\n\t\t\t\n\t\n\t<\/div>\n\n\t\t\n\n\t\t<\/div>\n<\/div>\t\n\n<div class=\"page-section  clearfix \" style=\"z-index:6\" id='rpsKWYF51WHTPA8PYP9RASJBGBRCV4UE6MD' data-exheight='0' >\n\t\n\t<div class=\"section-inner-wrap\">\n\n\t\t\n\n\n\t\t\t\n\n\t<div class=\"skeleton section-content auto_align clearfix\" data-width=\"Contained\">\n\t\t\n\t\t\t\t\t\n<div class=\"rad-container  layout_element  one_third first  top   clearfix\" id=\"rpcRLOCF61JK39VA54W7KHHVOBIW833EFAW\" data-layout=\"one_third\">\n\t\n\t \t\n\n\t<div class=\"rad-inner-container clearfix\">\n\t \n\n\n<div  data-key=\"rad_text_widget\"  style='-webkit-transition-delay:0s;transition-delay:0s;' id=\"rpwCR4L1V9A4KDVJCYDRCQWS8UMLTVTAN9M\" class=\" w_full w_layout_element  top   rad-widget\">\n\t\n<div class='ioa-text-column none  col-align-left  clearfix'> \n      \n      <div class='ioa-text-area'>\n        <h3 class='text-title'>Dr. Jos\u00e9 Federico Remis<\/h3>\n        \n        \n        \n        \n      <\/div> \n     <\/div>\n<\/div>\n<div  data-key=\"rad_image_widget\"  id=\"rpwQSVV23VCWEWT7G0GNJVYC0E3OH769W1K\" class=\" w_full w_layout_element   rad-widget\">\n\t<div class=\"image-inner-wrap image-stretched \">\n\t\t\t\t\n\t\t<div  class=' hover-item  image-align-none' itemscope itemprop='http:\/\/schema.org\/ImageObject'>   <img itemprop='image'   alt=\"\" title=\"FedericoRemis\"  class='' src='https:\/\/faardit.org.ar\/web\/wp-content\/uploads\/2021\/08\/FedericoRemis-333x333.jpg'     \/>  <\/div>\t\t\t\t\t<\/div>\n<\/div>\n\t\t\n\t<\/div>\n\n\t\n<\/div>\n\n\t\t\n<div class=\"rad-container  layout_element  two_third last top   clearfix\" id=\"rpcRUN7XBVFKDBMUSUD4C3B4DXH3YN6IK6V\" data-layout=\"two_third\">\n\t\n\t \t\n\n\t<div class=\"rad-inner-container clearfix\">\n\t \n\n\n<div  data-key=\"rad_text_widget\"  style='-webkit-transition-delay:0s;transition-delay:0s;' id=\"rpwUGL3TD4RITX98N7BQH0KW3LQHJK5CR7F\" class=\" w_full w_layout_element  top   rad-widget\">\n\t\n<div class='ioa-text-column none  col-align-left  clearfix'> \n      \n      <div class='ioa-text-area'>\n        <h3 class='text-title'> <\/h3>\n        \n        \n        \n        \n      <\/div> \n     <\/div>\n<\/div> \n\n\n<div  data-key=\"rad_text_widget\"  style='-webkit-transition-delay:0s;transition-delay:0s;' id=\"rpwNYV2SYOYNDS3J18V59PJ7LP0NA7OBVNM\" class=\" w_full w_layout_element   rad-widget\">\n\t\n<div class='ioa-text-column none  col-align-left  clearfix'> \n      \n      <div class='ioa-text-area'>\n        <h3 class='text-title'> <\/h3>\n        \n        \n        \n        \n      <\/div> \n     <\/div>\n<\/div>\n<div  data-key=\"rad_toggle_widget\"  id=\"rpwDSOGJ49XB16CXY1E6HA4U5URT5BT9UIG\" class=\" w_full w_layout_element   rad-widget\">\n\n\t<div class=\"toggle-inner-wrap\">\n\t\t\n\n\t\t<div class=\" clearfix toggle-style-simple\" itemscope itemtype=\"http:\/\/schema.org\/ItemList\">\n  \t\t\n\t\t\n\t\t <div class='toggle ' itemscope itemtype='http:\/\/schema.org\/Thing'><h4><a href=\"#tg69f468dae3752\" class='toggle-title ' itemprop='name'  > <i class='ioa-front-icon  plus-2icon-'><\/i> BREVE BIO<\/a><\/h4><div id='tg69f468dae3752' itemprop='description' class='toggle-body collapse'>\n<p><span style=\"color: #000000;\">\u2022 Diagn\u00f3stico Remis. San Miguel de Tucum\u00e1n, Tucum\u00e1n. Jefe de servicio de Resonancia Magn\u00e9tica, Tomograf\u00eda, Doppler e intervencionismo musculoesquel\u00e9tico.<\/span><\/p>\n<p><span style=\"color: #000000;\">\u2022 Jefe de Trabajos Pr\u00e1cticos de la C\u00e1tedra de Radiolog\u00eda de la Facultad de Medicina de la Universidad Nacional de Tucum\u00e1n.<\/span><\/p>\n<p><span style=\"color: #000000;\">\u2022 Integrante del Comit\u00e9 Editorial de la Revista Argentina de Radiolog\u00eda.<\/span><\/p>\n<p><span style=\"color: #000000;\">\u2022 Integrante del Comit\u00e9 Cient\u00edfico del CADI<\/span><\/p>\n<p><span style=\"color: #000000;\">\u2022 Integrante del comit\u00e9 cient\u00edfico de la Sociedad Tucumana de Radiolog\u00eda, Im\u00e1genes y Terapia Radiante (SOTURAD).<\/span><\/p>\n<h5 style=\"text-align: left;\"><a href=\"https:\/\/faardit.org.ar\/web\/wp-content\/uploads\/2021\/08\/FedericoRemisCVFaardit.pdf\"><strong>DESCARGAR CV<\/strong><\/a><\/h5>\n<\/div> <\/div> <div class='toggle ' itemscope itemtype='http:\/\/schema.org\/Thing'><h4><a href=\"#tg69f468dae3b3f\" class='toggle-title ' itemprop='name'  > <i class='ioa-front-icon  plus-2icon-'><\/i> CLASES<\/a><\/h4><div id='tg69f468dae3b3f' itemprop='description' class='toggle-body collapse'>\n<p><span style=\"color: #000000;\">Resonancia Magn\u00e9tica y Ecograf\u00eda de las lesiones qu\u00edsticas y pseudoqu\u00edsticas periarticulares<\/span><\/p>\n<p><span style=\"color: #000000;\">Diagn\u00f3stico de los tumores y pseudotumores del hombro<\/span><\/p>\n<p><span style=\"color: #000000;\">Ecograf\u00eda del Hombro<\/span><\/p>\n<p><span style=\"color: #000000;\">Lesiones musculares deportivas<\/span><\/p>\n<p><span style=\"color: #000000;\">Ecograf\u00eda MSK. Patolog\u00eda m\u00e1s frecuenta &#8211; Que informar.<\/span><\/p>\n<p><span style=\"color: #000000;\">Edema de cadera<\/span><\/p>\n<p><span style=\"color: #000000;\">Evaluaci\u00f3n y patolog\u00eda de la cadera &#8211; Impingement femoroacetabular. Artroresonancia de cadera<\/span><\/p>\n<p><span style=\"color: #000000;\">Im\u00e1genes de la Resonancia de Rodilla<\/span><\/p>\n<p><span style=\"color: #000000;\">Evaluaci\u00f3n y patolog\u00eda del Pie y Tobillo<\/span><\/p>\n<p><span style=\"color: #000000;\">Fracturas por Stress<\/span><\/p>\n<p><span style=\"color: #000000;\">Fractura de ecafoides y complicaciones \u00bfExiste un m\u00e9todo ideal?<\/span><\/p>\n<p><span style=\"color: #000000;\">Infecciones musculoesquel\u00e9ticas &#8211; periprot\u00e9sicas<\/span><\/p>\n<p><span style=\"color: #000000;\">Ecograf\u00eda y RM en la evaluaci\u00f3n de la Artritis Psori\u00e1sica (PsA)<\/span><\/p>\n<p><span style=\"color: #000000;\">RM en patolog\u00eda Reumatol\u00f3gica \u2013 Espondiloartropat\u00edas seronegativas<\/span><\/p>\n<p><span style=\"color: #000000;\">Resonancia Magn\u00e9tica en la evaluaci\u00f3n de las Espondiloartritis axial (SPA)<\/span><\/p>\n<p><span style=\"color: #000000;\">Osteopat\u00edas metab\u00f3licas.<\/span><\/p>\n<p><span style=\"color: #000000;\">Diagn\u00f3stico por im\u00e1genes en la osteoporosis.<\/span><\/p>\n<p><span style=\"color: #000000;\">El rinc\u00f3n musculoesquel\u00e9tico. Aprendiendo a partir de casos.<\/span><\/p>\n<\/div> <\/div>\n\t\t\n  \n\t\t<\/div>\n\n\t\n\t<\/div>\n<\/div>\n\n\t\t\n\t<\/div>\n\n\t\n<\/div>\n\n\t\t\t\n\t\n\t<\/div>\n\n\t\t\n\n\t\t<\/div>\n<\/div>\t\n\n<div class=\"page-section  clearfix \" style=\"z-index:7\" id='rpsMTLAEY8KD2RTR5VXNIY2HOFXFSNB4FCI' data-exheight='0' >\n\t\n\t<div class=\"section-inner-wrap\">\n\n\t\t\n\n\n\t\t\t\n\n\t<div class=\"skeleton section-content auto_align clearfix\" data-width=\"Contained\">\n\t\t\n\t\t\t\t\t\n<div class=\"rad-container  layout_element  one_third first  top   clearfix\" id=\"rpcAVGNWFHUHUQE3BH2I805H6OJONRWN5GM\" data-layout=\"one_third\">\n\t\n\t \t\n\n\t<div class=\"rad-inner-container clearfix\">\n\t \n\n\n<div  data-key=\"rad_text_widget\"  style='-webkit-transition-delay:0s;transition-delay:0s;' id=\"rpwXO3AA0X03HN4QE6XINJ8MY80X6UVJ1OT\" class=\" w_full w_layout_element  top   rad-widget\">\n\t\n<div class='ioa-text-column none  col-align-left  clearfix'> \n      \n      <div class='ioa-text-area'>\n        <h3 class='text-title'>Dr. Nicol\u00e1s Cedola<\/h3>\n        \n        \n        \n        \n      <\/div> \n     <\/div>\n<\/div>\n<div  data-key=\"rad_image_widget\"  id=\"rpwYG6YAQVIVOJRKNQKYLTICBF9W6DYRUN8\" class=\" w_full w_layout_element   rad-widget\">\n\t<div class=\"image-inner-wrap image-stretched \">\n\t\t\t\t\n\t\t<div  class=' hover-item  image-align-none' itemscope itemprop='http:\/\/schema.org\/ImageObject'>   <img itemprop='image'   alt=\"\" title=\"NicolasCedola\"  class='' src='https:\/\/faardit.org.ar\/web\/wp-content\/uploads\/2021\/08\/NicolasCedola-333x333.jpg'     \/>  <\/div>\t\t\t\t\t<\/div>\n<\/div>\n\t\t\n\t<\/div>\n\n\t\n<\/div>\n\n\t\t\n<div class=\"rad-container  layout_element  two_third last top   clearfix\" id=\"rpcX0WXQUAUPYO3G06FJXHSHDCN3HO4AGD9\" data-layout=\"two_third\">\n\t\n\t \t\n\n\t<div class=\"rad-inner-container clearfix\">\n\t \n\n\n<div  data-key=\"rad_text_widget\"  style='-webkit-transition-delay:0s;transition-delay:0s;' id=\"rpwOME99TNDAVRA8X5EADTK6G2DE7IRKAU5\" class=\" w_full w_layout_element  top   rad-widget\">\n\t\n<div class='ioa-text-column none  col-align-left  clearfix'> \n      \n      <div class='ioa-text-area'>\n        <h3 class='text-title'> <\/h3>\n        \n        \n        \n        \n      <\/div> \n     <\/div>\n<\/div> \n\n\n<div  data-key=\"rad_text_widget\"  style='-webkit-transition-delay:0s;transition-delay:0s;' id=\"rpwW5W2LOXLQH6NRPI7GND95FUUOEBIY92D\" class=\" w_full w_layout_element   rad-widget\">\n\t\n<div class='ioa-text-column none  col-align-left  clearfix'> \n      \n      <div class='ioa-text-area'>\n        <h3 class='text-title'> <\/h3>\n        \n        \n        \n        \n      <\/div> \n     <\/div>\n<\/div>\n<div  data-key=\"rad_toggle_widget\"  id=\"rpwTF65LU3V6RYDELK56Y1H0OOO6H8U2F27\" class=\" w_full w_layout_element   rad-widget\">\n\n\t<div class=\"toggle-inner-wrap\">\n\t\t\n\n\t\t<div class=\" clearfix toggle-style-simple\" itemscope itemtype=\"http:\/\/schema.org\/ItemList\">\n  \t\t\n\t\t\n\t\t <div class='toggle ' itemscope itemtype='http:\/\/schema.org\/Thing'><h4><a href=\"#tg69f468dae5aaa\" class='toggle-title ' itemprop='name'  > <i class='ioa-front-icon  plus-2icon-'><\/i> BREVE BIO<\/a><\/h4><div id='tg69f468dae5aaa' itemprop='description' class='toggle-body collapse'>\n<p><span style=\"color: #000000;\">\u2022 Ki Salud &amp; Deporte, la plata, Buenos Aires. Jefe de Servicio de Im\u00e1genes<\/span><\/p>\n<p><span style=\"color: #000000;\">\u2022 Centro m\u00e9dico DiagnosGco city bell, La Plata, Buenos Aires. M\u00e9dico Staff<\/span><\/p>\n<p><span style=\"color: #000000;\">\u2022 Cytec, La Plata, Buenos Aires. M\u00e9dico Staff<\/span><\/p>\n<p><span style=\"color: #000000;\">\u2022 Croma, La Plata, Buenos Aires. M\u00e9dico Staff<\/span><\/p>\n<h5 style=\"text-align: left;\"><a href=\"https:\/\/faardit.org.ar\/web\/wp-content\/uploads\/2021\/08\/NicolasCedolaCVFaardit.pdf\"><strong>DESCARGAR CV<\/strong><\/a><\/h5>\n<\/div> <\/div> <div class='toggle ' itemscope itemtype='http:\/\/schema.org\/Thing'><h4><a href=\"#tg69f468dae5e5b\" class='toggle-title ' itemprop='name'  > <i class='ioa-front-icon  plus-2icon-'><\/i> CLASES<\/a><\/h4><div id='tg69f468dae5e5b' itemprop='description' class='toggle-body collapse'>\n<p><span style=\"color: #000000;\">Anatom\u00eda Ecografica De Hombro<\/span><\/p>\n<p><span style=\"color: #000000;\">Anatom\u00eda Por Ecograf\u00eca Y Resonancia De Codo<\/span><\/p>\n<p><span style=\"color: #000000;\">Patolog\u00eda Del Codo En Deportistas<\/span><\/p>\n<p><span style=\"color: #000000;\">Anatom\u00eda Por Resonancia Y Ecograf\u00eda De Mu\u00f1eca<\/span><\/p>\n<p><span style=\"color: #000000;\">Patolog\u00eda De Mu\u00f1eca <\/span><\/p>\n<p><span style=\"color: #000000;\">Patolog\u00eda Frecuentes De Pie Y Tobillo<\/span><\/p>\n<p><span style=\"color: #000000;\">Lesiones Por Estr\u00e9s En Deportistas<\/span><\/p>\n<p><span style=\"color: #000000;\">Principios B\u00e1sicos En Diagn\u00f3sticos Por Im\u00e1genes<\/span><\/p>\n<p><span style=\"color: #000000;\">Cadera Del Deportista, M\u00e9todos Por Im\u00e1genes <\/span><\/p>\n<p><span style=\"color: #000000;\">Lesiones Musculares En El Deporte<\/span><\/p>\n<p><span style=\"color: #000000;\">Anatom\u00eda Muscular, La Importancia De La Uni\u00f3n <\/span><br \/><span style=\"color: #000000;\">Miotendinosa<\/span><\/p>\n<p><span style=\"color: #000000;\">Patolog\u00eda Tendinosa<\/span><\/p>\n<p><span style=\"color: #000000;\">Hernias Lumbares <\/span><\/p>\n<p><span style=\"color: #000000;\">Anatom\u00eda De Rodilla<\/span><\/p>\n<p><span style=\"color: #000000;\">Patolog\u00eda Meniscal<\/span><\/p>\n<p><span style=\"color: #000000;\">Artro Resonancia, T\u00e9cnica Y Patol\u00f3gica Frecuente<\/span><\/p>\n<\/div> <\/div>\n\t\t\n  \n\t\t<\/div>\n\n\t\n\t<\/div>\n<\/div>\n\n\t\t\n\t<\/div>\n\n\t\n<\/div>\n\n\t\t\t\n\t\n\t<\/div>\n\n\t\t\n\n\t\t<\/div>\n<\/div>\t\n\n<div class=\"page-section  clearfix \" style=\"z-index:8\" id='rpsU0OPKDEEFDR74L4RMDYX7JD86DOYIFTT' data-exheight='0' >\n\t\n\t<div class=\"section-inner-wrap\">\n\n\t\t\n\n\n\t\t\t\n\n\t<div class=\"skeleton section-content auto_align clearfix\" data-width=\"Contained\">\n\t\t\n\t\t\t\t\t\n<div class=\"rad-container  layout_element  one_third first  top   clearfix\" id=\"rpcJ7LFLNQN7Q5O6Q3SWOQSX78V1DEHI4OY\" data-layout=\"one_third\">\n\t\n\t \t\n\n\t<div class=\"rad-inner-container clearfix\">\n\t \n\n\n<div  data-key=\"rad_text_widget\"  style='-webkit-transition-delay:0s;transition-delay:0s;' id=\"rpwTFR7V6ICBFTBSY1BYBCEOGXBLQ72F9C7\" class=\" w_full w_layout_element  top   rad-widget\">\n\t\n<div class='ioa-text-column none  col-align-left  clearfix'> \n      \n      <div class='ioa-text-area'>\n        <h3 class='text-title'>Dra. Patricia A. Nally<\/h3>\n        \n        \n        \n        \n      <\/div> \n     <\/div>\n<\/div>\n<div  data-key=\"rad_image_widget\"  id=\"rpwWCITTE09WYH21HM2V35XB8A02SA0EKXQ\" class=\" w_full w_layout_element   rad-widget\">\n\t<div class=\"image-inner-wrap image-stretched \">\n\t\t\t\t\n\t\t<div  class=' hover-item  image-align-none' itemscope itemprop='http:\/\/schema.org\/ImageObject'>   <img itemprop='image'   alt=\"\" title=\"PatriciaNally\"  class='' src='https:\/\/faardit.org.ar\/web\/wp-content\/uploads\/2021\/08\/PatriciaNally-333x333.jpg'     \/>  <\/div>\t\t\t\t\t<\/div>\n<\/div>\n\t\t\n\t<\/div>\n\n\t\n<\/div>\n\n\t\t\n<div class=\"rad-container  layout_element  two_third last top   clearfix\" id=\"rpcHY2QBADCF7SUD9DC54PVUV1CDQ8CBWDG\" data-layout=\"two_third\">\n\t\n\t \t\n\n\t<div class=\"rad-inner-container clearfix\">\n\t \n\n\n<div  data-key=\"rad_text_widget\"  style='-webkit-transition-delay:0s;transition-delay:0s;' id=\"rpwIIQ54AU13VQQHEQVG3PHT510T74FO76Q\" class=\" w_full w_layout_element  top   rad-widget\">\n\t\n<div class='ioa-text-column none  col-align-left  clearfix'> \n      \n      <div class='ioa-text-area'>\n        <h3 class='text-title'> <\/h3>\n        \n        \n        \n        \n      <\/div> \n     <\/div>\n<\/div> \n\n\n<div  data-key=\"rad_text_widget\"  style='-webkit-transition-delay:0s;transition-delay:0s;' id=\"rpwIE5N63XPHU8634NYOGKQ96F5RMT93DT5\" class=\" w_full w_layout_element   rad-widget\">\n\t\n<div class='ioa-text-column none  col-align-left  clearfix'> \n      \n      <div class='ioa-text-area'>\n        <h3 class='text-title'> <\/h3>\n        \n        \n        \n        \n      <\/div> \n     <\/div>\n<\/div>\n<div  data-key=\"rad_toggle_widget\"  id=\"rpwLY46TPPOV171ROT6HGUT9648LC8S0JU3\" class=\" w_full w_layout_element   rad-widget\">\n\n\t<div class=\"toggle-inner-wrap\">\n\t\t\n\n\t\t<div class=\" clearfix toggle-style-simple\" itemscope itemtype=\"http:\/\/schema.org\/ItemList\">\n  \t\t\n\t\t\n\t\t <div class='toggle ' itemscope itemtype='http:\/\/schema.org\/Thing'><h4><a href=\"#tg69f468dae9f57\" class='toggle-title ' itemprop='name'  > <i class='ioa-front-icon  plus-2icon-'><\/i> BREVE BIO<\/a><\/h4><div id='tg69f468dae9f57' itemprop='description' class='toggle-body collapse'>\n<p><span style=\"color: #000000;\">\u2022 Medica de Planta Permanente en el Servicio de Diagn\u00f3stico por Im\u00e1genes del Hospital Interzonal Especializado Materno Infantil de Mar del Plata<\/span><\/p>\n<p><span style=\"color: #000000;\">\u2022 Jefe de Unidad de Diagn\u00f3stico y Tratamiento, Alta Complejidad TAC e Intervencionismo en Hospital Interzonal Especializado Materno Infantil de Mar del Plata.<\/span><\/p>\n<p><span style=\"color: #000000;\">\u2022 Jefe de Servicio de Radiolog\u00eda y Ultrasonido de Traumat\u00f3logos Asociados Mar del Plata<\/span><\/p>\n<p><span style=\"color: #000000;\">\u2022 Encargada del Area de Diagn\u00f3stico por Im\u00e1genes en Hemofilia, Fundaci\u00f3n Hemofilia Mar del Plata.<\/span><\/p>\n<h5 style=\"text-align: left;\"><a href=\"https:\/\/faardit.org.ar\/web\/wp-content\/uploads\/2021\/08\/PatriciaNallyCVFaardit.pdf\"><strong>DESCARGAR CV<\/strong><\/a><\/h5>\n<\/div> <\/div> <div class='toggle ' itemscope itemtype='http:\/\/schema.org\/Thing'><h4><a href=\"#tg69f468daea52b\" class='toggle-title ' itemprop='name'  > <i class='ioa-front-icon  plus-2icon-'><\/i> CLASES<\/a><\/h4><div id='tg69f468daea52b' itemprop='description' class='toggle-body collapse'>\n<ul>\n<li><span style=\"color: #000000;\">Ecograf\u00eda de Hombro en el Ni\u00f1o y Adolescente: Anatom\u00eda, T\u00e9cnica y Tips<\/span><\/li>\n<li><span style=\"color: #000000;\">Sistem\u00e1tica de evaluaci\u00f3n con ecograf\u00eda de la Rodilla del adulto y del Joven<\/span><\/li>\n<li><span style=\"color: #000000;\">Sistem\u00e1tica de evaluaci\u00f3n con ecograf\u00eda de la Cadera del Ni\u00f1o y del Adolescente<\/span><\/li>\n<li><span style=\"color: #000000;\">Ecograf\u00eda de Cadera del Adulto: Como lo hago?<\/span><\/li>\n<li><span style=\"color: #000000;\">Lo que debemos saber de Sobrecarga Deportiva en Ni\u00f1os y Adolescentes: D\u00f3nde buscarla?<\/span><\/li>\n<li><span style=\"color: #000000;\">Abordaje de las Lesiones Costales con Ultrasonido: Consejos y Trucos<\/span><\/li>\n<li><span style=\"color: #000000;\">Epidemiolog\u00eda de las Lesiones Deportivas: Trucos y Recomendaciones<\/span><\/li>\n<li><span style=\"color: #000000;\">S\u00edndrome de Almohadilla Grasa Plantar: Anatom\u00eda, t\u00e9cnica y algo mas<\/span><\/li>\n<li><span style=\"color: #000000;\">Patolog\u00eda de la planta del pie m\u00e1s all\u00e1 de la Fascitis Plantar<\/span><\/li>\n<li><span style=\"color: #000000;\">Rondando la Patolog\u00eda del Tend\u00f3n de Aquiles<\/span><\/li>\n<li><span style=\"color: #000000;\">Valoraci\u00f3n Multidisciplinaria en la Patolog\u00eda Musculoesquel\u00e9tica: Rol del Ecografista en el Equipo de Trabajo<\/span><\/li>\n<li><span style=\"color: #000000;\">Tips Diagn\u00f3sticos y Sistem\u00e1tica de Estudio en Ecograf\u00eda Musculoesquel\u00e9tica<\/span><\/li>\n<li><span style=\"color: #000000;\">Valoraci\u00f3n Articular con Ultrasonido: Hallazgos sub cl\u00ednicos<\/span><\/li>\n<li><span style=\"color: #000000;\">ABC de las Im\u00e1genes en el Paciente con Hemofilia: Lo que el Radi\u00f3logo necesita saber<\/span><\/li>\n<li><span style=\"color: #000000;\">Ecograf\u00eda en Hemofilia: Que buscar? D\u00f3nde buscar? Fundamentos del M\u00e9todo HEAD-US<\/span><\/li>\n<li><span style=\"color: #000000;\">Ecograf\u00eda Deportiva en la edad Pedi\u00e1trica: un pedido cada vez m\u00e1s frecuente<\/span><\/li>\n<li><span style=\"color: #000000;\">Lesiones Deportivas en Ni\u00f1as<\/span><\/li>\n<li><span style=\"color: #000000;\">Epidemiolog\u00eda de las Lesiones Deportivas: Trucos y Recomendaciones<\/span><\/li>\n<li><span style=\"color: #000000;\">Ecograf\u00eda de la Cadera en el Ni\u00f1o deportista: Anatom\u00eda, T\u00e9cnica y Tips<\/span><\/li>\n<li><span style=\"color: #000000;\">Ecograf\u00eda de la Rodilla en el Ni\u00f1o deportista: Anatom\u00eda, T\u00e9cnica y Tips \u00a0\u00a0<\/span><\/li>\n<li><span style=\"color: #000000;\">C\u00f3mo optimizar el estudio de partes blandas con Ultrasonido en Pediatr\u00eda<\/span><\/li>\n<li><span style=\"color: #000000;\">Casos Desafiantes en Ecograf\u00eda MSK Pedi\u00e1trica<\/span><\/li>\n<li><span style=\"color: #000000;\">Sistem\u00e1tica de estudio en la Ecograf\u00eda MSK Pedi\u00e1trica: de lo sencillo a lo complejo<\/span><\/li>\n<li><span style=\"color: #000000;\">Displasia del Desarrollo de la Cadera: Puesta al d\u00eda<\/span><\/li>\n<li><span style=\"color: #000000;\">Ecograf\u00eda de Caderas en la evaluaci\u00f3n de la DDC: Errores m\u00e1s frecuentes<\/span><\/li>\n<li><span style=\"color: #000000;\">Fracturas en Ni\u00f1os: Lo que debemos saber<\/span><\/li>\n<li><span style=\"color: #000000;\">Epifisiolisis de Cadera: Lo que el radi\u00f3logo debe saber<\/span><\/li>\n<li><span style=\"color: #000000;\">Cambios Degenerativos Osteocondrales en Ni\u00f1os: Detecci\u00f3n Precoz con Ultrasonido<\/span><\/li>\n<li><span style=\"color: #000000;\">Capacitaci\u00f3n en Ecograf\u00eda del paciente Hemof\u00edlico: Modalidad Hands On<\/span><\/li>\n<li><span style=\"color: #000000;\">Capacitaci\u00f3n en Ecograf\u00eda MSK Pedi\u00e1trica: Modalidad Hands On<\/span><\/li>\n<\/ul>\n<\/div> <\/div>\n\t\t\n  \n\t\t<\/div>\n\n\t\n\t<\/div>\n<\/div>\n\n\t\t\n\t<\/div>\n\n\t\n<\/div>\n\n\t\t\t\n\t\n\t<\/div>\n\n\t\t\n\n\t\t<\/div>\n<\/div>\t\n\n<div class=\"page-section  clearfix \" style=\"z-index:9\" id='rpsTPSQQQE25JNS9LROXHE4QWQYNQVY0BI4' data-exheight='0' >\n\t\n\t<div class=\"section-inner-wrap\">\n\n\t\t\n\n\n\t\t\t\n\n\t<div class=\"skeleton section-content auto_align clearfix\" data-width=\"Contained\">\n\t\t\n\t\t\t\t\t\n<div class=\"rad-container  layout_element  one_third first  top   clearfix\" id=\"rpcJ2OPLWS0PQR7MY84FQ1CN0SOXASMU735\" data-layout=\"one_third\">\n\t\n\t \t\n\n\t<div class=\"rad-inner-container clearfix\">\n\t \n\n\n<div  data-key=\"rad_text_widget\"  style='-webkit-transition-delay:0s;transition-delay:0s;' id=\"rpwVH60LGARGB9VVQTRUAQ0S7AO2XPBXTIX\" class=\" w_full w_layout_element  top   rad-widget\">\n\t\n<div class='ioa-text-column none  col-align-left  clearfix'> \n      \n      <div class='ioa-text-area'>\n        <h3 class='text-title'>Dr. Rodrigo Re<\/h3>\n        \n        \n        \n        \n      <\/div> \n     <\/div>\n<\/div>\n<div  data-key=\"rad_image_widget\"  id=\"rpwY43828FDYIWB5Y36XX970PFKTHLV8EYL\" class=\" w_full w_layout_element   rad-widget\">\n\t<div class=\"image-inner-wrap image-stretched \">\n\t\t\t\t\n\t\t<div  class=' hover-item  image-align-none' itemscope itemprop='http:\/\/schema.org\/ImageObject'>   <img itemprop='image'   alt=\"\" title=\"RodrigoRe\"  class='' src='https:\/\/faardit.org.ar\/web\/wp-content\/uploads\/2021\/08\/RodrigoRe-333x333.jpg'     \/>  <\/div>\t\t\t\t\t<\/div>\n<\/div>\n\t\t\n\t<\/div>\n\n\t\n<\/div>\n\n\t\t\n<div class=\"rad-container  layout_element  two_third last top   clearfix\" id=\"rpcRNVYHCUVG81D36MNGA184HJ2BSTVNVXG\" data-layout=\"two_third\">\n\t\n\t \t\n\n\t<div class=\"rad-inner-container clearfix\">\n\t \n\n\n<div  data-key=\"rad_text_widget\"  style='-webkit-transition-delay:0s;transition-delay:0s;' id=\"rpwE5LYO62HYEDAQLI8PL52B0XUSCW6A8TJ\" class=\" w_full w_layout_element  top   rad-widget\">\n\t\n<div class='ioa-text-column none  col-align-left  clearfix'> \n      \n      <div class='ioa-text-area'>\n        <h3 class='text-title'> <\/h3>\n        \n        \n        \n        \n      <\/div> \n     <\/div>\n<\/div> \n\n\n<div  data-key=\"rad_text_widget\"  style='-webkit-transition-delay:0s;transition-delay:0s;' id=\"rpwQTS8PXTQV2GICFGVDTLQD97T54FLQFGC\" class=\" w_full w_layout_element   rad-widget\">\n\t\n<div class='ioa-text-column none  col-align-left  clearfix'> \n      \n      <div class='ioa-text-area'>\n        <h3 class='text-title'> <\/h3>\n        \n        \n        \n        \n      <\/div> \n     <\/div>\n<\/div>\n<div  data-key=\"rad_toggle_widget\"  id=\"rpwMYLU8SVAT5VC8ADU2L5VJT48HVN4KVEC\" class=\" w_full w_layout_element   rad-widget\">\n\n\t<div class=\"toggle-inner-wrap\">\n\t\t\n\n\t\t<div class=\" clearfix toggle-style-simple\" itemscope itemtype=\"http:\/\/schema.org\/ItemList\">\n  \t\t\n\t\t\n\t\t <div class='toggle ' itemscope itemtype='http:\/\/schema.org\/Thing'><h4><a href=\"#tg69f468daec591\" class='toggle-title ' itemprop='name'  > <i class='ioa-front-icon  plus-2icon-'><\/i> BREVE BIO<\/a><\/h4><div id='tg69f468daec591' itemprop='description' class='toggle-body collapse'>\n<p><span style=\"color: #000000;\">\u2022 JEFE DEL DEPARTAMENTO DE OSTEOARTICULAR en el Servicio de Diagn\u00f3stico por Im\u00e1genes del Sanatorio Allende, C\u00f3rdoba, Argentina.<\/span><\/p>\n<p><span style=\"color: #000000;\">\u2022 M\u00c9DICO DE PLANTA EN EL SERVICIO DE DIAGN\u00d3STICO POR IM\u00c1GNES DEL SANATORIO ALLENDE, C\u00d3RDOBA, ARGENTINA.<\/span><\/p>\n<p><span style=\"color: #000000;\">\u2022 JEFE DE TRABAJOS PR\u00c1CTICOS en la C\u00e1tedra de DIAGNOSTICO POR IMAGENES de la Facultad de Medicina de la Universidad Cat\u00f3lica de C\u00f3rdoba.<\/span><\/p>\n<p><span style=\"color: #000000;\">\u2022 Director del Curso Bienal 2021 \u2013 2022 Organizado por la Sociedad de Radiolog\u00eda y Diagn\u00f3stico por Im\u00e1genes de la Provincia de C\u00f3rdoba (SORDIC).<\/span><\/p>\n<h5 style=\"text-align: left;\"><a href=\"https:\/\/faardit.org.ar\/web\/wp-content\/uploads\/2021\/08\/RodrigoReCVFaardit.pdf\"><strong>DESCARGAR CV<\/strong><\/a><\/h5>\n<\/div> <\/div> <div class='toggle ' itemscope itemtype='http:\/\/schema.org\/Thing'><h4><a href=\"#tg69f468daeca78\" class='toggle-title ' itemprop='name'  > <i class='ioa-front-icon  plus-2icon-'><\/i> CLASES<\/a><\/h4><div id='tg69f468daeca78' itemprop='description' class='toggle-body collapse'>\n<p><span style=\"color: #000000;\">1. Introducci\u00f3n al Mundo del Sarcoma (15 minutos)<\/span><br \/><span style=\"color: #000000;\">2. Biopsia: Tipos, donde y como? (15 minutos)<\/span><br \/><span style=\"color: #000000;\">3. Semiolog\u00eda de los Tumores \u00d3seos (20 minutos)<\/span><br \/><span style=\"color: #000000;\">4. Semiolog\u00eda de los Tumores de Partes Blandas (20 minutos)<\/span><br \/><span style=\"color: #000000;\">5. Estadificaci\u00f3n de los Sarcomas (20 minutos)<\/span><br \/><span style=\"color: #000000;\">6. Evaluaci\u00f3n Imagenol\u00f3gica de la Respuesta de los Sarcomas. RECIST (20 minutos)<\/span><br \/><span style=\"color: #000000;\">7. Introducci\u00f3n a la Cirug\u00eda de los Sarcomas. Sarcomas de Partes Blandas (15 minutos)<\/span><br \/><span style=\"color: #000000;\">8. Introducci\u00f3n a la Cirug\u00eda de los Sarcomas. Sarcomas del Esqueleto Apendicular (15 minutos)<\/span><br \/><span style=\"color: #000000;\">9. Osteosarcoma (15 minutos)<\/span><br \/><span style=\"color: #000000;\">10. Condrosarcoma (15 minutos)<\/span><br \/><span style=\"color: #000000;\">11. Cordoma (15 minutos)<\/span><br \/><span style=\"color: #000000;\">12. Tumor de C\u00e9lulas Gigantes (15 minutos)<\/span><br \/><span style=\"color: #000000;\">13. La Importancia del Manejo Multidisciplinario en Centros de Referencia (15 minutos)<\/span><br \/><span style=\"color: #000000;\">14. Liposarcoma (15 minutos)<\/span><br \/><span style=\"color: #000000;\">15. Tumores Fibrobl\u00e1sticos: Fibrosarcoma y sus Variantes (15 minutos)<\/span><br \/><span style=\"color: #000000;\">16. Dermatofibrosarcoma Protuberans (15 minutos)<\/span><br \/><span style=\"color: #000000;\">17. Tumor de la Vaina Nerviosa Perif\u00e9rica (15 minutos)<\/span><br \/><span style=\"color: #000000;\">18. Sarcoma Sinovial (15 minutos)<\/span><br \/><span style=\"color: #000000;\">19. Sarcomas Raros de Origen Vascular: Hemangioendotelioma (15 minutos)<\/span><br \/><span style=\"color: #000000;\">20. Sarcomas en Ni\u00f1os y Adolescentes. Conceptos fundamentales (15 minutos)<\/span><br \/><span style=\"color: #000000;\">21. Sarcoma de Ewing (15 minutos)<\/span><br \/><span style=\"color: #000000;\">22. Rabdomiosarcoma (15 minutos)<\/span><br \/><span style=\"color: #000000;\">23. Lipoma y Lipomatosis (15 minutos)<\/span><br \/><span style=\"color: #000000;\">24. Tumor Tendinoso de C\u00e9lulas Gigantes (Sinovitis Vellonodular Pigmentada). (15 minutos)<\/span><br \/><span style=\"color: #000000;\">25. Tumor Desmoide (15 minutos)<\/span><br \/><span style=\"color: #000000;\">26. Inferencia Diagn\u00f3stica en Tumores de Partes Blandas (15 minutos)<\/span><br \/><span style=\"color: #000000;\">27. Tumores Musculoesquel\u00e9ticos. Abordaje Pr\u00e1ctico. (20 minutos)<\/span><br \/><span style=\"color: #000000;\">28. Tratamiento M\u00ednimamente Invasivo \u00bfCu\u00e1ndo? (15 minutos)<\/span><br \/><span style=\"color: #000000;\">29. Tumores \u00d3seos. Casos (clase interactiva con participaci\u00f3n del p\u00fablico)<\/span><br \/><span style=\"color: #000000;\">30. VALORACION IMAGENOLOGICA DESPUES DE UNA CIRUGIA \u201cWHOOPS\u201d \u00bfCU\u00c1NDO Y QUE? (15 minutos)<\/span><\/p>\n<\/div> <\/div>\n\t\t\n  \n\t\t<\/div>\n\n\t\n\t<\/div>\n<\/div>\n\n\t\t\n\t<\/div>\n\n\t\n<\/div>\n\n\t\t\t\n\t\n\t<\/div>\n\n\t\t\n\n\t\t<\/div>\n<\/div>\t\n\n<div class=\"page-section  clearfix last-section\" style=\"z-index:10\" id='rpsHI5YDR7R6EBR6W9A5Q996BD0J937PLCD' data-exheight='0' >\n\t\n\t<div class=\"section-inner-wrap\">\n\n\t\t\n\n\n\t\t\t\n\n\t<div class=\"skeleton section-content auto_align clearfix\" data-width=\"Contained\">\n\t\t\n\t\t\t\t\t\n<div class=\"rad-container  layout_element  one_third first  top   clearfix\" id=\"rpcJ831YI7WF0GLMB0F6OGX0RMJO98YIR4D\" data-layout=\"one_third\">\n\t\n\t \t\n\n\t<div class=\"rad-inner-container clearfix\">\n\t \n\n\n<div  data-key=\"rad_text_widget\"  style='-webkit-transition-delay:0s;transition-delay:0s;' id=\"rpwM948SIR21X5OLQJETMTYTE2Y6D6XKVNL\" class=\" w_full w_layout_element  top   rad-widget\">\n\t\n<div class='ioa-text-column none  col-align-left  clearfix'> \n      \n      <div class='ioa-text-area'>\n        <h3 class='text-title'>Dr. Silvio Marchegiani<\/h3>\n        \n        \n        \n        \n      <\/div> \n     <\/div>\n<\/div>\n<div  data-key=\"rad_image_widget\"  id=\"rpwJEDYDC3NSOP4I01H4V64E92TO99BVLTP\" class=\" w_full w_layout_element   rad-widget\">\n\t<div class=\"image-inner-wrap image-stretched \">\n\t\t\t\t\n\t\t<div  class=' hover-item  image-align-none' itemscope itemprop='http:\/\/schema.org\/ImageObject'>   <img itemprop='image'   alt=\"\" title=\"SilvioMarchegiani\"  class='' src='https:\/\/faardit.org.ar\/web\/wp-content\/uploads\/2021\/08\/SilvioMarchegiani-333x333.jpg'     \/>  <\/div>\t\t\t\t\t<\/div>\n<\/div>\n\t\t\n\t<\/div>\n\n\t\n<\/div>\n\n\t\t\n<div class=\"rad-container  layout_element  two_third last top   clearfix\" id=\"rpcHGJHW3I1GLE38Q4UDV4W0U4ANEWSRF8U\" data-layout=\"two_third\">\n\t\n\t \t\n\n\t<div class=\"rad-inner-container clearfix\">\n\t \n\n\n<div  data-key=\"rad_text_widget\"  style='-webkit-transition-delay:0s;transition-delay:0s;' id=\"rpwQNM0HLDT5Y3AR4JHCIFROW07MTQA6VMT\" class=\" w_full w_layout_element  top   rad-widget\">\n\t\n<div class='ioa-text-column none  col-align-left  clearfix'> \n      \n      <div class='ioa-text-area'>\n        <h3 class='text-title'> <\/h3>\n        \n        \n        \n        \n      <\/div> \n     <\/div>\n<\/div> \n\n\n<div  data-key=\"rad_text_widget\"  style='-webkit-transition-delay:0s;transition-delay:0s;' id=\"rpwLISRL0A8M0K9NS6JWEWVEURMV4XOIKDX\" class=\" w_full w_layout_element   rad-widget\">\n\t\n<div class='ioa-text-column none  col-align-left  clearfix'> \n      \n      <div class='ioa-text-area'>\n        <h3 class='text-title'> <\/h3>\n        \n        \n        \n        \n      <\/div> \n     <\/div>\n<\/div>\n<div  data-key=\"rad_toggle_widget\"  id=\"rpwG5J4SFYUY9LRGN7VK9W3XUQVBLGWLTQ0\" class=\" w_full w_layout_element   rad-widget\">\n\n\t<div class=\"toggle-inner-wrap\">\n\t\t\n\n\t\t<div class=\" clearfix toggle-style-simple\" itemscope itemtype=\"http:\/\/schema.org\/ItemList\">\n  \t\t\n\t\t\n\t\t <div class='toggle ' itemscope itemtype='http:\/\/schema.org\/Thing'><h4><a href=\"#tg69f468daee98a\" class='toggle-title ' itemprop='name'  > <i class='ioa-front-icon  plus-2icon-'><\/i> BREVE BIO<\/a><\/h4><div id='tg69f468daee98a' itemprop='description' class='toggle-body collapse'>\n<p><span style=\"color: #000000;\">\u2022 DIRECTOR M\u00c9DICO CIDI. Centro integral de diagn\u00f3stico<\/span><\/p>\n<p><span style=\"color: #000000;\">\u2022 JEFE DEPARTAMENTO MUSCULOESQUEL\u00c9TICO CL\u00cdNICA UNIVERSITARIA REYNA FABIOLA<\/span><\/p>\n<p><span style=\"color: #000000;\">\u2022 Comit\u00e9 Consultor Nacional. Imagenolog\u00eda Musculoesquel\u00e9tica. Revista Argentina de Radiolog\u00eda.<\/span><\/p>\n<h5 style=\"text-align: left;\"><a href=\"https:\/\/faardit.org.ar\/web\/wp-content\/uploads\/2021\/08\/SilvioMarchegianiCVFaardit.pdf\"><strong>DESCARGAR CV<\/strong><\/a><\/h5>\n<\/div> <\/div> <div class='toggle ' itemscope itemtype='http:\/\/schema.org\/Thing'><h4><a href=\"#tg69f468daeec91\" class='toggle-title ' itemprop='name'  > <i class='ioa-front-icon  plus-2icon-'><\/i> CLASES<\/a><\/h4><div id='tg69f468daeec91' itemprop='description' class='toggle-body collapse'>\n<p><span style=\"color: #000000;\">Ecograf\u00eda musculoesquel\u00e8tica<\/span><\/p>\n<p><span style=\"color: #000000;\">Intervencionismo musculoesquel\u00e9tico<\/span><\/p>\n<p><span style=\"color: #000000;\">intervencionismo en columna<\/span><\/p>\n<p><span style=\"color: #000000;\">lesiones meniscales en rodilla<\/span><\/p>\n<p><span style=\"color: #000000;\">Lesiones ligamentarias en rodilla<\/span><\/p>\n<p><span style=\"color: #000000;\">Lesiones m\u00e1s frecuentes en cadera<\/span><\/p>\n<p><span style=\"color: #000000;\">Lesiones m\u00e1s frecuentes en tobillo y pie<\/span><\/p>\n<p><span style=\"color: #000000;\">Patolog\u00eda del pie<\/span><\/p>\n<p><span style=\"color: #000000;\">Lesiones codo<\/span><\/p>\n<p><span style=\"color: #000000;\">Patolog\u00eda de mu\u00f1eca<\/span><\/p>\n<p><span style=\"color: #000000;\">Tumores musculoesquel\u00e8ticos<\/span><\/p>\n<p><span style=\"color: #000000;\">Patolog\u00eda inflamatoria articular<\/span><\/p>\n<\/div> <\/div>\n\t\t\n  \n\t\t<\/div>\n\n\t\n\t<\/div>\n<\/div>\n\n\t\t\n\t<\/div>\n\n\t\n<\/div>\n\n\t\t\n<div class=\"rad-container  layout_element  full last first   clearfix\" id=\"rpcYFFCMOXHPHX9158M2C0HK8NLKMSA6EIG\" data-layout=\"full\">\n\t<span class=\"vline\" style='-webkit-transition-delay:700ms;transition-delay:700ms;'><\/span>\n\t \t\n\n\t<div class=\"rad-inner-container clearfix\">\n\t\t\t\n\t<\/div>\n\n\t\n<\/div>\n\n\t\t\t\n\t\n\t<\/div>\n\n\t\t\n\n\t\t<\/div>\n<\/div>\t\n\n<\/p>\n","protected":false},"excerpt":{"rendered":"","protected":false},"author":1,"featured_media":0,"parent":0,"menu_order":0,"comment_status":"closed","ping_status":"closed","template":"","meta":[],"_links":{"self":[{"href":"https:\/\/faardit.org.ar\/web\/wp-json\/wp\/v2\/pages\/5406"}],"collection":[{"href":"https:\/\/faardit.org.ar\/web\/wp-json\/wp\/v2\/pages"}],"about":[{"href":"https:\/\/faardit.org.ar\/web\/wp-json\/wp\/v2\/types\/page"}],"author":[{"embeddable":true,"href":"https:\/\/faardit.org.ar\/web\/wp-json\/wp\/v2\/users\/1"}],"replies":[{"embeddable":true,"href":"https:\/\/faardit.org.ar\/web\/wp-json\/wp\/v2\/comments?post=5406"}],"version-history":[{"count":22,"href":"https:\/\/faardit.org.ar\/web\/wp-json\/wp\/v2\/pages\/5406\/revisions"}],"predecessor-version":[{"id":8129,"href":"https:\/\/faardit.org.ar\/web\/wp-json\/wp\/v2\/pages\/5406\/revisions\/8129"}],"wp:attachment":[{"href":"https:\/\/faardit.org.ar\/web\/wp-json\/wp\/v2\/media?parent=5406"}],"curies":[{"name":"wp","href":"https:\/\/api.w.org\/{rel}","templated":true}]}}