{"id":5416,"date":"2022-01-21T18:40:46","date_gmt":"2022-01-21T18:40:46","guid":{"rendered":"https:\/\/faardit.org.ar\/web\/?page_id=5416"},"modified":"2024-08-09T13:37:32","modified_gmt":"2024-08-09T13:37:32","slug":"profesores-abdomen","status":"publish","type":"page","link":"https:\/\/faardit.org.ar\/web\/profesores-abdomen\/","title":{"rendered":"Profesores &#8211; Abdomen"},"content":{"rendered":"<p><div class=\"page-section  clearfix first-section\" style=\"z-index:1\" id='rpsISXVLO8UJVJAHVVNXXNHLGA1UE50TRQV' data-exheight='0' >\n\t\n\t<div class=\"section-inner-wrap\">\n\n\t\t\n\n\n\t\t\t\n\n\t<div class=\"skeleton section-content auto_align clearfix\" data-width=\"Contained\">\n\t\t\n\t\t\t\t\t\n<div class=\"rad-container  layout_element  full last first  top   clearfix\" id=\"rpcOM32CC73Q7Q3T91R6FBV1MTT7GE09V1T\" data-layout=\"full\">\n\t\n\t \t\n\n\t<div class=\"rad-inner-container clearfix\">\n\t \n\n\n<div  data-key=\"rad_text_widget\"  style='-webkit-transition-delay:0s;transition-delay:0s;' id=\"rpwYUKG3M4KRMP3V05Q9QBCVYETBENJTIX9\" class=\" w_full w_layout_element  top  widget-animate widget-animate-fade-top  rad-widget\">\n\t\n<div class='ioa-text-column centered  col-align-center  clearfix'> \n      <div class='ioa-icon-area' style='margin-top:0'> <img src='https:\/\/faardit.org.ar\/web\/wp-content\/uploads\/2024\/01\/Abdomen-Ene24@2x.png' alt='text icon'\/>  <\/div>\n      <div class='ioa-text-area'>\n        <h3 class='text-title'>Abdomen<\/h3>\n        \n        \n        \n        \n      <\/div> \n     <\/div>\n<\/div>\n<div  data-key=\"rad_divider_widget\"  id=\"rpwETJQXWJDVLJ2MD8I8CIFH8HEL7D7IOC4\" class=\" w_full w_layout_element   rad-widget\" style=\"padding:\">\n\t<div class=\"divider line\"  >\n\t\t\t\t\t\t\t\t\t<\/div>\n<\/div>\n\n\t\t\n\t<\/div>\n\n\t\n<\/div>\n\n\t\t\t\n\t\n\t<\/div>\n\n\t\t\n\n\t\t<\/div>\n<\/div>\t\n\n<div class=\"page-section  clearfix \" style=\"z-index:2\" id='rpsXQUVDVLDWSH9L06U0ST5MKG2FAVLS159' data-exheight='0' >\n\t\n\t<div class=\"section-inner-wrap\">\n\n\t\t\n\n\n\t\t\t\n\n\t<div class=\"skeleton section-content auto_align clearfix\" data-width=\"Contained\">\n\t\t\n\t\t\t\t\t\n<div class=\"rad-container  layout_element  one_third first  top   clearfix\" id=\"rpcY0I5QYH2KPUPMPXBFEA3W17QAD739ITM\" data-layout=\"one_third\">\n\t\n\t \t\n\n\t<div class=\"rad-inner-container clearfix\">\n\t \n\n\n<div  data-key=\"rad_text_widget\"  style='-webkit-transition-delay:0s;transition-delay:0s;' id=\"rpwR560V1OCDEU6NE9977E7WJT5ESHSHATP\" class=\" w_full w_layout_element  top   rad-widget\">\n\t\n<div class='ioa-text-column none  col-align-left  clearfix'> \n      \n      <div class='ioa-text-area'>\n        <h3 class='text-title'>Dra. Lorena Coto Solari<\/h3>\n        \n        \n        \n        \n      <\/div> \n     <\/div>\n<\/div>\n<div  data-key=\"rad_image_widget\"  id=\"rpwWMF2JYGNPQPJMFIYIAD6QJBGNXW61DAG\" class=\" w_full w_layout_element   rad-widget\">\n\t<div class=\"image-inner-wrap image-stretched \">\n\t\t\t\t\n\t\t<div  class=' hover-item  image-align-none' itemscope itemprop='http:\/\/schema.org\/ImageObject'>   <img itemprop='image'   alt=\"\" title=\"profesores faaardit\"  class='' src='https:\/\/faardit.org.ar\/web\/wp-content\/uploads\/2024\/08\/profesores-faaardit-300x400.jpg'     \/>  <\/div>\t\t\t\t\t<\/div>\n<\/div>\n\t\t\n\t<\/div>\n\n\t\n<\/div>\n\n\t\t\n<div class=\"rad-container  layout_element  two_third last top   clearfix\" id=\"rpcMOG5YH0KLJE8VDSL7SHT8B75M7AQ2FHG\" data-layout=\"two_third\">\n\t\n\t \t\n\n\t<div class=\"rad-inner-container clearfix\">\n\t \n\n\n<div  data-key=\"rad_text_widget\"  style='-webkit-transition-delay:0s;transition-delay:0s;' id=\"rpwJVJXD81DJ9BSWMBD5EWAY1MXFQP6YHUO\" class=\" w_full w_layout_element  top   rad-widget\">\n\t\n<div class='ioa-text-column none  col-align-left  clearfix'> \n      \n      <div class='ioa-text-area'>\n        <h3 class='text-title'> <\/h3>\n        \n        \n        \n        \n      <\/div> \n     <\/div>\n<\/div>\n<div  data-key=\"rad_toggle_widget\"  id=\"rpwSAX3Q0YQV5M22WBYVAS35POUMX6NNH7P\" class=\" w_full w_layout_element   rad-widget\">\n\n\t<div class=\"toggle-inner-wrap\">\n\t\t\n\n\t\t<div class=\" clearfix toggle-style-simple\" itemscope itemtype=\"http:\/\/schema.org\/ItemList\">\n  \t\t\n\t\t\n\t\t <div class='toggle ' itemscope itemtype='http:\/\/schema.org\/Thing'><h4><a href=\"#tg69f46fd62e5e1\" class='toggle-title ' itemprop='name'  > <i class='ioa-front-icon  plus-2icon-'><\/i> BREVE BIO<\/a><\/h4><div id='tg69f46fd62e5e1' itemprop='description' class='toggle-body collapse'>\n<p><span style=\"color: #000000;\">\u2022 T\u00edtulo de M\u00e9dico Especialista en Diagn\u00f3stico por Im\u00e1genes (2015) Sociedad Argentina de<\/span><br \/><span style=\"color: #000000;\">Radiolog\u00eda<\/span><\/p>\n<p><span style=\"color: #000000;\">\u2022 Certificaci\u00f3n CONAEDI (2021)<\/span><\/p>\n<p><span style=\"color: #000000;\">\u2022 Staff del Servicio de Diagn\u00f3stico por Im\u00e1genes de Cl\u00ednica Humana de Im\u00e1genes, General Roca, R\u00edo<\/span><br \/><span style=\"color: #000000;\">Negro.<\/span><\/p>\n<h5 style=\"text-align: left;\"><a href=\"https:\/\/faardit.org.ar\/web\/wp-content\/uploads\/2024\/08\/CV-COTO-SOLARI-FAARDIT.pdf\"><strong>DESCARGAR CV<\/strong><\/a><\/h5>\n<\/div> <\/div> <div class='toggle ' itemscope itemtype='http:\/\/schema.org\/Thing'><h4><a href=\"#tg69f46fd62e7d0\" class='toggle-title ' itemprop='name'  > <i class='ioa-front-icon  plus-2icon-'><\/i> CLASES<\/a><\/h4><div id='tg69f46fd62e7d0' itemprop='description' class='toggle-body collapse'>\n<p><span style=\"color: #000000;\">\u2022 \u00cdleitis tuberculosa: aportes de la TC<\/span><\/p>\n<p><span style=\"color: #000000;\">\u2022 Utilidad del US en la EII en pediatria<\/span><\/p>\n<p><span style=\"color: #000000;\">\u2022 Lipodistrofia diab\u00e9tica: utilidad del US en pacientes con glucemias l\u00e1biles<\/span><\/p>\n<p><span style=\"color: #000000;\">\u2022 Enfermedades endemoepid\u00e9micas con compromiso hep\u00e1tico<\/span><\/p>\n<p><span style=\"color: #000000;\">\u2022 Tuberculosis abdominal: un enemigo que nunca se fue<\/span><\/p>\n<\/div> <\/div>\n\t\t\n  \n\t\t<\/div>\n\n\t\n\t<\/div>\n<\/div>\n\n\t\t\n\t<\/div>\n\n\t\n<\/div>\n\n\t\t\t\n\t\n\t<\/div>\n\n\t\t\n\n\t\t<\/div>\n<\/div>\t\n\n<div class=\"page-section  clearfix \" style=\"z-index:3\" id='rpsRQIBXLKI7HVUDKAGKWYXPW2MIRIX8JQB' data-exheight='0' >\n\t\n\t<div class=\"section-inner-wrap\">\n\n\t\t\n\n\n\t\t\t\n\n\t<div class=\"skeleton section-content auto_align clearfix\" data-width=\"Contained\">\n\t\t\n\t\t\t\t\t\n<div class=\"rad-container  layout_element  one_third first  top   clearfix\" id=\"rpcLYBI68QSAUMV3EU5UXB8UPBXJTF94I4K\" data-layout=\"one_third\">\n\t\n\t \t\n\n\t<div class=\"rad-inner-container clearfix\">\n\t \n\n\n<div  data-key=\"rad_text_widget\"  style='-webkit-transition-delay:0s;transition-delay:0s;' id=\"rpwQ73BLEDJEXPNCM01HPQYIEUMGVUTXNMO\" class=\" w_full w_layout_element  top   rad-widget\">\n\t\n<div class='ioa-text-column none  col-align-left  clearfix'> \n      \n      <div class='ioa-text-area'>\n        <h3 class='text-title'>Dr. Alberto Marangoni<\/h3>\n        \n        \n        \n        \n      <\/div> \n     <\/div>\n<\/div>\n<div  data-key=\"rad_image_widget\"  id=\"rpwO1JYVYV32HNN3O3H7LHXDI7NKWIV5B7B\" class=\" w_full w_layout_element   rad-widget\">\n\t<div class=\"image-inner-wrap image-stretched \">\n\t\t\t\t\n\t\t<div  class=' hover-item  image-align-none' itemscope itemprop='http:\/\/schema.org\/ImageObject'>   <img itemprop='image'   alt=\"\" title=\"4 images (1) (1)\"  class='' src='https:\/\/faardit.org.ar\/web\/wp-content\/uploads\/2021\/08\/4-images-1-1-225x225.jpg'     \/>  <\/div>\t\t\t\t\t<\/div>\n<\/div>\n\t\t\n\t<\/div>\n\n\t\n<\/div>\n\n\t\t\n<div class=\"rad-container  layout_element  two_third last top   clearfix\" id=\"rpcU11YW4LK5DPQGK2TFMI7DRFPL0535R0E\" data-layout=\"two_third\">\n\t\n\t \t\n\n\t<div class=\"rad-inner-container clearfix\">\n\t \n\n\n<div  data-key=\"rad_text_widget\"  style='-webkit-transition-delay:0s;transition-delay:0s;' id=\"rpwVN1517AA10W71ICEVOFA46IAMK673C3E\" class=\" w_full w_layout_element  top   rad-widget\">\n\t\n<div class='ioa-text-column none  col-align-left  clearfix'> \n      \n      <div class='ioa-text-area'>\n        <h3 class='text-title'> <\/h3>\n        \n        \n        \n        \n      <\/div> \n     <\/div>\n<\/div>\n<div  data-key=\"rad_toggle_widget\"  id=\"rpwOQP3GCLKTT1P1TLD5K3WVNQKRWRT281T\" class=\" w_full w_layout_element   rad-widget\">\n\n\t<div class=\"toggle-inner-wrap\">\n\t\t\n\n\t\t<div class=\" clearfix toggle-style-simple\" itemscope itemtype=\"http:\/\/schema.org\/ItemList\">\n  \t\t\n\t\t\n\t\t <div class='toggle ' itemscope itemtype='http:\/\/schema.org\/Thing'><h4><a href=\"#tg69f46fd630427\" class='toggle-title ' itemprop='name'  > <i class='ioa-front-icon  plus-2icon-'><\/i> BREVE BIO<\/a><\/h4><div id='tg69f46fd630427' itemprop='description' class='toggle-body collapse'>\n<p><span style=\"color: #000000;\">\u2022 Jefe del Servicio de Diagn\u00f3stico por Im\u00e1genes. Sanatorio Allende, C\u00f3rdoba, Argentina.<\/span><br \/><span style=\"color: #000000;\">\u2022 Profesor Adjunto de la C\u00e1tedra de Diagn\u00f3stico por Im\u00e1genes de la Facultad de Medicina de la<\/span><br \/><span style=\"color: #000000;\">Universidad Cat\u00f3lica de C\u00f3rdoba.<\/span><br \/><span style=\"color: #000000;\">\u2022 Profesor de Pos Grado de Diagn\u00f3stico por Im\u00e1genes de la Universidad Cat\u00f3lica de C\u00f3rdoba y<\/span><br \/><span style=\"color: #000000;\">de la Universidad Nacional de C\u00f3rdoba.<\/span><br \/><span style=\"color: #000000;\">\u2022 Miembro del Comit\u00e9 de Capacitaci\u00f3n y Docencia del Sanatorio Allende.<\/span><\/p>\n<h5 style=\"text-align: left;\"><a href=\"https:\/\/faardit.org.ar\/web\/wp-content\/uploads\/2021\/08\/AlbertoMarangoniCVFAARDIT.pdf\"><strong>DESCARGAR CV<\/strong><\/a><\/h5>\n<\/div> <\/div> <div class='toggle ' itemscope itemtype='http:\/\/schema.org\/Thing'><h4><a href=\"#tg69f46fd630afa\" class='toggle-title ' itemprop='name'  > <i class='ioa-front-icon  plus-2icon-'><\/i> CLASES<\/a><\/h4><div id='tg69f46fd630afa' itemprop='description' class='toggle-body collapse'>\n<p><span style=\"color: #000000;\"><em><strong>P\u00c1NCREAS:<\/strong><\/em><\/span><br \/><span style=\"color: #000000;\">1. Valor de las Im\u00e1genes en el Estudio de las Lesiones Qu\u00edsticas del P\u00e1ncreas: TC, RM,<\/span><br \/><span style=\"color: #000000;\">Eco-Endoscop\u00eda.<\/span><br \/><span style=\"color: #000000;\">2. Valor de las Im\u00e1genes en el Estudio de la Neoplasia Maligna del P\u00e1ncreas.<\/span><br \/><span style=\"color: #000000;\">Diagn\u00f3sticos Diferenciales.<\/span><br \/><span style=\"color: #000000;\">3. Pancreatitis Aguda, Complicaciones y Tratamiento Guiado por Im\u00e1genes.<\/span><br \/><span style=\"color: #000000;\">4. Pancreatitis Cr\u00f3nica. Implicancias del Diagn\u00f3stico.<\/span><\/p>\n<p><span style=\"color: #000000;\"><em><strong>APARATO DIGESTIVO:<\/strong><\/em><\/span><br \/><span style=\"color: #000000;\">1. C\u00e1ncer de la Uni\u00f3n Esofago-G\u00e1strica. Implicancias Diagn\u00f3sticas y Pron\u00f3sticas de los<\/span><br \/><span style=\"color: #000000;\">Diferentes Tipos.<\/span><br \/><span style=\"color: #000000;\">2. El Estudio Baritado con T\u00e9cnica de Doble Contraste en la Regi\u00f3n Es\u00f3fago-Gastro-<\/span><br \/><span style=\"color: #000000;\">Duodenal. \u00bfTiene Lugar en el Diagn\u00f3stico Actual?<\/span><br \/><span style=\"color: #000000;\">3. Entero-TC y Entero RM. T\u00e9cnica y Diagn\u00f3stico de la Patolog\u00eda Intestinal en la<\/span><br \/><span style=\"color: #000000;\">Enfermedad Inflamatoria Intestinal (EII).<\/span><br \/><span style=\"color: #000000;\">4. Resonancia Multiparam\u00e9trica para la Estadificaci\u00f3n Inicial del C\u00e1ncer de Recto.<\/span><br \/><span style=\"color: #000000;\">5. Las Diferentes Formas del Linfoma Abdominal. Diagn\u00f3stico Mediante TC y RM.<\/span><br \/><span style=\"color: #000000;\">6. Defecograf\u00eda Radiol\u00f3gica. M\u00e9todo de Realizaci\u00f3n y Hallazgos Normales y Patol\u00f3gicos.<\/span><br \/><span style=\"color: #000000;\">7. Estudio Din\u00e1mico de la Degluci\u00f3n. T\u00e9cnica de Realizaci\u00f3n y Utilidad en el Estudio de la<\/span><br \/><span style=\"color: #000000;\">Broncoaspiraci\u00f3n. Correlaci\u00f3n con las Necesidades de la Fonoaudiolog\u00eda.<\/span><br \/><span style=\"color: #000000;\">8. El Estudio Baritado en Doble Contraste. Modo de Realizaci\u00f3n y Hallazgos Normales y<\/span><br \/><span style=\"color: #000000;\">Patol\u00f3gicos: Es\u00f3fago, Est\u00f3mago y Duodeno.<\/span><br \/><span style=\"color: #000000;\">9. El Estudio Baritado en Doble Contraste. Modo de Realizaci\u00f3n y Hallazgos Normales y<\/span><br \/><span style=\"color: #000000;\">Patol\u00f3gicos: El Colon.<\/span><br \/><span style=\"color: #000000;\">10. Estudio Contrastado del Intestino Delgado. Modo de Realizaci\u00f3n y Hallazgos Normales<\/span><br \/><span style=\"color: #000000;\">y Patol\u00f3gicos.<\/span><\/p>\n<p><span style=\"color: #000000;\"><em><strong>APARATO UROL\u00d3GICO:<\/strong><\/em><\/span><br \/><span style=\"color: #000000;\">1. Evaluaci\u00f3n Multiparam\u00e9trica en el C\u00e1ncer de Pr\u00f3stata, con Especial Descripci\u00f3n de los<\/span><br \/><span style=\"color: #000000;\">Hallazgos para Interpretar el Pi-RADS.<\/span><br \/><span style=\"color: #000000;\">2. RM Multiparam\u00e9trica Virtual (RMmp Virtual) en los Tumores de Ri\u00f1\u00f3n.<\/span><br \/><span style=\"color: #000000;\">3. Estudio de las Lesiones Qu\u00edsticas Renales. Espectro de Alteraciones que Orientan al<\/span><br \/><span style=\"color: #000000;\">Diagn\u00f3stico Definitivo.<\/span><br \/><span style=\"color: #000000;\">4. Biopsia Prost\u00e1tica Trans-Rectal: \u00bfC\u00f3mo lo hago?<\/span><\/p>\n<p><span style=\"color: #000000;\"><em><strong>ABDOMEN GENERAL:<\/strong><\/em><\/span><br \/><span style=\"color: #000000;\">1. Estudio de la V\u00eda Biliar. Patolog\u00eda Benigna y Maligna. Valor de la Colangio-RM.<\/span><br \/><span style=\"color: #000000;\">2. El N\u00f3dulo Hep\u00e1tico Solitario (NHS). Estudio por los Diferentes M\u00e9todos de Im\u00e1genes.<\/span><br \/><span style=\"color: #000000;\">LI-RADS.<\/span><br \/><span style=\"color: #000000;\">3. Evaluaci\u00f3n de las Met\u00e1stasis Hep\u00e1ticas, Mediante TC y RM:<\/span><br \/><span style=\"color: #000000;\">4. Estudio por Im\u00e1genes del Trasplante Hep\u00e1tico.<\/span><br \/><span style=\"color: #000000;\">5. Evaluaci\u00f3n por Im\u00e1genes de la Patolog\u00eda Hep\u00e1tica Difusa.<\/span><br \/><span style=\"color: #000000;\">6. El Bazo, un \u00d3rgano Olvidado. Diagn\u00f3stico de M\u00faltiples Entidades Patol\u00f3gicas.<\/span><br \/><span style=\"color: #000000;\">7. Estudio del Abdomen Agudo con TC Helicoidal Multicorte.<\/span><\/p>\n<\/div> <\/div>\n\t\t\n  \n\t\t<\/div>\n\n\t\n\t<\/div>\n<\/div>\n\n\t\t\n\t<\/div>\n\n\t\n<\/div>\n\n\t\t\t\n\t\n\t<\/div>\n\n\t\t\n\n\t\t<\/div>\n<\/div>\t\n\n<div class=\"page-section  clearfix \" style=\"z-index:4\" id='rpsPM548EQS52FBLAU14SOJRER53TKM2X3B' data-exheight='0' >\n\t\n\t<div class=\"section-inner-wrap\">\n\n\t\t\n\n\n\t\t\t\n\n\t<div class=\"skeleton section-content auto_align clearfix\" data-width=\"Contained\">\n\t\t\n\t\t\t\t\t\n<div class=\"rad-container  layout_element  one_third first  top   clearfix\" id=\"rpcTBB78IHKB99BE5NHGU8699N995ROO02G\" data-layout=\"one_third\">\n\t\n\t \t\n\n\t<div class=\"rad-inner-container clearfix\">\n\t \n\n\n<div  data-key=\"rad_text_widget\"  style='-webkit-transition-delay:0s;transition-delay:0s;' id=\"rpwM1XPMBSLJBQL62Q1JC6O1BYONTTDXHLM\" class=\" w_full w_layout_element  top   rad-widget\">\n\t\n<div class='ioa-text-column none  col-align-left  clearfix'> \n      \n      <div class='ioa-text-area'>\n        <h3 class='text-title'>Dr. Alejandro Tempra<\/h3>\n        \n        \n        \n        \n      <\/div> \n     <\/div>\n<\/div>\n<div  data-key=\"rad_image_widget\"  id=\"rpwEKVA4E0Y6JYF6NHWLRB3RE0AI5RN7BAL\" class=\" w_full w_layout_element   rad-widget\">\n\t<div class=\"image-inner-wrap image-stretched \">\n\t\t\t\t\n\t\t<div  class=' hover-item  image-align-none' itemscope itemprop='http:\/\/schema.org\/ImageObject'>   <img itemprop='image'   alt=\"\" title=\"AlejandroTempra\"  class='' src='https:\/\/faardit.org.ar\/web\/wp-content\/uploads\/2021\/08\/AlejandroTempra-333x333.jpg'     \/>  <\/div>\t\t\t\t\t<\/div>\n<\/div>\n\t\t\n\t<\/div>\n\n\t\n<\/div>\n\n\t\t\n<div class=\"rad-container  layout_element  two_third last top   clearfix\" id=\"rpcIBGWGBBGF5MSB54NH1TAUUQ9IBUXO77U\" data-layout=\"two_third\">\n\t\n\t \t\n\n\t<div class=\"rad-inner-container clearfix\">\n\t \n\n\n<div  data-key=\"rad_text_widget\"  style='-webkit-transition-delay:0s;transition-delay:0s;' id=\"rpwLGFVCWQNGBV0EU808RTKNK6TVS7QXE9H\" class=\" w_full w_layout_element  top   rad-widget\">\n\t\n<div class='ioa-text-column none  col-align-left  clearfix'> \n      \n      <div class='ioa-text-area'>\n        <h3 class='text-title'> <\/h3>\n        \n        \n        \n        \n      <\/div> \n     <\/div>\n<\/div> \n\n\n<div  data-key=\"rad_text_widget\"  style='-webkit-transition-delay:0s;transition-delay:0s;' id=\"rpwXFY81VWFANJ8SSYK659XALUSJR1F8HWQ\" class=\" w_full w_layout_element   rad-widget\">\n\t\n<div class='ioa-text-column none  col-align-left  clearfix'> \n      \n      <div class='ioa-text-area'>\n        <h3 class='text-title'> <\/h3>\n        \n        \n        \n        \n      <\/div> \n     <\/div>\n<\/div>\n<div  data-key=\"rad_toggle_widget\"  id=\"rpwKVV8TX85VNANYBYURPEYFE3FTWME783B\" class=\" w_full w_layout_element   rad-widget\">\n\n\t<div class=\"toggle-inner-wrap\">\n\t\t\n\n\t\t<div class=\" clearfix toggle-style-simple\" itemscope itemtype=\"http:\/\/schema.org\/ItemList\">\n  \t\t\n\t\t\n\t\t <div class='toggle ' itemscope itemtype='http:\/\/schema.org\/Thing'><h4><a href=\"#tg69f46fd632929\" class='toggle-title ' itemprop='name'  > <i class='ioa-front-icon  plus-2icon-'><\/i> BREVE BIO<\/a><\/h4><div id='tg69f46fd632929' itemprop='description' class='toggle-body collapse'>\n<p><span style=\"color: #000000;\">\u2022 M\u00e9dico Socio Fundador Instituto \u00a0\u201cImagen Diagnostica\u00bb Ciudad de Mendoza.<\/span><\/p>\n<p><span style=\"color: #000000;\">\u2022 Director \u00e1rea Resonancia Magn\u00e9tica y TC<\/span><\/p>\n<p><span style=\"color: #000000;\">\u2022 Director del departamento de Docencia e Investigaci\u00f3n.<\/span><\/p>\n<p><span style=\"color: #000000;\">\u2022 Profesor Titular Adjunto de la C\u00e1tedra de Diagn\u00f3stico por Im\u00e1genes de la Universidad Mendoza.<\/span><\/p>\n<p><span style=\"color: #000000;\">\u2022 Presidente de FAARDIT<\/span><\/p>\n<h5 style=\"text-align: left;\"><a href=\"https:\/\/faardit.org.ar\/web\/wp-content\/uploads\/2021\/08\/AlejandroTempraCVFaardit.pdf\"><strong>DESCARGAR CV<\/strong><\/a><\/h5>\n<\/div> <\/div> <div class='toggle ' itemscope itemtype='http:\/\/schema.org\/Thing'><h4><a href=\"#tg69f46fd632c15\" class='toggle-title ' itemprop='name'  > <i class='ioa-front-icon  plus-2icon-'><\/i> CLASES<\/a><\/h4><div id='tg69f46fd632c15' itemprop='description' class='toggle-body collapse'>\n<p><span style=\"color: #000000;\">Incidentaloma Adrenal . Resolviendo un problema.<\/span><\/p>\n<p><span style=\"color: #000000;\">Pancreatitis aguda . Rol del Radiologo.<\/span><\/p>\n<p><span style=\"color: #000000;\">Lesiones hep\u00e1ticas Benignas .\u00a0<\/span><\/p>\n<p><span style=\"color: #000000;\">Lesiones hep\u00e1ticas Malignas.<\/span><\/p>\n<p><span style=\"color: #000000;\">AdenoCarcinoma Renal. Lo util y Necesario.<\/span><\/p>\n<p><span style=\"color: #000000;\">Patolog\u00eda de la Aorta. Evaluaci\u00f3n por Im\u00e1genes<\/span><\/p>\n<p><span style=\"color: #000000;\">Detecci\u00f3n de Hepatocarcinoma en higado cirrotico.<\/span><\/p>\n<p><span style=\"color: #000000;\">Trauma Abdominal\u00a0 . Participacion del Radiologo\u00a0\u00a0<\/span><\/p>\n<p><span style=\"color: #000000;\">Evaluaci\u00f3n radiol\u00f3gica en Lesi\u00f3n traum\u00e1tica de Ri\u00f1on.\u00a0<\/span><\/p>\n<p><span style=\"color: #000000;\">Evaluaci\u00f3n radiol\u00f3gica en Lesi\u00f3n traum\u00e1tica del Bazo.\u00a0<\/span><\/p>\n<p><span style=\"color: #000000;\">Lesiones quisticas Pancreaticas. Haci\u00e9ndolo f\u00e1cil.<\/span><\/p>\n<\/div> <\/div>\n\t\t\n  \n\t\t<\/div>\n\n\t\n\t<\/div>\n<\/div>\n\n\t\t\n\t<\/div>\n\n\t\n<\/div>\n\n\t\t\t\n\t\n\t<\/div>\n\n\t\t\n\n\t\t<\/div>\n<\/div>\t\n\n<div class=\"page-section  clearfix \" style=\"z-index:5\" id='rpsC6D1EXCJLJF1NLUP7DM4SK71LX380QY4' data-exheight='0' >\n\t\n\t<div class=\"section-inner-wrap\">\n\n\t\t\n\n\n\t\t\t\n\n\t<div class=\"skeleton section-content auto_align clearfix\" data-width=\"Contained\">\n\t\t\n\t\t\t\t\t\n<div class=\"rad-container  layout_element  one_third first  top   clearfix\" id=\"rpcFCKA7H9VJP9TW2MLPB4AJFNDG0R5VFUS\" data-layout=\"one_third\">\n\t\n\t \t\n\n\t<div class=\"rad-inner-container clearfix\">\n\t \n\n\n<div  data-key=\"rad_text_widget\"  style='-webkit-transition-delay:0s;transition-delay:0s;' id=\"rpwT5U32NFWKAUYQPTE1D8RFOMWAD675UKE\" class=\" w_full w_layout_element  top   rad-widget\">\n\t\n<div class='ioa-text-column none  col-align-left  clearfix'> \n      \n      <div class='ioa-text-area'>\n        <h3 class='text-title'>Dr. Jorge Ahualli<\/h3>\n        \n        \n        \n        \n      <\/div> \n     <\/div>\n<\/div>\n<div  data-key=\"rad_image_widget\"  id=\"rpwWSU89J9CR2IXDN2TAESOG2BL1QKYWED3\" class=\" w_full w_layout_element   rad-widget\">\n\t<div class=\"image-inner-wrap image-stretched \">\n\t\t\t\t\n\t\t<div  class=' hover-item  image-align-none' itemscope itemprop='http:\/\/schema.org\/ImageObject'>   <img itemprop='image'   alt=\"\" title=\"JorgeAhualli\"  class='' src='https:\/\/faardit.org.ar\/web\/wp-content\/uploads\/2021\/08\/JorgeAhualli-333x333.jpg'     \/>  <\/div>\t\t\t\t\t<\/div>\n<\/div>\n\t\t\n\t<\/div>\n\n\t\n<\/div>\n\n\t\t\n<div class=\"rad-container  layout_element  two_third last top   clearfix\" id=\"rpcDQHAMC7J6SY7ABAGGSJAA0B59W9AQDV0\" data-layout=\"two_third\">\n\t\n\t \t\n\n\t<div class=\"rad-inner-container clearfix\">\n\t \n\n\n<div  data-key=\"rad_text_widget\"  style='-webkit-transition-delay:0s;transition-delay:0s;' id=\"rpwQ1O0W4S1JEAXFGK7WWWGHVH8QUYAF1IW\" class=\" w_full w_layout_element  top   rad-widget\">\n\t\n<div class='ioa-text-column none  col-align-left  clearfix'> \n      \n      <div class='ioa-text-area'>\n        <h3 class='text-title'> <\/h3>\n        \n        \n        \n        \n      <\/div> \n     <\/div>\n<\/div> \n\n\n<div  data-key=\"rad_text_widget\"  style='-webkit-transition-delay:0s;transition-delay:0s;' id=\"rpwIAEBQPRC0N33LOANCFDBAL3UK9L04VUP\" class=\" w_full w_layout_element   rad-widget\">\n\t\n<div class='ioa-text-column none  col-align-left  clearfix'> \n      \n      <div class='ioa-text-area'>\n        <h3 class='text-title'> <\/h3>\n        \n        \n        \n        \n      <\/div> \n     <\/div>\n<\/div>\n<div  data-key=\"rad_toggle_widget\"  id=\"rpwEDU2WC91C6MC9B25YUIKCLANL0Q1X36L\" class=\" w_full w_layout_element   rad-widget\">\n\n\t<div class=\"toggle-inner-wrap\">\n\t\t\n\n\t\t<div class=\" clearfix toggle-style-simple\" itemscope itemtype=\"http:\/\/schema.org\/ItemList\">\n  \t\t\n\t\t\n\t\t <div class='toggle ' itemscope itemtype='http:\/\/schema.org\/Thing'><h4><a href=\"#tg69f46fd634bfe\" class='toggle-title ' itemprop='name'  > <i class='ioa-front-icon  plus-2icon-'><\/i> BREVE BIO<\/a><\/h4><div id='tg69f46fd634bfe' itemprop='description' class='toggle-body collapse'>\n<p><span style=\"color: #000000;\">\u2022 Centro Radiol\u00f3gico M\u00e9ndez-Collado. Tucum\u00e1n. Argentina.<\/span><\/p>\n<p><span style=\"color: #000000;\">\u2022 Hospital Centro de Salud Zen\u00f3n Santill\u00e1n. Tucum\u00e1n. Argentina.<\/span><\/p>\n<p><span style=\"color: #000000;\">\u2022 Sanatorio Modelo S.A. Tucum\u00e1n. Argentina<\/span><\/p>\n<h5 style=\"text-align: left;\"><a href=\"https:\/\/faardit.org.ar\/web\/wp-content\/uploads\/2021\/08\/JorgeAhualliVCFaardit.pdf\"><strong>DESCARGAR CV<\/strong><\/a><\/h5>\n<\/div> <\/div> <div class='toggle ' itemscope itemtype='http:\/\/schema.org\/Thing'><h4><a href=\"#tg69f46fd635503\" class='toggle-title ' itemprop='name'  > <i class='ioa-front-icon  plus-2icon-'><\/i> CLASES<\/a><\/h4><div id='tg69f46fd635503' itemprop='description' class='toggle-body collapse'>\n<p><span style=\"color: #000000;\"><strong><em>Abdomen general:<\/em><\/strong><\/span><\/p>\n<p><span style=\"color: #000000;\">\u00a0 \u00a0 Abdomen Agudo: causas m\u00e1s frecuentes vinculadas al TGI<\/span><\/p>\n<p><span style=\"color: #000000;\">\u00a0 \u00a0 Abdomen Agudo: causas m\u00e1s frecuentes vinculadas a litiasis.<\/span><\/p>\n<p><span style=\"color: #000000;\">\u00a0 \u00a0 Traumatismo abdominal: valoraci\u00f3n imagenol\u00f3gica\u00a0<\/span><\/p>\n<p><span style=\"color: #000000;\">\u00a0 \u00a0 TCMD y RM de alto campo en las lesiones con contenido adiposo de la cavidad abdomino-pelviana<\/span><\/p>\n<p><span style=\"color: #000000;\"><strong><em>Higado:<\/em><\/strong><\/span><\/p>\n<p><span style=\"color: #000000;\">\u00a0 \u00a0Lesiones tumorales hep\u00e1ticas benignas: evaluaci\u00f3n imagenol\u00f3gica<\/span><\/p>\n<p><span style=\"color: #000000;\">\u00a0 \u00a0Carcinoma hepatocelular: evaluaci\u00f3n Imagenol\u00f3gica<\/span><\/p>\n<p><span style=\"color: #000000;\">\u00a0 \u00a0Tumores hep\u00e1ticos malignos: evaluaci\u00f3n imagenol\u00f3gica<\/span><\/p>\n<p><span style=\"color: #000000;\">\u00a0 \u00a0Li-RADS: Workshop<\/span><\/p>\n<p><span style=\"color: #000000;\"><strong><em>P\u00e1ncreas y adrenal:\u00a0<\/em><\/strong><\/span><\/p>\n<p><span style=\"color: #000000;\">\u00a0 \u00a0Pancreatitis aguda: conceptos actuales.\u00a0<\/span><\/p>\n<p><span style=\"color: #000000;\">\u00a0 \u00a0Tumores Qu\u00edsticos del P\u00e1ncreas: evaluaci\u00f3n imagenol\u00f3gica<\/span><\/p>\n<p><span style=\"color: #000000;\">\u00a0 \u00a0Carcinoma Pancre\u00e1tico:\u00a0\u00a0evaluaci\u00f3n imagenol\u00f3gica<\/span><\/p>\n<p><span style=\"color: #000000;\">\u00a0 \u00a0Caracterizaci\u00f3n Imagenol\u00f3gica de lesiones focales adrenales.<\/span><\/p>\n<p><span style=\"color: #000000;\"><strong><em>Ves\u00edcula y V\u00eda Biliar:<\/em><\/strong><\/span><\/p>\n<p><span style=\"color: #000000;\">\u00a0 \u00a0Patolog\u00eda benigna de la ves\u00edcula biliar: evaluaci\u00f3n imagenol\u00f3gica<\/span><\/p>\n<p><span style=\"color: #000000;\">\u00a0 \u00a0Carinoma Vesicular: evaluaci\u00f3n imagenol\u00f3gica<\/span><\/p>\n<p><span style=\"color: #000000;\">\u00a0 \u00a0Patolog\u00eda benigna y maligna de la v\u00eda biliar: evaluaci\u00f3n imagenol\u00f3gica.<\/span><\/p>\n<p><span style=\"color: #000000;\"><strong><em>Colon y Recto:<\/em><\/strong><\/span><\/p>\n<p><span style=\"color: #000000;\">\u00a0 \u00a0Patolog\u00eda diverticular del colon: evaluaci\u00f3n imagenol\u00f3gica.<\/span><\/p>\n<p><span style=\"color: #000000;\">\u00a0 \u00a0Patolog\u00eda inflamatoria del colon: evaluaci\u00f3n imagenol\u00f3gica.<\/span><\/p>\n<p><span style=\"color: #000000;\">\u00a0 \u00a0Carcinoma col\u00f3nico: evaluaci\u00f3n imagenol\u00f3gica.<\/span><\/p>\n<p><span style=\"color: #000000;\">\u00a0 \u00a0Carcinoma rectal: evaluaci\u00f3n con RM.<\/span><\/p>\n<p><span style=\"color: #000000;\">\u00a0 \u00a0Fistulas perianales: evaluaci\u00f3n imagenol\u00f3gica.<\/span><\/p>\n<p><span style=\"color: #000000;\"><strong><em>Sistema Urinario:<\/em><\/strong><\/span><\/p>\n<p><span style=\"color: #000000;\">\u00a0 \u00a0Litiasis urinaria: evaluaci\u00f3n imagenol\u00f3gica.<\/span><\/p>\n<p><span style=\"color: #000000;\">\u00a0 \u00a0Procesos infecciosos del ri\u00f1\u00f3n y \u00e1rbol urinario: evaluaci\u00f3n imagenol\u00f3gica<\/span><\/p>\n<p><span style=\"color: #000000;\">\u00a0 \u00a0Hematuria: principales causas y evaluaci\u00f3n con im\u00e1genes<\/span><\/p>\n<p><span style=\"color: #000000;\">\u00a0 \u00a0Traumatismo del sistema urinario: evaluaci\u00f3n imagenol\u00f3gica<\/span><\/p>\n<p><span style=\"color: #000000;\">\u00a0 \u00a0Traumatismo del sistema genito-urinario: evaluaci\u00f3n imagenol\u00f3gica<\/span><\/p>\n<p><span style=\"color: #000000;\">\u00a0 \u00a0Lesiones Qu\u00edsticas Renales: clasificaci\u00f3n de Bosniak<\/span><\/p>\n<p><span style=\"color: #000000;\">\u00a0 \u00a0Tumores S\u00f3lidos renales: Evaluaci\u00f3n Imagenol\u00f3gica<\/span><\/p>\n<p><span style=\"color: #000000;\">\u00a0 \u00a0Carcinoma prost\u00e1tico: evaluaci\u00f3n imagenol\u00f3gica.\u00a0<\/span><\/p>\n<p><span style=\"color: #000000;\"><strong><em>Genital Masculino y femenino:<\/em><\/strong><\/span><\/p>\n<p><span style=\"color: #000000;\">\u00a0 \u00a0Lesiones qu\u00edsticas del piso pelviano masculino: evaluaci\u00f3n imagenol\u00f3gica.<\/span><\/p>\n<p><span style=\"color: #000000;\">\u00a0 \u00a0Lesiones qu\u00edsticas del piso pelviano femenino: evaluaci\u00f3n imagenol\u00f3gica.<\/span><\/p>\n<p><span style=\"color: #000000;\">\u00a0 \u00a0Lesiones benignas del sistema genital femenino: evaluaci\u00f3n imagenol\u00f3gica.<\/span><\/p>\n<p><span style=\"color: #000000;\">\u00a0 \u00a0Principales Procesos Patol\u00f3gicos del Utero: evaluaci\u00f3n imagenol\u00f3gica.<\/span><\/p>\n<p><span style=\"color: #000000;\">\u00a0 \u00a0Carcinoma de C\u00e9rvix Uterino: Evaluaci\u00f3n con im\u00e1genes<\/span><\/p>\n<p><span style=\"color: #000000;\">\u00a0 \u00a0Principales Procesos patol\u00f3gicos del escroto: evaluaci\u00f3n US.<\/span><\/p>\n<p><span style=\"color: #000000;\"><strong><em>Vascular:\u00a0<\/em><\/strong><\/span><\/p>\n<p><span style=\"color: #000000;\">\u00a0 \u00a0Aneurismas arteriales y s\u00edndrome a\u00f3rtico agudo: evaluaci\u00f3n con TC y RM.<\/span><\/p>\n<p><span style=\"color: #000000;\"><strong><em>Miscel\u00e1neas<\/em><\/strong><strong>:<\/strong><\/span><\/p>\n<p><span style=\"color: #000000;\">\u00a0 \u00a0 Cuerpos Extra\u00f1os: evaluaci\u00f3n imagenol\u00f3gica.<\/span><\/p>\n<\/div> <\/div>\n\t\t\n  \n\t\t<\/div>\n\n\t\n\t<\/div>\n<\/div>\n\n\t\t\n\t<\/div>\n\n\t\n<\/div>\n\n\t\t\t\n\t\n\t<\/div>\n\n\t\t\n\n\t\t<\/div>\n<\/div>\t\n\n<div class=\"page-section  clearfix \" style=\"z-index:6\" id='rpsWP0P8L68LRNI7L6TJ3JG9CG8PJKHGE91' data-exheight='0' >\n\t\n\t<div class=\"section-inner-wrap\">\n\n\t\t\n\n\n\t\t\t\n\n\t<div class=\"skeleton section-content auto_align clearfix\" data-width=\"Contained\">\n\t\t\n\t\t\t\t\t\n<div class=\"rad-container  layout_element  one_third first  top   clearfix\" id=\"rpcWCW6PXHW2A5SBLKT9KYFNKH0XIWY33WP\" data-layout=\"one_third\">\n\t\n\t \t\n\n\t<div class=\"rad-inner-container clearfix\">\n\t \n\n\n<div  data-key=\"rad_text_widget\"  style='-webkit-transition-delay:0s;transition-delay:0s;' id=\"rpwPH3B5UYRD9FT3UYARMRS2JMVVUJ4YI9Y\" class=\" w_full w_layout_element  top   rad-widget\">\n\t\n<div class='ioa-text-column none  col-align-left  clearfix'> \n      \n      <div class='ioa-text-area'>\n        <h3 class='text-title'>Dr. Ramiro Orta<\/h3>\n        \n        \n        \n        \n      <\/div> \n     <\/div>\n<\/div>\n<div  data-key=\"rad_image_widget\"  id=\"rpwA7I1P9SEJ07DGXD3IEK0Y6XVHLCQIA18\" class=\" w_full w_layout_element   rad-widget\">\n\t<div class=\"image-inner-wrap image-stretched \">\n\t\t\t\t\n\t\t<div  class=' hover-item  image-align-none' itemscope itemprop='http:\/\/schema.org\/ImageObject'>   <img itemprop='image'   alt=\"\" title=\"RamiroOrta\"  class='' src='https:\/\/faardit.org.ar\/web\/wp-content\/uploads\/2021\/08\/RamiroOrta-333x333.jpg'     \/>  <\/div>\t\t\t\t\t<\/div>\n<\/div>\n\t\t\n\t<\/div>\n\n\t\n<\/div>\n\n\t\t\n<div class=\"rad-container  layout_element  two_third last top   clearfix\" id=\"rpcX2OQIW36K9HVV6QQC36HTOMUNMA0PR76\" data-layout=\"two_third\">\n\t\n\t \t\n\n\t<div class=\"rad-inner-container clearfix\">\n\t \n\n\n<div  data-key=\"rad_text_widget\"  style='-webkit-transition-delay:0s;transition-delay:0s;' id=\"rpwNC9BS1Y7HXK3X7LAF7N79OORDBKL71UX\" class=\" w_full w_layout_element  top   rad-widget\">\n\t\n<div class='ioa-text-column none  col-align-left  clearfix'> \n      \n      <div class='ioa-text-area'>\n        <h3 class='text-title'> <\/h3>\n        \n        \n        \n        \n      <\/div> \n     <\/div>\n<\/div> \n\n\n<div  data-key=\"rad_text_widget\"  style='-webkit-transition-delay:0s;transition-delay:0s;' id=\"rpwUUJV50AW9T3928TMR0ED38YE36OVN7CI\" class=\" w_full w_layout_element   rad-widget\">\n\t\n<div class='ioa-text-column none  col-align-left  clearfix'> \n      \n      <div class='ioa-text-area'>\n        <h3 class='text-title'> <\/h3>\n        \n        \n        \n        \n      <\/div> \n     <\/div>\n<\/div>\n<div  data-key=\"rad_toggle_widget\"  id=\"rpwVEXLEBGE7GYX4SWFEX9FB3MK1NC7FKTV\" class=\" w_full w_layout_element   rad-widget\">\n\n\t<div class=\"toggle-inner-wrap\">\n\t\t\n\n\t\t<div class=\" clearfix toggle-style-simple\" itemscope itemtype=\"http:\/\/schema.org\/ItemList\">\n  \t\t\n\t\t\n\t\t <div class='toggle ' itemscope itemtype='http:\/\/schema.org\/Thing'><h4><a href=\"#tg69f46fd637290\" class='toggle-title ' itemprop='name'  > <i class='ioa-front-icon  plus-2icon-'><\/i> BREVE BIO<\/a><\/h4><div id='tg69f46fd637290' itemprop='description' class='toggle-body collapse'>\n<p><span style=\"color: #000000;\">\u2022 Staff del Servicio de Diagn\u00f3stico por Im\u00e1genes del Sanatorio Parque de Rosario, Santa F\u00e9, Argentina<\/span><\/p>\n<p><span style=\"color: #000000;\">\u2022 Miembro del Comit\u00e9 de Redacci\u00f3n del Anuario Fundaci\u00f3n Dr. J. R. Villavicencio<\/span><\/p>\n<h5 style=\"text-align: left;\"><a href=\"https:\/\/faardit.org.ar\/web\/wp-content\/uploads\/2021\/08\/RamiroOrtaCvFaardit.pdf\"><strong>DESCARGAR CV<\/strong><\/a><\/h5>\n<\/div> <\/div> <div class='toggle ' itemscope itemtype='http:\/\/schema.org\/Thing'><h4><a href=\"#tg69f46fd63758b\" class='toggle-title ' itemprop='name'  > <i class='ioa-front-icon  plus-2icon-'><\/i> CLASES<\/a><\/h4><div id='tg69f46fd63758b' itemprop='description' class='toggle-body collapse'>\n<p><span style=\"color: #000000;\">Hepatocarcinoma y quimioembolizaci\u00f3n. Criterios diagn\u00f3sticos, estadificaci\u00f3n y evaluaci\u00f3n de respuesta al tratamiento<\/span><\/p>\n<p><span style=\"color: #000000;\">Hipertensi\u00f3n portal. Evaluaci\u00f3n por TCMS<\/span><\/p>\n<p><span style=\"color: #000000;\">Patolog\u00eda no liti\u00e1sica de la ves\u00edcula biliar. Diagn\u00f3sticos diferenciales y claves diagn\u00f3sticas<\/span><\/p>\n<p><span style=\"color: #000000;\">Lesi\u00f3n quir\u00fargica de la v\u00eda biliar. Rol del diagn\u00f3stico por im\u00e1genes<\/span><\/p>\n<p><span style=\"color: #000000;\">Tumores s\u00f3lidos de la cola del p\u00e1ncreas. Un enfoque probabil\u00edstico para un correcto diagn\u00f3stico<\/span><\/p>\n<p><span style=\"color: #000000;\">Errores en radiolog\u00eda abdominal<\/span><\/p>\n<p><span style=\"color: #000000;\">Estadificaci\u00f3n del c\u00e1ncer de es\u00f3fago y est\u00f3mago. Utilidad de la Neumo-TCMS y PET-CT<\/span><\/p>\n<p><span style=\"color: #000000;\">C\u00e1ncer de recto. Evaluaci\u00f3n por RM de los principales reparos anat\u00f3micos<\/span><\/p>\n<p><span style=\"color: #000000;\">Rol de las im\u00e1genes en la reevaluaci\u00f3n del c\u00e1ncer de recto<\/span><\/p>\n<p><span style=\"color: #000000;\">Abdomen agudo no urol\u00f3gico<\/span><\/p>\n<p><span style=\"color: #000000;\">Anatom\u00eda radiol\u00f3gica del h\u00edgado<\/span><\/p>\n<\/div> <\/div>\n\t\t\n  \n\t\t<\/div>\n\n\t\n\t<\/div>\n<\/div>\n\n\t\t\n\t<\/div>\n\n\t\n<\/div>\n\n\t\t\t\n\t\n\t<\/div>\n\n\t\t\n\n\t\t<\/div>\n<\/div>\t\n\n<div class=\"page-section  clearfix last-section\" style=\"z-index:7\" id='rpsRBEU6933O1THUE95VL380YADHBTIY76C' data-exheight='0' >\n\t\n\t<div class=\"section-inner-wrap\">\n\n\t\t\n\n\n\t\t\t\n\n\t<div class=\"skeleton section-content auto_align clearfix\" data-width=\"Contained\">\n\t\t\n\t\t\t\t\t\n<div class=\"rad-container  layout_element  one_third first  top   clearfix\" id=\"rpcAW8T312VYFJ13RJBC7ORF4F7SPTOQKR5\" data-layout=\"one_third\">\n\t\n\t \t\n\n\t<div class=\"rad-inner-container clearfix\">\n\t \n\n\n<div  data-key=\"rad_text_widget\"  style='-webkit-transition-delay:0s;transition-delay:0s;' id=\"rpwGPAW14UJ4JFUQIBBP178ARUR4RUEML7I\" class=\" w_full w_layout_element  top   rad-widget\">\n\t\n<div class='ioa-text-column none  col-align-left  clearfix'> \n      \n      <div class='ioa-text-area'>\n        <h3 class='text-title'>Dr. Sebastian Atilio Rossini<\/h3>\n        \n        \n        \n        \n      <\/div> \n     <\/div>\n<\/div>\n<div  data-key=\"rad_image_widget\"  id=\"rpwCRAW3R25BBATFC2PRO5UIF8N6IOUJIDH\" class=\" w_full w_layout_element   rad-widget\">\n\t<div class=\"image-inner-wrap image-stretched \">\n\t\t\t\t\n\t\t<div  class=' hover-item  image-align-none' itemscope itemprop='http:\/\/schema.org\/ImageObject'>   <img itemprop='image'   alt=\"\" title=\"SebastianRossini\"  class='' src='https:\/\/faardit.org.ar\/web\/wp-content\/uploads\/2021\/08\/SebastianRossini-333x333.jpg'     \/>  <\/div>\t\t\t\t\t<\/div>\n<\/div>\n\t\t\n\t<\/div>\n\n\t\n<\/div>\n\n\t\t\n<div class=\"rad-container  layout_element  two_third last top   clearfix\" id=\"rpcUVF0BYUBAJOTWSU26CO6LT1TH7IRO1VP\" data-layout=\"two_third\">\n\t\n\t \t\n\n\t<div class=\"rad-inner-container clearfix\">\n\t \n\n\n<div  data-key=\"rad_text_widget\"  style='-webkit-transition-delay:0s;transition-delay:0s;' id=\"rpwUW43O2YSVBP6H8YI6BF79M5TAU2CRQE6\" class=\" w_full w_layout_element  top   rad-widget\">\n\t\n<div class='ioa-text-column none  col-align-left  clearfix'> \n      \n      <div class='ioa-text-area'>\n        <h3 class='text-title'> <\/h3>\n        \n        \n        \n        \n      <\/div> \n     <\/div>\n<\/div> \n\n\n<div  data-key=\"rad_text_widget\"  style='-webkit-transition-delay:0s;transition-delay:0s;' id=\"rpwXHC0CVIFA8IVLWRF2RMF01G3JIKVAD1A\" class=\" w_full w_layout_element   rad-widget\">\n\t\n<div class='ioa-text-column none  col-align-left  clearfix'> \n      \n      <div class='ioa-text-area'>\n        <h3 class='text-title'> <\/h3>\n        \n        \n        \n        \n      <\/div> \n     <\/div>\n<\/div>\n<div  data-key=\"rad_toggle_widget\"  id=\"rpwRELA9EJHOJ7Q6IN38PIXB4BNOXK661MO\" class=\" w_full w_layout_element   rad-widget\">\n\n\t<div class=\"toggle-inner-wrap\">\n\t\t\n\n\t\t<div class=\" clearfix toggle-style-simple\" itemscope itemtype=\"http:\/\/schema.org\/ItemList\">\n  \t\t\n\t\t\n\t\t <div class='toggle ' itemscope itemtype='http:\/\/schema.org\/Thing'><h4><a href=\"#tg69f46fd63983f\" class='toggle-title ' itemprop='name'  > <i class='ioa-front-icon  plus-2icon-'><\/i> BREVE BIO<\/a><\/h4><div id='tg69f46fd63983f' itemprop='description' class='toggle-body collapse'>\n<p><span style=\"color: #000000;\">\u2022 M\u00e9dico de planta del servicio de TCMD y RM del Instituto Radiol\u00f3gico de Mar del Plata, Subespecialidad: cuerpo<\/span><\/p>\n<p><span style=\"color: #000000;\">\u2022 Integrante del Comit\u00e9 Consultor Nacional, secci\u00f3n T\u00f3rax de la Revista Argentina de Radiolog\u00eda (RAR).<\/span><\/p>\n<p><span style=\"color: #000000;\">\u2022 Jefe de Trabajos Pr\u00e1cticos. Catedra Diagn\u00f3stico por Im\u00e1genes I y II. Carrera de Medicina. Facultad de Ciencias M\u00e9dicas &#8211; Universidad FASTA.<\/span><\/p>\n<h5 style=\"text-align: left;\"><a href=\"https:\/\/faardit.org.ar\/web\/wp-content\/uploads\/2021\/08\/SebastianRossiniCVFaardit.pdf\"><strong>DESCARGAR CV<\/strong><\/a><\/h5>\n<\/div> <\/div> <div class='toggle ' itemscope itemtype='http:\/\/schema.org\/Thing'><h4><a href=\"#tg69f46fd63a18f\" class='toggle-title ' itemprop='name'  > <i class='ioa-front-icon  plus-2icon-'><\/i> CLASES<\/a><\/h4><div id='tg69f46fd63a18f' itemprop='description' class='toggle-body collapse'>\n<p><span style=\"color: #000000;\"><u>H\u00edgado<\/u><\/span><\/p>\n<p><span style=\"color: #000000;\">Lesiones hep\u00e1ticas focales en No cirr\u00f3ticos. Manejo e interpretaci\u00f3n de las Im\u00e1genes.<\/span><\/p>\n<p><span style=\"color: #000000;\">Lesiones hep\u00e1ticas focales en No cirr\u00f3ticos. Caracterizaci\u00f3n Imagenol\u00f3gica.<\/span><\/p>\n<p><span style=\"color: #000000;\">Lesiones hep\u00e1ticas focales en cirrosis. Manejo e interpretaci\u00f3n de las Im\u00e1genes.<\/span><\/p>\n<p><span style=\"color: #000000;\">Lesiones hep\u00e1ticas focales en cirrosis. Correlaci\u00f3n Imagenol\u00f3gica \u2013 Histol\u00f3gica.<\/span><\/p>\n<p><span style=\"color: #000000;\">Lesiones focales en cirrosis. Puntos clave de conflicto o dificultad<\/span><\/p>\n<p><span style=\"color: #000000;\">Colangiocarcinoma y sus m\u00faltiples formas de presentaci\u00f3n<\/span><\/p>\n<p><span style=\"color: #000000;\">Dimorfismos hep\u00e1ticos. Causas etiol\u00f3gicas y su interpretaci\u00f3n fisiopatol\u00f3gica.<\/span><\/p>\n<p><span style=\"color: #000000;\">Alteraciones en la perfusi\u00f3n hep\u00e1tica. Causas etol\u00f3gicas e Interpretaci\u00f3n por Im\u00e1genes.<\/span><\/p>\n<p><span style=\"color: #000000;\">Causas de hiperperfusi\u00f3n hep\u00e1tica difusa transitoria.<\/span><\/p>\n<p><span style=\"color: #000000;\">Pseudolesiones hep\u00e1ticas por trastornos en la perfusi\u00f3n.<\/span><\/p>\n<p><span style=\"color: #000000;\">Trombosis Portal: Rol de la TCMD y la RM.<\/span><\/p>\n<p><span style=\"color: #000000;\">Utilidad de la DIFUSION en lesiones hep\u00e1ticas focales.<\/span><\/p>\n<p><span style=\"color: #000000;\">Patolog\u00eda benigna de la v\u00eda biliar x TCMD y RM<\/span><\/p>\n<p><span style=\"color: #000000;\"><u>P\u00e1ncreas<\/u><\/span><\/p>\n<p><span style=\"color: #000000;\">Adenocarcinoma de p\u00e1ncreas: Criterios de resecabilidad.<\/span><\/p>\n<p><span style=\"color: #000000;\">Diferentes formas de presentaci\u00f3n del adenocarcinoma de p\u00e1ncreas.<\/span><\/p>\n<p><span style=\"color: #000000;\">Tumores neuroendocrinos y sus diferentes formas de presentaci\u00f3n.<\/span><\/p>\n<p><span style=\"color: #000000;\">Lesiones qu\u00edstica de p\u00e1ncreas: Interpretaci\u00f3n y Manejo cl\u00ednico-imagenol\u00f3gico.<\/span><\/p>\n<p><span style=\"color: #000000;\">Neoplasia Intraductal Papilar Mucinosa del p\u00e1ncreas. Puesta al d\u00eda.<\/span><\/p>\n<p><span style=\"color: #000000;\">Pancreatitis autoinmune: Claves cl\u00ednico imagenol\u00f3gicas para su diagn\u00f3stico.<\/span><\/p>\n<p><span style=\"color: #000000;\">Lesiones focales de la regi\u00f3n pancreaticoduodenal.<\/span><\/p>\n<p><span style=\"color: #000000;\">Dilataci\u00f3n del conducto pancre\u00e1tico principal. Sus m\u00faltiples causas.<\/span><\/p>\n<p><span style=\"color: #000000;\">Tumores infrecuentes y Pseudotumores de p\u00e1ncreas<\/span><\/p>\n<p><span style=\"color: #000000;\"><u>Adrenales<\/u><\/span><\/p>\n<p><span style=\"color: #000000;\">Lesiones adrenales manejo y caracterizaci\u00f3n imagenol\u00f3gico.<\/span><\/p>\n<p><span style=\"color: #000000;\"><u>Abdomen Agudo<\/u><\/span><\/p>\n<p><span style=\"color: #000000;\">Abdomen agudo obstructivo. Un tema dif\u00edcil hecho f\u00e1cil.<\/span><\/p>\n<p><span style=\"color: #000000;\">Apendicitis: Interpretaci\u00f3n por TCMD.<\/span><\/p>\n<p><span style=\"color: #000000;\">Diverticulitis y sus diagn\u00f3sticos diferenciales.<\/span><\/p>\n<p><span style=\"color: #000000;\"><u>Tubo digestivo<\/u><\/span><\/p>\n<p><span style=\"color: #000000;\">Hidrotomograf\u00eda de es\u00f3fago: Simple, c\u00f3modo, eficaz y econ\u00f3mico.<\/span><\/p>\n<p><span style=\"color: #000000;\">C\u00e1ncer g\u00e1strico: Interpretaci\u00f3n multiparam\u00e9trica.<\/span><\/p>\n<p><span style=\"color: #000000;\">Enterotomograf\u00eda y Enteroresonancia: optimizaci\u00f3n t\u00e9cnica.<\/span><\/p>\n<p><span style=\"color: #000000;\">Enfermedad inflamatoria intestinal: Rol del radi\u00f3logo.<\/span><\/p>\n<p><span style=\"color: #000000;\">Enterotomograf\u00eda: Valoraci\u00f3n en la patolog\u00eda oncol\u00f3gica.<\/span><\/p>\n<p><span style=\"color: #000000;\">Enterotomograf\u00eda: Utilidad en el sangrado intestinal.<\/span><\/p>\n<p><span style=\"color: #000000;\">RM en C\u00e1ncer de Recto: T\u00e9cnica e Interpretaci\u00f3n b\u00e1sica.<\/span><\/p>\n<p><span style=\"color: #000000;\">RM en C\u00e1ncer de Recto: Puntos clave en la estadificaci\u00f3n.<\/span><\/p>\n<p><span style=\"color: #000000;\">Estadificaci\u00f3n local del C\u00e1ncer de Recto por RM. Claves de inter\u00e9s terap\u00e9uticos y pronostico.<\/span><\/p>\n<p><span style=\"color: #000000;\">Valoraci\u00f3n Post-neoadyuvate del C\u00e1ncer de Recto por RM.<\/span><\/p>\n<p><span style=\"color: #000000;\">Fistulas del Canal Anal: Evaluaci\u00f3n por RM de Alta Resoluci\u00f3n.<\/span><\/p>\n<p><span style=\"color: #000000;\">Tumores neuroendocrinos Gastrointestinales: PET-CT con F-DOPA y Galio<\/span><\/p>\n<p><span style=\"color: #000000;\">Tumores neuroendocrinos Gastrointestinales: Beneficios del Manejo Multimodalidad.<\/span><\/p>\n<p><span style=\"color: #000000;\"><u>Vascular<\/u><\/span><\/p>\n<p><span style=\"color: #000000;\">Patolog\u00eda aortica y vascular abdominal No traum\u00e1tica.<\/span><\/p>\n<p><span style=\"color: #000000;\">Aneurisma de aorta abdominal: Evaluaci\u00f3n pre-tratamiento.<\/span><\/p>\n<p><span style=\"color: #000000;\">Complicaciones de las endopr\u00f3tesis en los aneurismas abdominales.<\/span><\/p>\n<p><span style=\"color: #000000;\"><u>Miscel\u00e1neas<\/u><\/span><\/p>\n<p><span style=\"color: #000000;\">Hidatidosis Hep\u00e1tica: Diagnostico y valoraci\u00f3n Imagenol\u00f3gica.<\/span><\/p>\n<p><span style=\"color: #000000;\">Hidatidosis: Complicaciones abdominales<\/span><\/p>\n<p><span style=\"color: #000000;\">Hidatidosis Localizaciones infrecuentes.<\/span><\/p>\n<\/div> <\/div>\n\t\t\n  \n\t\t<\/div>\n\n\t\n\t<\/div>\n<\/div>\n\n\t\t\n\t<\/div>\n\n\t\n<\/div>\n\n\t\t\n<div class=\"rad-container  layout_element  one_third first   clearfix\" id=\"rpcMLNGF89G7CCRV7TB4JN2Y4RT5264PXCP\" data-layout=\"one_third\">\n\t<span class=\"vline\" style='-webkit-transition-delay:350ms;transition-delay:350ms;'><\/span>\n\t \t\n\n\t<div class=\"rad-inner-container clearfix\">\n\t \n\n\n<div  data-key=\"rad_text_widget\"  style='-webkit-transition-delay:0s;transition-delay:0s;' id=\"rpwTI3Q3NJTW68H8R6CPRN06V24DJ4HY2YV\" class=\" w_full w_layout_element  top   rad-widget\">\n\t\n<div class='ioa-text-column none  col-align-left  clearfix'> \n      \n      <div class='ioa-text-area'>\n        <h3 class='text-title'>Dr. Juan Carlos Spina<\/h3>\n        \n        \n        \n        \n      <\/div> \n     <\/div>\n<\/div>\n<div  data-key=\"rad_image_widget\"  id=\"rpwNK9272HIKIA2X5KTSTALWKFFHD6PNYOD\" class=\" w_full w_layout_element   rad-widget\">\n\t<div class=\"image-inner-wrap image-stretched \">\n\t\t\t\t\n\t\t<div  class=' hover-item  image-align-none' itemscope itemprop='http:\/\/schema.org\/ImageObject'>   <img itemprop='image'   alt=\"\" title=\"foto\"  class='' src='https:\/\/faardit.org.ar\/web\/wp-content\/uploads\/2024\/02\/foto-333x222.jpg'     \/>  <\/div>\t\t\t\t\t<\/div>\n<\/div>\n\t\t\n\t<\/div>\n\n\t\n<\/div>\n\n\t\t\n<div class=\"rad-container  layout_element  two_third last  clearfix\" id=\"rpcG0HBAO6LDKBH8GORMRGWCSY4YNC4VMB5\" data-layout=\"two_third\">\n\t<span class=\"vline\" style='-webkit-transition-delay:700ms;transition-delay:700ms;'><\/span>\n\t \t\n\n\t<div class=\"rad-inner-container clearfix\">\n\t \n\n\n<div  data-key=\"rad_text_widget\"  style='-webkit-transition-delay:0s;transition-delay:0s;' id=\"rpwNPBM4V0CGME1065TFVWE2AH2D049QSJP\" class=\" w_full w_layout_element  top   rad-widget\">\n\t\n<div class='ioa-text-column none  col-align-left  clearfix'> \n      \n      <div class='ioa-text-area'>\n        <h3 class='text-title'> <\/h3>\n        \n        \n        \n        \n      <\/div> \n     <\/div>\n<\/div> \n\n\n<div  data-key=\"rad_text_widget\"  style='-webkit-transition-delay:0s;transition-delay:0s;' id=\"rpwL99V8NNIN54AOWWYEDI4Q471Q1L37Y86\" class=\" w_full w_layout_element   rad-widget\">\n\t\n<div class='ioa-text-column none  col-align-left  clearfix'> \n      \n      <div class='ioa-text-area'>\n        <h3 class='text-title'> <\/h3>\n        \n        \n        \n        \n      <\/div> \n     <\/div>\n<\/div>\n<div  data-key=\"rad_toggle_widget\"  id=\"rpwWLXL2VVL6W84E2T0UMP163PXMMLP06PK\" class=\" w_full w_layout_element   rad-widget\">\n\n\t<div class=\"toggle-inner-wrap\">\n\t\t\n\n\t\t<div class=\" clearfix toggle-style-simple\" itemscope itemtype=\"http:\/\/schema.org\/ItemList\">\n  \t\t\n\t\t\n\t\t <div class='toggle ' itemscope itemtype='http:\/\/schema.org\/Thing'><h4><a href=\"#tg69f46fd63bab3\" class='toggle-title ' itemprop='name'  > <i class='ioa-front-icon  plus-2icon-'><\/i> BREVE BIO<\/a><\/h4><div id='tg69f46fd63bab3' itemprop='description' class='toggle-body collapse'>\n<p><span style=\"color: #000000;\">\u2022 Especialista en diagn\u00f3stico por Im\u00e1genes.<\/span><br \/><span style=\"color: #000000;\">\u2022 M\u00e9dico de planta del servicio de Radiolog\u00eda del Hospital Italiano de Bs As.<\/span><br \/><span style=\"color: #000000;\">\u2022 Jefe de secci\u00f3n de Im\u00e1genes de cuerpo. Encargado el \u00e1rea de patolog\u00eda hepato bilio pancre\u00e1tica.<\/span><br \/><span style=\"color: #000000;\">\u2022 Docente adscripto de la Facultad de Medicina, Universidad de Buenos Aires.<\/span><\/p>\n<\/div> <\/div> <div class='toggle ' itemscope itemtype='http:\/\/schema.org\/Thing'><h4><a href=\"#tg69f46fd63c01a\" class='toggle-title ' itemprop='name'  > <i class='ioa-front-icon  plus-2icon-'><\/i> CLASES<\/a><\/h4><div id='tg69f46fd63c01a' itemprop='description' class='toggle-body collapse'>\n<p><span style=\"color: #000000;\">\u2022 Rol de las im\u00e1genes en la planificaci\u00f3n quir\u00fargica del colangioCA intrahep\u00e1tico.<\/span><\/p>\n<p><span style=\"color: #000000;\">\u2022 Colangiocarcinoma: Formas de presentaci\u00f3n t\u00edpicas y at\u00edpicas<\/span><\/p>\n<p><span style=\"color: #000000;\">\u2022 Tumor de Klatskin: que debemos informar?<\/span><\/p>\n<p><span style=\"color: #000000;\">\u2022 Pancreatitis cro\u0301nica: Diagno\u0301stico inicial y rol de los estudios complementarios por ima\u0301genes<\/span><\/p>\n<p><span style=\"color: #000000;\">\u2022 Patologia pancreatica inflamatoria vs tumoral: tips para su diagnostico diferencial<\/span><\/p>\n<p><span style=\"color: #000000;\">\u2022 Pancreatitis autoinmune: Espectro de presentaci\u00f3n<\/span><\/p>\n<p><span style=\"color: #000000;\">\u2022 Enfermedad por IgG4: Rol del radi\u00f3logo en el diagnostico inicial y control post tratamiento<\/span><\/p>\n<p><span style=\"color: #000000;\">\u2022 Diagnostico inicial del CA de pancreas: Que debemos informar<\/span><\/p>\n<p><span style=\"color: #000000;\">\u2022 Adenocarcinoma de p\u00e1ncreas: Como evaluar la respuesta al tratamiento neoadyuvante.<\/span><\/p>\n<p><span style=\"color: #000000;\">\u2022 Duodenopancreatectomia cef\u00e1lica: Hallazgos t\u00edpicos y at\u00edpicos en el control postquir\u00fargico. Como evitar errores diagn\u00f3sticos<\/span><\/p>\n<p><span style=\"color: #000000;\">\u2022 Tumores qu\u00edsticos de p\u00e1ncreas: RM vs ecoendoscopia<\/span><\/p>\n<p><span style=\"color: #000000;\">\u2022 Neoplasias qu\u00edsticas mucinosas del p\u00e1ncreas y sus diagn\u00f3sticos diferenciales<\/span><\/p>\n<p><span style=\"color: #000000;\">\u2022 Dilema: IPMN tipo 2 con signos de alarma vs IPMN tipo 3<\/span><\/p>\n<p><span style=\"color: #000000;\">\u2022 Evaluaci\u00f3n del h\u00edgado post tratamiento oncol\u00f3gico.<\/span><\/p>\n<p><span style=\"color: #000000;\">\u2022 Hallazgos normales y anormales luego de las hepatectom\u00edas parciales: Que debemo saber<\/span><\/p>\n<p><span style=\"color: #000000;\">\u2022 Utilidad del contraste Hepatoespec\u00edfico: Principios y principales indicaciones<\/span><\/p>\n<p><span style=\"color: #000000;\">\u2022 HNF: Diferentes formas de presentaci\u00f3n y diagn\u00f3sticos diferenciales.<\/span><\/p>\n<p><span style=\"color: #000000;\">\u2022 HNF vs adenomas hep\u00e1ticos: Rol del contraste hepato especifico.<\/span><\/p>\n<p><span style=\"color: #000000;\">\u2022 Que tan certeros podemos ser en el diagn\u00f3stico de los adenomas hep\u00e1ticos.<\/span><\/p>\n<p><span style=\"color: #000000;\">\u2022 Tumores neuroendocrinos de p\u00e1ncreas t\u00edpicos y at\u00edpicos: tips para su diagn\u00f3stico<\/span><\/p>\n<p><span style=\"color: #000000;\">\u2022 Met\u00e1stasis hep\u00e1ticas de origen colorectal: Como ayudar al cirujano a planificar el tratamiento?<\/span><\/p>\n<p><span style=\"color: #000000;\">\u2022 Met\u00e1stasis hep\u00e1ticas: Rol de las im\u00e1genes en su diagn\u00f3stico y planificaci\u00f3n del tratamiento. TC vs RM vs PET-TC<\/span><\/p>\n<p><span style=\"color: #000000;\">\u2022 Lesiones hep\u00e1ticas que no hay que tratar: Como reconocerlas<\/span><\/p>\n<p><span style=\"color: #000000;\">\u2022 Ima\u0301genes en patologi\u0301a benigna del hi\u0301gado, \u00bfCua\u0301nta certeza tenemos?<\/span><\/p>\n<p><span style=\"color: #000000;\">\u2022 Rol de las imagenes en el diagnostico del HCC.<\/span><br \/><span style=\"color: #000000;\">Criterios Li-Rads- \u00bfNecesarios o riesgo de retraso terape\u0301utico y de sobrediagno\u0301stico?<\/span><\/p>\n<p><span style=\"color: #000000;\">\u2022 Lesiones quir\u00fargicas de la v\u00eda biliar: Rol de las im\u00e1genes<\/span><\/p>\n<\/div> <\/div>\n\t\t\n  \n\t\t<\/div>\n\n\t\n\t<\/div>\n<\/div>\n\n\t\t\n\t<\/div>\n\n\t\n<\/div>\n\n\t\t\t\n\t\n\t<\/div>\n\n\t\t\n\n\t\t<\/div>\n<\/div>\t\n\n<\/p>\n","protected":false},"excerpt":{"rendered":"","protected":false},"author":1,"featured_media":0,"parent":0,"menu_order":0,"comment_status":"closed","ping_status":"closed","template":"","meta":[],"_links":{"self":[{"href":"https:\/\/faardit.org.ar\/web\/wp-json\/wp\/v2\/pages\/5416"}],"collection":[{"href":"https:\/\/faardit.org.ar\/web\/wp-json\/wp\/v2\/pages"}],"about":[{"href":"https:\/\/faardit.org.ar\/web\/wp-json\/wp\/v2\/types\/page"}],"author":[{"embeddable":true,"href":"https:\/\/faardit.org.ar\/web\/wp-json\/wp\/v2\/users\/1"}],"replies":[{"embeddable":true,"href":"https:\/\/faardit.org.ar\/web\/wp-json\/wp\/v2\/comments?post=5416"}],"version-history":[{"count":22,"href":"https:\/\/faardit.org.ar\/web\/wp-json\/wp\/v2\/pages\/5416\/revisions"}],"predecessor-version":[{"id":7228,"href":"https:\/\/faardit.org.ar\/web\/wp-json\/wp\/v2\/pages\/5416\/revisions\/7228"}],"wp:attachment":[{"href":"https:\/\/faardit.org.ar\/web\/wp-json\/wp\/v2\/media?parent=5416"}],"curies":[{"name":"wp","href":"https:\/\/api.w.org\/{rel}","templated":true}]}}