{"id":5418,"date":"2022-01-21T18:41:37","date_gmt":"2022-01-21T18:41:37","guid":{"rendered":"https:\/\/faardit.org.ar\/web\/?page_id=5418"},"modified":"2025-09-02T13:03:40","modified_gmt":"2025-09-02T13:03:40","slug":"profesores-pediatria","status":"publish","type":"page","link":"https:\/\/faardit.org.ar\/web\/profesores-pediatria\/","title":{"rendered":"Profesores &#8211; Pediatr\u00eda"},"content":{"rendered":"<p><div class=\"page-section  clearfix first-section\" style=\"z-index:1\" id='rpsLOY957W8S77L52LUIQAXQADAF2DIETKN' data-exheight='0' >\n\t\n\t<div class=\"section-inner-wrap\">\n\n\t\t\n\n\n\t\t\t\n\n\t<div class=\"skeleton section-content auto_align clearfix\" data-width=\"Contained\">\n\t\t\n\t\t\t\t\t\n<div class=\"rad-container  layout_element  full last first  top   clearfix\" id=\"rpcI53EH7NWDDBPPL2YAPCGJ7ASNMB15NDD\" data-layout=\"full\">\n\t\n\t \t\n\n\t<div class=\"rad-inner-container clearfix\">\n\t \n\n\n<div  data-key=\"rad_text_widget\"  style='-webkit-transition-delay:0s;transition-delay:0s;' id=\"rpwMLB47UEB8R2ET2KC0NU08228TOYIS81X\" class=\" w_full w_layout_element  top  widget-animate widget-animate-fade-top  rad-widget\">\n\t\n<div class='ioa-text-column centered  col-align-center  clearfix'> \n      <div class='ioa-icon-area' style='margin-top:0'> <img src='https:\/\/faardit.org.ar\/web\/wp-content\/uploads\/2024\/01\/Pediatria-Ene24@2x-1.png' alt='text icon'\/>  <\/div>\n      <div class='ioa-text-area'>\n        <h3 class='text-title'>Pediatr\u00eda<\/h3>\n        \n        \n        \n        \n      <\/div> \n     <\/div>\n<\/div>\n<div  data-key=\"rad_divider_widget\"  id=\"rpwDLTL88MVWY2OYJR0NAQ2S7DSAVW4SS2M\" class=\" w_full w_layout_element   rad-widget\" style=\"padding:\">\n\t<div class=\"divider line\"  >\n\t\t\t\t\t\t\t\t\t<\/div>\n<\/div>\n\n\t\t\n\t<\/div>\n\n\t\n<\/div>\n\n\t\t\t\n\t\n\t<\/div>\n\n\t\t\n\n\t\t<\/div>\n<\/div>\t\n\n<div class=\"page-section  clearfix \" style=\"z-index:2\" id='rpsFAKDO5K0U5PXDEECJ4GFBFXOI6QUCM42' data-exheight='0' >\n\t\n\t<div class=\"section-inner-wrap\">\n\n\t\t\n\n\n\t\t\t\n\n\t<div class=\"skeleton section-content auto_align clearfix\" data-width=\"Contained\">\n\t\t\n\t\t\t\t\t\n<div class=\"rad-container  layout_element  one_third first  top   clearfix\" id=\"rpcHPW2GOEKI17AHHYAW5J8Y7I3UOJ6XUMG\" data-layout=\"one_third\">\n\t\n\t \t\n\n\t<div class=\"rad-inner-container clearfix\">\n\t \n\n\n<div  data-key=\"rad_text_widget\"  style='-webkit-transition-delay:0s;transition-delay:0s;' id=\"rpwWTF4MIXNU904UW652DTSQ4IN8W56AX9S\" class=\" w_full w_layout_element  top   rad-widget\">\n\t\n<div class='ioa-text-column none  col-align-left  clearfix'> \n      \n      <div class='ioa-text-area'>\n        <h3 class='text-title'>Dra. Mar\u00eda Carolina Castagnaro<\/h3>\n        \n        \n        \n        \n      <\/div> \n     <\/div>\n<\/div>\n<div  data-key=\"rad_image_widget\"  id=\"rpwV246V2W77DQPGVG8X89YQ4FBAR6QDLJ4\" class=\" w_full w_layout_element   rad-widget\">\n\t<div class=\"image-inner-wrap image-stretched \">\n\t\t\t\t\n\t\t<div  class=' hover-item  image-align-none' itemscope itemprop='http:\/\/schema.org\/ImageObject'>   <img itemprop='image'   alt=\"\" title=\"CarolinaCastagnaro\"  class='' src='https:\/\/faardit.org.ar\/web\/wp-content\/uploads\/2021\/08\/CarolinaCastagnaro-333x333.jpg'     \/>  <\/div>\t\t\t\t\t<\/div>\n<\/div>\n\t\t\n\t<\/div>\n\n\t\n<\/div>\n\n\t\t\n<div class=\"rad-container  layout_element  two_third last top   clearfix\" id=\"rpcS1Q4P3CNL3DMXR3V1GNCWWIS2K3LROD4\" data-layout=\"two_third\">\n\t\n\t \t\n\n\t<div class=\"rad-inner-container clearfix\">\n\t \n\n\n<div  data-key=\"rad_text_widget\"  style='-webkit-transition-delay:0s;transition-delay:0s;' id=\"rpwBVEEGFKORJ1TD21EKR8WETV446NBYGGU\" class=\" w_full w_layout_element  top   rad-widget\">\n\t\n<div class='ioa-text-column none  col-align-left  clearfix'> \n      \n      <div class='ioa-text-area'>\n        <h3 class='text-title'> <\/h3>\n        \n        \n        \n        \n      <\/div> \n     <\/div>\n<\/div> \n\n\n<div  data-key=\"rad_text_widget\"  style='-webkit-transition-delay:0s;transition-delay:0s;' id=\"rpwTCS8I60KRSMH7N3PMDUT57AV5YJCPA61\" class=\" w_full w_layout_element   rad-widget\">\n\t\n<div class='ioa-text-column none  col-align-left  clearfix'> \n      \n      <div class='ioa-text-area'>\n        <h3 class='text-title'> <\/h3>\n        \n        \n        \n        \n      <\/div> \n     <\/div>\n<\/div>\n<div  data-key=\"rad_toggle_widget\"  id=\"rpwM4R3P3WJP9N404QPDX4XV398WCD9VAFT\" class=\" w_full w_layout_element   rad-widget\">\n\n\t<div class=\"toggle-inner-wrap\">\n\t\t\n\n\t\t<div class=\" clearfix toggle-style-simple\" itemscope itemtype=\"http:\/\/schema.org\/ItemList\">\n  \t\t\n\t\t\n\t\t <div class='toggle ' itemscope itemtype='http:\/\/schema.org\/Thing'><h4><a href=\"#tg69f436e16c506\" class='toggle-title ' itemprop='name'  > <i class='ioa-front-icon  plus-2icon-'><\/i> BREVE BIO<\/a><\/h4><div id='tg69f436e16c506' itemprop='description' class='toggle-body collapse'>\n<p><span style=\"color: #000000;\">\u2022 M\u00e9dica de planta del Instituto de Maternidad y Ginecolog\u00eda \u201cNuestra Se\u00f1ora de las Mercedes\u201d.<\/span><\/p>\n<p><span style=\"color: #000000;\">\u2022 A cargo del Servicio: Diagnostico por Im\u00e1genes Neonatal y Pedi\u00e1trica.<\/span><\/p>\n<p><span style=\"color: #000000;\">\u2022 Actividad privada en centro de diagnostico ecogr\u00e1fico \u201cCUESTIONDEIMAGEN DIAGNOSTICO ECOGRAFICO\u201d\u00a0<\/span><\/p>\n<h5 style=\"text-align: left;\"><a href=\"https:\/\/faardit.org.ar\/web\/wp-content\/uploads\/2021\/08\/CarolinaCastagnaroCVFaardit.pdf\"><strong>DESCARGAR CV<\/strong><\/a><\/h5>\n<\/div> <\/div> <div class='toggle ' itemscope itemtype='http:\/\/schema.org\/Thing'><h4><a href=\"#tg69f436e16c7f1\" class='toggle-title ' itemprop='name'  > <i class='ioa-front-icon  plus-2icon-'><\/i> CLASES<\/a><\/h4><div id='tg69f436e16c7f1' itemprop='description' class='toggle-body collapse'>\n<p><span style=\"color: #000000;\">Neuroultrasonografia Doppler Rol En La Hemorragia Intracraneana, Encefalopatia Hipoxica, Infecciones Cerebro Meningeas <\/span><\/p>\n<p><span style=\"color: #000000;\">Ultrasonido Desde La Etapa Prenatal En Las Malformaciones Del Desarrollo Del Snc<\/span><\/p>\n<p><span style=\"color: #000000;\">Ultrasonido En Las Masas Hep\u00e1ticas Fetales Y Neonatales Una Herramienta Esencial<\/span><\/p>\n<p><span style=\"color: #000000;\">Ultrasonido En La Colestasis Neonatal<\/span><\/p>\n<p><span style=\"color: #000000;\">Enterocolitis Necrotizante Radiografia Directa De Abdomen Y Ecografia &#8211; Correlaci\u00f3n Cl\u00ednica <\/span><\/p>\n<p><span style=\"color: #000000;\">Im\u00e1genes En El Trauma Perinatal Y Neonatal<\/span><\/p>\n<p><span style=\"color: #000000;\">Masas Retroperitoneales Perinatales<\/span><\/p>\n<p><span style=\"color: #000000;\">Ultrasonido En Lesiones De Partes Blandas en el Neonato Y Lactante <\/span><\/p>\n<p><span style=\"color: #000000;\">Dilataciones De La V\u00eda Urinaria. Hablemos Un Mismo Idioma, Actualizaci\u00f3n De La Nomenclatura<\/span><\/p>\n<p><span style=\"color: #000000;\">Tumores Fetales Y Neonatales <\/span><\/p>\n<p><span style=\"color: #000000;\">Rol Y Utilidades De Ultrasonido en el T\u00f3rax Neonatal. Casos Interesantes<\/span><\/p>\n<\/div> <\/div>\n\t\t\n  \n\t\t<\/div>\n\n\t\n\t<\/div>\n<\/div>\n\n\t\t\n\t<\/div>\n\n\t\n<\/div>\n\n\t\t\t\n\t\n\t<\/div>\n\n\t\t\n\n\t\t<\/div>\n<\/div>\t\n\n<div class=\"page-section  clearfix \" style=\"z-index:3\" id='rpsCWWVX91QAMYBGS1YLK5BPGFRY1W2VV0D' data-exheight='0' >\n\t\n\t<div class=\"section-inner-wrap\">\n\n\t\t\n\n\n\t\t\t\n\n\t<div class=\"skeleton section-content auto_align clearfix\" data-width=\"Contained\">\n\t\t\n\t\t\t\t\t\n<div class=\"rad-container  layout_element  one_third first  top   clearfix\" id=\"rpcFV28I9WJBFLXWJ7T9CB7CKXNFM2FLCLX\" data-layout=\"one_third\">\n\t\n\t \t\n\n\t<div class=\"rad-inner-container clearfix\">\n\t \n\n\n<div  data-key=\"rad_text_widget\"  style='-webkit-transition-delay:0s;transition-delay:0s;' id=\"rpwGF3PDNXGPS8XYUQ9N3FJNNVXLEOTS4S2\" class=\" w_full w_layout_element  top   rad-widget\">\n\t\n<div class='ioa-text-column none  col-align-left  clearfix'> \n      \n      <div class='ioa-text-area'>\n        <h3 class='text-title'>Dr. Hector Guillermo Oxilia<\/h3>\n        \n        \n        \n        \n      <\/div> \n     <\/div>\n<\/div>\n<div  data-key=\"rad_image_widget\"  id=\"rpwGVXQV8C4KAYMUUNE0FPK367HFUBJGVFJ\" class=\" w_full w_layout_element   rad-widget\">\n\t<div class=\"image-inner-wrap image-stretched \">\n\t\t\t\t\n\t\t<div  class=' hover-item  image-align-none' itemscope itemprop='http:\/\/schema.org\/ImageObject'>   <img itemprop='image'   alt=\"\" title=\"HectorOxilia\"  class='' src='https:\/\/faardit.org.ar\/web\/wp-content\/uploads\/2021\/08\/HectorOxilia-333x333.jpg'     \/>  <\/div>\t\t\t\t\t<\/div>\n<\/div>\n\t\t\n\t<\/div>\n\n\t\n<\/div>\n\n\t\t\n<div class=\"rad-container  layout_element  two_third last top   clearfix\" id=\"rpcWVNPY5OIO6YJJULVMGRJQKYDS2EPPHEI\" data-layout=\"two_third\">\n\t\n\t \t\n\n\t<div class=\"rad-inner-container clearfix\">\n\t \n\n\n<div  data-key=\"rad_text_widget\"  style='-webkit-transition-delay:0s;transition-delay:0s;' id=\"rpwHD62S15OINC4832RI0OB1TJLEMBIGSP1\" class=\" w_full w_layout_element  top   rad-widget\">\n\t\n<div class='ioa-text-column none  col-align-left  clearfix'> \n      \n      <div class='ioa-text-area'>\n        <h3 class='text-title'> <\/h3>\n        \n        \n        \n        \n      <\/div> \n     <\/div>\n<\/div> \n\n\n<div  data-key=\"rad_text_widget\"  style='-webkit-transition-delay:0s;transition-delay:0s;' id=\"rpwXS67J7MVK7I5F21CC3JMBU2F4HWTS0QV\" class=\" w_full w_layout_element   rad-widget\">\n\t\n<div class='ioa-text-column none  col-align-left  clearfix'> \n      \n      <div class='ioa-text-area'>\n        <h3 class='text-title'> <\/h3>\n        \n        \n        \n        \n      <\/div> \n     <\/div>\n<\/div>\n<div  data-key=\"rad_toggle_widget\"  id=\"rpwKWI7XCVJE4EU45NIIG1N7SDP0LQKXPRF\" class=\" w_full w_layout_element   rad-widget\">\n\n\t<div class=\"toggle-inner-wrap\">\n\t\t\n\n\t\t<div class=\" clearfix toggle-style-simple\" itemscope itemtype=\"http:\/\/schema.org\/ItemList\">\n  \t\t\n\t\t\n\t\t <div class='toggle ' itemscope itemtype='http:\/\/schema.org\/Thing'><h4><a href=\"#tg69f436e16e4e0\" class='toggle-title ' itemprop='name'  > <i class='ioa-front-icon  plus-2icon-'><\/i> BREVE BIO<\/a><\/h4><div id='tg69f436e16e4e0' itemprop='description' class='toggle-body collapse'>\n<p><span style=\"color: #000000;\">\u2022 Diagnostovp Medico Rosario: Sanatorio de Ni\u00f1os Rosario<\/span><\/p>\n<p><span style=\"color: #000000;\">\u2022 Docente pos grado\u00a0 Escuela de Diagnostico por Im\u00e1genes Fundacion Dr.JR\u00a0 Villavicencio)<\/span><\/p>\n<h5 style=\"text-align: left;\"><a href=\"https:\/\/faardit.org.ar\/web\/wp-content\/uploads\/2021\/08\/HectorOxiliaCVFaardit.pdf\"><strong>DESCARGAR CV<\/strong><\/a><\/h5>\n<\/div> <\/div> <div class='toggle ' itemscope itemtype='http:\/\/schema.org\/Thing'><h4><a href=\"#tg69f436e16e6e7\" class='toggle-title ' itemprop='name'  > <i class='ioa-front-icon  plus-2icon-'><\/i> CLASES<\/a><\/h4><div id='tg69f436e16e6e7' itemprop='description' class='toggle-body collapse'>\n<p><span style=\"color: #000000;\">1. Evaluaci\u00f3n de anomal\u00edas de la uni\u00f3n bilio pancre\u00e1tica.<\/span><br \/><span style=\"color: #000000;\">2. Patolog\u00eda hep\u00e1tica poco frecuente, manejo del diagn\u00f3stico por im\u00e1genes.<\/span><br \/><span style=\"color: #000000;\">3. Casos diagn\u00f3sticos interesantes.<\/span><br \/><span style=\"color: #000000;\">4. El ni\u00f1o con impotencia funcional, manejo imagenol\u00f3gico.<\/span><br \/><span style=\"color: #000000;\">5. Evaluaci\u00f3n de la cadera pedi\u00e1trica por im\u00e1genes.<\/span><br \/><span style=\"color: #000000;\">6. Tumores \u00f3seos en la edad pedi\u00e1trica.<\/span><\/p>\n<\/div> <\/div>\n\t\t\n  \n\t\t<\/div>\n\n\t\n\t<\/div>\n<\/div>\n\n\t\t\n\t<\/div>\n\n\t\n<\/div>\n\n\t\t\t\n\t\n\t<\/div>\n\n\t\t\n\n\t\t<\/div>\n<\/div>\t\n\n<div class=\"page-section  clearfix \" style=\"z-index:4\" id='rpsGYK1H87ME1WUORE392OG4M7FCIKJYG76' data-exheight='0' >\n\t\n\t<div class=\"section-inner-wrap\">\n\n\t\t\n\n\n\t\t\t\n\n\t<div class=\"skeleton section-content auto_align clearfix\" data-width=\"Contained\">\n\t\t\n\t\t\t\t\t\n<div class=\"rad-container  layout_element  one_third first  top   clearfix\" id=\"rpcIW06VKPWBGCAXEG07Q7ARCD3GAEDVK8J\" data-layout=\"one_third\">\n\t\n\t \t\n\n\t<div class=\"rad-inner-container clearfix\">\n\t \n\n\n<div  data-key=\"rad_text_widget\"  style='-webkit-transition-delay:0s;transition-delay:0s;' id=\"rpwLY0X8NB85LQ93CLX34D9TQWJWKHAW4CN\" class=\" w_full w_layout_element  top   rad-widget\">\n\t\n<div class='ioa-text-column none  col-align-left  clearfix'> \n      \n      <div class='ioa-text-area'>\n        <h3 class='text-title'>Dr. Mario Pelizzari<\/h3>\n        \n        \n        \n        \n      <\/div> \n     <\/div>\n<\/div>\n<div  data-key=\"rad_image_widget\"  id=\"rpwCAJ19RW9PM6RQDYH5VEL6MRI3SUKC2IH\" class=\" w_full w_layout_element   rad-widget\">\n\t<div class=\"image-inner-wrap image-stretched \">\n\t\t\t\t\n\t\t<div  class=' hover-item  image-align-none' itemscope itemprop='http:\/\/schema.org\/ImageObject'>   <img itemprop='image'   alt=\"\" title=\"MarioPelizzari\"  class='' src='https:\/\/faardit.org.ar\/web\/wp-content\/uploads\/2021\/08\/MarioPelizzari-333x333.jpg'     \/>  <\/div>\t\t\t\t\t<\/div>\n<\/div>\n\t\t\n\t<\/div>\n\n\t\n<\/div>\n\n\t\t\n<div class=\"rad-container  layout_element  two_third last top   clearfix\" id=\"rpcSLS8N3FISVBTSW6P5P8ENVFWPD89P7ON\" data-layout=\"two_third\">\n\t\n\t \t\n\n\t<div class=\"rad-inner-container clearfix\">\n\t \n\n\n<div  data-key=\"rad_text_widget\"  style='-webkit-transition-delay:0s;transition-delay:0s;' id=\"rpwARN7YNRYBYFOE8ADFFBLVEPRMT2WX4QF\" class=\" w_full w_layout_element  top   rad-widget\">\n\t\n<div class='ioa-text-column none  col-align-left  clearfix'> \n      \n      <div class='ioa-text-area'>\n        <h3 class='text-title'> <\/h3>\n        \n        \n        \n        \n      <\/div> \n     <\/div>\n<\/div> \n\n\n<div  data-key=\"rad_text_widget\"  style='-webkit-transition-delay:0s;transition-delay:0s;' id=\"rpwP86PULTITU60VQNUTXSVVOUI12X2NRJ8\" class=\" w_full w_layout_element   rad-widget\">\n\t\n<div class='ioa-text-column none  col-align-left  clearfix'> \n      \n      <div class='ioa-text-area'>\n        <h3 class='text-title'> <\/h3>\n        \n        \n        \n        \n      <\/div> \n     <\/div>\n<\/div>\n<div  data-key=\"rad_toggle_widget\"  id=\"rpwMJKSNPLIYE3Y3KN5GAYQCBV65IY32OB8\" class=\" w_full w_layout_element   rad-widget\">\n\n\t<div class=\"toggle-inner-wrap\">\n\t\t\n\n\t\t<div class=\" clearfix toggle-style-simple\" itemscope itemtype=\"http:\/\/schema.org\/ItemList\">\n  \t\t\n\t\t\n\t\t <div class='toggle ' itemscope itemtype='http:\/\/schema.org\/Thing'><h4><a href=\"#tg69f436e170f8a\" class='toggle-title ' itemprop='name'  > <i class='ioa-front-icon  plus-2icon-'><\/i> BREVE BIO<\/a><\/h4><div id='tg69f436e170f8a' itemprop='description' class='toggle-body collapse'>\n<p><span style=\"color: #000000;\">\u2022 Centro Privado de Tomograf\u00eda Computada C\u00f3rdoba, Instituto Oulton. Jefe de servicio departamento de Imagenolog\u00eda Pedi\u00e1trica y Materno fetal.<\/span><\/p>\n<p><span style=\"color: #000000;\">\u2022 Cl\u00ednica Universitaria Reina Fabiola. Jefe de servicio departamento de Imagenolog\u00eda Pedi\u00e1trica y Materno fetal.<\/span><\/p>\n<p><span style=\"color: #000000;\">\u2022 Cl\u00ednica Maternidad del Sol. Jefe de servicio departamento de Imagenolog\u00eda Pedi\u00e1trica y Materno fetal.<\/span><\/p>\n<h5 style=\"text-align: left;\"><a href=\"https:\/\/faardit.org.ar\/web\/wp-content\/uploads\/2021\/08\/MarioPelizzariCVFaardit.pdf\"><strong>DESCARGAR CV<\/strong><\/a><\/h5>\n<\/div> <\/div> <div class='toggle ' itemscope itemtype='http:\/\/schema.org\/Thing'><h4><a href=\"#tg69f436e17152b\" class='toggle-title ' itemprop='name'  > <i class='ioa-front-icon  plus-2icon-'><\/i> CLASES<\/a><\/h4><div id='tg69f436e17152b' itemprop='description' class='toggle-body collapse'>\n<p><span style=\"color: #000000;\">Urgencias abdominales del feto al lactante<\/span><\/p>\n<p><span style=\"color: #000000;\">Urgencias abdominales del reci\u00e9n nacido y lactante<\/span><\/p>\n<p><span style=\"color: #000000;\">Urgencias abdominales del ni\u00f1o<\/span><\/p>\n<p><span style=\"color: #000000;\">Estudio de la pared intestinal en Pediatr\u00eda<\/span><\/p>\n<p><span style=\"color: #000000;\">Hidrosonograf\u00eda Col\u00f3nica en Pediatr\u00eda<\/span><\/p>\n<p><span style=\"color: #000000;\">Invaginaci\u00f3n intestinal en im\u00e1genes<\/span><\/p>\n<p><span style=\"color: #000000;\">El ap\u00e9ndice en im\u00e1genes<\/span><\/p>\n<p><span style=\"color: #000000;\">El bazo en im\u00e1genes<\/span><\/p>\n<p><span style=\"color: #000000;\">Quistes abdominales pedi\u00e1tricos en im\u00e1genes<\/span><\/p>\n<p><span style=\"color: #000000;\">Patolog\u00eda escrotal en pediatr\u00eda<\/span><\/p>\n<p><span style=\"color: #000000;\">Urgencias pelvianas de la ni\u00f1a y la adolescente<\/span><\/p>\n<p><span style=\"color: #000000;\">Urgencias urol\u00f3gicas en pediatr\u00eda<\/span><\/p>\n<p><span style=\"color: #000000;\">Estudios en la infecci\u00f3n urinaria pedi\u00e1trica<\/span><\/p>\n<p><span style=\"color: #000000;\">Estudios contrastados pedi\u00e1tricos<\/span><\/p>\n<p><span style=\"color: #000000;\">Patolog\u00eda cervical en pediatr\u00eda<\/span><\/p>\n<p><span style=\"color: #000000;\">Ecograf\u00eda dermatol\u00f3gica en pediatr\u00eda<\/span><\/p>\n<p><span style=\"color: #000000;\">Tips en ecograf\u00eda dermatol\u00f3gica en pediatr\u00eda<\/span><\/p>\n<p><span style=\"color: #000000;\">Ecograf\u00eda en lesiones qu\u00edsticas de la piel en paciente pedi\u00e1trico<\/span><\/p>\n<p><span style=\"color: #000000;\">Pilomatrixoma pedi\u00e1trico en im\u00e1genes<\/span><\/p>\n<p><span style=\"color: #000000;\">Tumoraciones faciales infantiles de piel en<\/span><br \/><span style=\"color: #000000;\">im\u00e1genes<\/span><\/p>\n<p><span style=\"color: #000000;\">Anomal\u00edas vasculares superficiales en im\u00e1genes<\/span><\/p>\n<p><span style=\"color: #000000;\">Malformaciones cerebrales del feto al reci\u00e9n nacido<\/span><\/p>\n<p><span style=\"color: #000000;\">Ecograf\u00eda y Doppler del Sistema Nervioso Central<\/span><\/p>\n<p><span style=\"color: #000000;\">Ecograf\u00eda ocular en pediatr\u00eda con ec\u00f3grafo polivalente<\/span><\/p>\n<p><span style=\"color: #000000;\">Suprarrenales del Feto al Ni\u00f1o<\/span><\/p>\n<p><span style=\"color: #000000;\">Nefropat\u00edas del Feto al Ni\u00f1o<\/span><\/p>\n<p><span style=\"color: #000000;\">Uropat\u00edas del Feto al Ni\u00f1o<\/span><\/p>\n<p><span style=\"color: #000000;\">Megavejiga del Feto al ni\u00f1o<\/span><\/p>\n<p><span style=\"color: #000000;\">Casos desafiantes<\/span><\/p>\n<\/div> <\/div>\n\t\t\n  \n\t\t<\/div>\n\n\t\n\t<\/div>\n<\/div>\n\n\t\t\n\t<\/div>\n\n\t\n<\/div>\n\n\t\t\t\n\t\n\t<\/div>\n\n\t\t\n\n\t\t<\/div>\n<\/div>\t\n\n<div class=\"page-section  clearfix \" style=\"z-index:5\" id='rpsQBTNDSPP4KS2MBHHFXMACSMOPTKY9EY4' data-exheight='0' >\n\t\n\t<div class=\"section-inner-wrap\">\n\n\t\t\n\n\n\t\t\t\n\n\t<div class=\"skeleton section-content auto_align clearfix\" data-width=\"Contained\">\n\t\t\n\t\t\t\t\t\n<div class=\"rad-container  layout_element  one_third first  top   clearfix\" id=\"rpcBV61B4S5FL9V02X8BC35AJPHDB9Q49C5\" data-layout=\"one_third\">\n\t\n\t \t\n\n\t<div class=\"rad-inner-container clearfix\">\n\t \n\n\n<div  data-key=\"rad_text_widget\"  style='-webkit-transition-delay:0s;transition-delay:0s;' id=\"rpwF5IHOCBX5JX1Y17563J9ID474TM6PN77\" class=\" w_full w_layout_element  top   rad-widget\">\n\t\n<div class='ioa-text-column none  col-align-left  clearfix'> \n      \n      <div class='ioa-text-area'>\n        <h3 class='text-title'>Dra. Patricia A. Nally<\/h3>\n        \n        \n        \n        \n      <\/div> \n     <\/div>\n<\/div>\n<div  data-key=\"rad_image_widget\"  id=\"rpwULCKWFTOOS2LROLXSEBK7M3XR9IMV0HJ\" class=\" w_full w_layout_element   rad-widget\">\n\t<div class=\"image-inner-wrap image-stretched \">\n\t\t\t\t\n\t\t<div  class=' hover-item  image-align-none' itemscope itemprop='http:\/\/schema.org\/ImageObject'>   <img itemprop='image'   alt=\"\" title=\"PatriciaNally\"  class='' src='https:\/\/faardit.org.ar\/web\/wp-content\/uploads\/2021\/08\/PatriciaNally-333x333.jpg'     \/>  <\/div>\t\t\t\t\t<\/div>\n<\/div>\n\t\t\n\t<\/div>\n\n\t\n<\/div>\n\n\t\t\n<div class=\"rad-container  layout_element  two_third last top   clearfix\" id=\"rpcW245IH1OTWV6D9JLTVV3WSCIYQDGNNP0\" data-layout=\"two_third\">\n\t\n\t \t\n\n\t<div class=\"rad-inner-container clearfix\">\n\t \n\n\n<div  data-key=\"rad_text_widget\"  style='-webkit-transition-delay:0s;transition-delay:0s;' id=\"rpwFFD3HD1QGV45UFUD14JXFH4BHI9DBRV0\" class=\" w_full w_layout_element  top   rad-widget\">\n\t\n<div class='ioa-text-column none  col-align-left  clearfix'> \n      \n      <div class='ioa-text-area'>\n        <h3 class='text-title'> <\/h3>\n        \n        \n        \n        \n      <\/div> \n     <\/div>\n<\/div> \n\n\n<div  data-key=\"rad_text_widget\"  style='-webkit-transition-delay:0s;transition-delay:0s;' id=\"rpwL2DQAIPJFX0EXBPDNCD4H9VSFCLXC4HD\" class=\" w_full w_layout_element   rad-widget\">\n\t\n<div class='ioa-text-column none  col-align-left  clearfix'> \n      \n      <div class='ioa-text-area'>\n        <h3 class='text-title'> <\/h3>\n        \n        \n        \n        \n      <\/div> \n     <\/div>\n<\/div>\n<div  data-key=\"rad_toggle_widget\"  id=\"rpwULGID9WSBP9YMLPFQLNMQROGGO484LW4\" class=\" w_full w_layout_element   rad-widget\">\n\n\t<div class=\"toggle-inner-wrap\">\n\t\t\n\n\t\t<div class=\" clearfix toggle-style-simple\" itemscope itemtype=\"http:\/\/schema.org\/ItemList\">\n  \t\t\n\t\t\n\t\t <div class='toggle ' itemscope itemtype='http:\/\/schema.org\/Thing'><h4><a href=\"#tg69f436e1766b7\" class='toggle-title ' itemprop='name'  > <i class='ioa-front-icon  plus-2icon-'><\/i> BREVE BIO<\/a><\/h4><div id='tg69f436e1766b7' itemprop='description' class='toggle-body collapse'>\n<p><span style=\"color: #000000;\">\u2022 Medica de Planta Permanente en el Servicio de Diagn\u00f3stico por Im\u00e1genes del Hospital Interzonal Especializado Materno Infantil de Mar del Plata<\/span><\/p>\n<p><span style=\"color: #000000;\">\u2022 Jefe de Unidad de Diagn\u00f3stico y Tratamiento, Alta Complejidad TAC e Intervencionismo en Hospital Interzonal Especializado Materno Infantil de Mar del Plata.<\/span><\/p>\n<p><span style=\"color: #000000;\">\u2022 Jefe de Servicio de Radiolog\u00eda y Ultrasonido de Traumat\u00f3logos Asociados Mar del Plata<\/span><\/p>\n<p><span style=\"color: #000000;\">\u2022 Encargada del Area de Diagn\u00f3stico por Im\u00e1genes en Hemofilia, Fundaci\u00f3n Hemofilia Mar del Plata.<\/span><\/p>\n<h5 style=\"text-align: left;\"><a href=\"https:\/\/faardit.org.ar\/web\/wp-content\/uploads\/2021\/08\/PatriciaNallyCVFaardit.pdf\"><strong>DESCARGAR CV<\/strong><\/a><\/h5>\n<\/div> <\/div> <div class='toggle ' itemscope itemtype='http:\/\/schema.org\/Thing'><h4><a href=\"#tg69f436e176b68\" class='toggle-title ' itemprop='name'  > <i class='ioa-front-icon  plus-2icon-'><\/i> CLASES<\/a><\/h4><div id='tg69f436e176b68' itemprop='description' class='toggle-body collapse'>\n<ul>\n<li><span style=\"color: #000000;\">Ecograf\u00eda Deportiva en la edad Pedi\u00e1trica: un pedido cada vez m\u00e1s frecuente<\/span><\/li>\n<li><span style=\"color: #000000;\">Lesiones Deportivas en Ni\u00f1as<\/span><\/li>\n<li><span style=\"color: #000000;\">Epidemiolog\u00eda de las Lesiones Deportivas en Pediatr\u00eda: Trucos y Recomendaciones<\/span><\/li>\n<li><span style=\"color: #000000;\">Lo que debemos saber de Sobrecarga Deportiva en Ni\u00f1os y Adolescentes: D\u00f3nde buscarla?<\/span><\/li>\n<li><span style=\"color: #000000;\">Ecograf\u00eda de Hombro en el Ni\u00f1o y Adolescente: Anatom\u00eda, T\u00e9cnica y Tips<\/span><\/li>\n<li><span style=\"color: #000000;\">Ecograf\u00eda de la Cadera en el Ni\u00f1o deportista: Anatom\u00eda, T\u00e9cnica y Tips<\/span><\/li>\n<li><span style=\"color: #000000;\">\u00a0Ecograf\u00eda de la Rodilla en el Ni\u00f1o deportista: Anatom\u00eda, T\u00e9cnica y Tips<\/span><\/li>\n<li><span style=\"color: #000000;\">C\u00f3mo optimizar el estudio de partes blandas con Ultrasonido en Pediatr\u00eda<\/span><\/li>\n<li><span style=\"color: #000000;\">Casos Desafiantes en Ecograf\u00eda MSK Pedi\u00e1trica<\/span><\/li>\n<li><span style=\"color: #000000;\">Sistem\u00e1tica de estudio en la Ecograf\u00eda MSK Pedi\u00e1trica: de lo sencillo a lo complejo<\/span><\/li>\n<li><span style=\"color: #000000;\">Displasia del Desarrollo de la Cadera: Puesta al d\u00eda<\/span><\/li>\n<li><span style=\"color: #000000;\">Ecograf\u00eda de Caderas en la evaluaci\u00f3n de la DDC: Errores m\u00e1s frecuentes<\/span><\/li>\n<li><span style=\"color: #000000;\">Evaluaci\u00f3n de la salud articular en Pediatr\u00eda<\/span><\/li>\n<li><span style=\"color: #000000;\">Cambios Degenerativos Osteocondrales en Ni\u00f1os: Detecci\u00f3n Precoz con Ultrasonido<\/span><\/li>\n<li><span style=\"color: #000000;\">ABC de las Im\u00e1genes en el Paciente con Hemofilia: Lo que el Radi\u00f3logo necesita saber<\/span><\/li>\n<li><span style=\"color: #000000;\">Ecograf\u00eda en Hemofilia: Que buscar? D\u00f3nde buscar? Fundamentos del M\u00e9todo HEAD-US<\/span><\/li>\n<li><span style=\"color: #000000;\">Fracturas en Ni\u00f1os: Lo que debemos saber<\/span><\/li>\n<li><span style=\"color: #000000;\">Epifisiolisis de Cadera: Lo que el radi\u00f3logo debe saber<\/span><\/li>\n<li><span style=\"color: #000000;\">La mirada del paciente: Cambio de Paradigma en la Ecograf\u00eda MSK<\/span><\/li>\n<li><span style=\"color: #000000;\">Capacitaci\u00f3n en Ecograf\u00eda del Paciente Hemof\u00edlico: Modalidad Hands On<\/span><\/li>\n<li><span style=\"color: #000000;\">Capacitaci\u00f3n en Ecograf\u00eda MSK Pedi\u00e1trica: Modalidad Hands On<\/span><\/li>\n<li><span style=\"color: #000000;\">Capacitaci\u00f3n en Ecograf\u00eda de Caderas del Reci\u00e9n Nacido: Modalidad Hands On<\/span><\/li>\n<\/ul>\n<\/div> <\/div>\n\t\t\n  \n\t\t<\/div>\n\n\t\n\t<\/div>\n<\/div>\n\n\t\t\n\t<\/div>\n\n\t\n<\/div>\n\n\t\t\t\n\t\n\t<\/div>\n\n\t\t\n\n\t\t<\/div>\n<\/div>\t\n\n<div class=\"page-section  clearfix last-section\" style=\"z-index:6\" id='rpsA192TF19MGDODKNXC39E4D2J16OPC9R2' data-exheight='0' >\n\t\n\t<div class=\"section-inner-wrap\">\n\n\t\t\n\n\n\t\t\t\n\n\t<div class=\"skeleton section-content auto_align clearfix\" data-width=\"Contained\">\n\t\t\n\t\t\t\t\t\n<div class=\"rad-container  layout_element  one_third first  top   clearfix\" id=\"rpcRRPDB6F0B8YPN8YT4S4SOPS2TQMLF7SP\" data-layout=\"one_third\">\n\t\n\t \t\n\n\t<div class=\"rad-inner-container clearfix\">\n\t \n\n\n<div  data-key=\"rad_text_widget\"  style='-webkit-transition-delay:0s;transition-delay:0s;' id=\"rpwFMCIY2K4DKXESTI1IW8AQ43YXLL1JVNL\" class=\" w_full w_layout_element  top   rad-widget\">\n\t\n<div class='ioa-text-column none  col-align-left  clearfix'> \n      \n      <div class='ioa-text-area'>\n        <h3 class='text-title'>Dra. Raquel E. Buttiero<\/h3>\n        \n        \n        \n        \n      <\/div> \n     <\/div>\n<\/div>\n<div  data-key=\"rad_image_widget\"  id=\"rpwMYTT6G9FAN68R515UD9E0RGY4KAVX7W2\" class=\" w_full w_layout_element   rad-widget\">\n\t<div class=\"image-inner-wrap image-stretched \">\n\t\t\t\t\n\t\t<div  class=' hover-item  image-align-none' itemscope itemprop='http:\/\/schema.org\/ImageObject'>   <img itemprop='image'   alt=\"\" title=\"RaquelButtiero\"  class='' src='https:\/\/faardit.org.ar\/web\/wp-content\/uploads\/2021\/08\/RaquelButtiero-333x333.jpg'     \/>  <\/div>\t\t\t\t\t<\/div>\n<\/div>\n\t\t\n\t<\/div>\n\n\t\n<\/div>\n\n\t\t\n<div class=\"rad-container  layout_element  two_third last top   clearfix\" id=\"rpcR2YI1748YC9NHE1LLIC6K5R05Q4UDD6N\" data-layout=\"two_third\">\n\t\n\t \t\n\n\t<div class=\"rad-inner-container clearfix\">\n\t \n\n\n<div  data-key=\"rad_text_widget\"  style='-webkit-transition-delay:0s;transition-delay:0s;' id=\"rpwW83NQKWPFVXIYVQU9OT49IMA6RIXTOJ6\" class=\" w_full w_layout_element  top   rad-widget\">\n\t\n<div class='ioa-text-column none  col-align-left  clearfix'> \n      \n      <div class='ioa-text-area'>\n        <h3 class='text-title'> <\/h3>\n        \n        \n        \n        \n      <\/div> \n     <\/div>\n<\/div> \n\n\n<div  data-key=\"rad_text_widget\"  style='-webkit-transition-delay:0s;transition-delay:0s;' id=\"rpwEBN1SX06VPWPUA115PE8TDPW2YBVNKAE\" class=\" w_full w_layout_element   rad-widget\">\n\t\n<div class='ioa-text-column none  col-align-left  clearfix'> \n      \n      <div class='ioa-text-area'>\n        <h3 class='text-title'> <\/h3>\n        \n        \n        \n        \n      <\/div> \n     <\/div>\n<\/div>\n<div  data-key=\"rad_toggle_widget\"  id=\"rpwCRV9B705DIU6PXSBW7749YNR8E1BKJFS\" class=\" w_full w_layout_element   rad-widget\">\n\n\t<div class=\"toggle-inner-wrap\">\n\t\t\n\n\t\t<div class=\" clearfix toggle-style-simple\" itemscope itemtype=\"http:\/\/schema.org\/ItemList\">\n  \t\t\n\t\t\n\t\t <div class='toggle ' itemscope itemtype='http:\/\/schema.org\/Thing'><h4><a href=\"#tg69f436e178a25\" class='toggle-title ' itemprop='name'  > <i class='ioa-front-icon  plus-2icon-'><\/i> BREVE BIO<\/a><\/h4><div id='tg69f436e178a25' itemprop='description' class='toggle-body collapse'>\n<p><span style=\"color: #000000;\">\u2022 Hospital P\u00fablico de alta complejidad Dr. Rawson (San Juan); Cl\u00ednica del Sol (San Juan) ; Universidad Cat\u00f3lica de Cuyo (San Juan)<\/span><\/p>\n<p><span style=\"color: #000000;\">\u2022 Docente asociado , C\u00e1tedra de Diagn\u00f3stico , Carrera de Medicina, Universidad\u00a0 Cat\u00f3lica de Cuyo<\/span><\/p>\n<p><span style=\"color: #000000;\">\u2022 Consultor en el\u00a0 Comit\u00e9 Nacional Diagn\u00f3stico por Imagen, Sociedad Argentina de Pediatr\u00eda<\/span><\/p>\n<h5 style=\"text-align: left;\"><a href=\"https:\/\/faardit.org.ar\/web\/wp-content\/uploads\/2021\/08\/RaquelButtieroCVFaardit.pdf\"><strong>DESCARGAR CV<\/strong><\/a><\/h5>\n<\/div> <\/div> <div class='toggle ' itemscope itemtype='http:\/\/schema.org\/Thing'><h4><a href=\"#tg69f436e178cf9\" class='toggle-title ' itemprop='name'  > <i class='ioa-front-icon  plus-2icon-'><\/i> CLASES<\/a><\/h4><div id='tg69f436e178cf9' itemprop='description' class='toggle-body collapse'>\n<p><span style=\"color: #000000;\">Im\u00e1genes y Neurodesarrollo: nuevos desaf\u00edos.<\/span><\/p>\n<p><span style=\"color: #000000;\">Im\u00e1genes en la Encefalopat\u00eda Hip\u00f3xico Isqu\u00e9mica.<\/span><\/p>\n<p><span style=\"color: #000000;\">Genital femenino: de la neonata a la Adolescente.<\/span><\/p>\n<p><span style=\"color: #000000;\">Hallazgos \u201cextra encef\u00e1licos \u201c en la hipoxia perinatal<\/span><\/p>\n<p><span style=\"color: #000000;\">Contribuci\u00f3n de las Im\u00e1genes en el estudio de\u00a0 la Pubertad Precoz.<\/span><\/p>\n<p><span style=\"color: #000000;\">Seguimiento postnatal de la Dilataci\u00f3n del tracto urinario prenatal.<\/span><\/p>\n<p><span style=\"color: #000000;\">Im\u00e1genes en la Infecci\u00f3n Urinaria en la infancia: Consensos y controversias.<\/span><\/p>\n<p><span style=\"color: #000000;\">Enfermedad qu\u00edstica renal en la infancia: \u00bfQu\u00e9 hay de nuevo?<\/span><\/p>\n<p><span style=\"color: #000000;\">Masas abdominales perinatales<\/span><\/p>\n<p><span style=\"color: #000000;\">Lesiones tor\u00e1cicas de presentaci\u00f3n perinatal<\/span><\/p>\n<\/div> <\/div>\n\t\t\n  \n\t\t<\/div>\n\n\t\n\t<\/div>\n<\/div>\n\n\t\t\n\t<\/div>\n\n\t\n<\/div>\n\n\t\t\n<div class=\"rad-container  layout_element  full last first   clearfix\" id=\"rpcYR6YYV28UI88W7JWT4QS2HRO3AFGGJAB\" data-layout=\"full\">\n\t<span class=\"vline\" style='-webkit-transition-delay:700ms;transition-delay:700ms;'><\/span>\n\t \t\n\n\t<div class=\"rad-inner-container clearfix\">\n\t\t\t\n\t<\/div>\n\n\t\n<\/div>\n\n\t\t\t\n\t\n\t<\/div>\n\n\t\t\n\n\t\t<\/div>\n<\/div>\t\n\n<\/p>\n","protected":false},"excerpt":{"rendered":"","protected":false},"author":1,"featured_media":0,"parent":0,"menu_order":0,"comment_status":"closed","ping_status":"closed","template":"","meta":[],"_links":{"self":[{"href":"https:\/\/faardit.org.ar\/web\/wp-json\/wp\/v2\/pages\/5418"}],"collection":[{"href":"https:\/\/faardit.org.ar\/web\/wp-json\/wp\/v2\/pages"}],"about":[{"href":"https:\/\/faardit.org.ar\/web\/wp-json\/wp\/v2\/types\/page"}],"author":[{"embeddable":true,"href":"https:\/\/faardit.org.ar\/web\/wp-json\/wp\/v2\/users\/1"}],"replies":[{"embeddable":true,"href":"https:\/\/faardit.org.ar\/web\/wp-json\/wp\/v2\/comments?post=5418"}],"version-history":[{"count":9,"href":"https:\/\/faardit.org.ar\/web\/wp-json\/wp\/v2\/pages\/5418\/revisions"}],"predecessor-version":[{"id":8033,"href":"https:\/\/faardit.org.ar\/web\/wp-json\/wp\/v2\/pages\/5418\/revisions\/8033"}],"wp:attachment":[{"href":"https:\/\/faardit.org.ar\/web\/wp-json\/wp\/v2\/media?parent=5418"}],"curies":[{"name":"wp","href":"https:\/\/api.w.org\/{rel}","templated":true}]}}