{"id":5420,"date":"2022-01-21T18:43:31","date_gmt":"2022-01-21T18:43:31","guid":{"rendered":"https:\/\/faardit.org.ar\/web\/?page_id=5420"},"modified":"2025-10-03T14:28:17","modified_gmt":"2025-10-03T14:28:17","slug":"profesores-imagenes-mamarias-ginecologia","status":"publish","type":"page","link":"https:\/\/faardit.org.ar\/web\/profesores-imagenes-mamarias-ginecologia\/","title":{"rendered":"Profesores &#8211; Im\u00e1genes mamarias y ginecolog\u00eda"},"content":{"rendered":"<p><div class=\"page-section  clearfix first-section\" style=\"z-index:1\" id='rpsKQE9MIE35HRMWV48UQS8LDGN92L97YCD' data-exheight='0' >\n\t\n\t<div class=\"section-inner-wrap\">\n\n\t\t\n\n\n\t\t\t\n\n\t<div class=\"skeleton section-content auto_align clearfix\" data-width=\"Contained\">\n\t\t\n\t\t\t\t\t\n<div class=\"rad-container  layout_element  full last first  top   clearfix\" id=\"rpcG15L9TVDGNWBAH0KQL6004HPKDKQPDU4\" data-layout=\"full\">\n\t\n\t \t\n\n\t<div class=\"rad-inner-container clearfix\">\n\t \n\n\n<div  data-key=\"rad_text_widget\"  style='-webkit-transition-delay:0s;transition-delay:0s;' id=\"rpwDV8OQFC7DO1FDDBS0B0LU92NARCNWF7U\" class=\" w_full w_layout_element  top  widget-animate widget-animate-fade-top  rad-widget\">\n\t\n<div class='ioa-text-column centered  col-align-center  clearfix'> \n      <div class='ioa-icon-area' style='margin-top:0'> <img src='https:\/\/faardit.org.ar\/web\/wp-content\/uploads\/2024\/01\/Uro-Ginecologico-Ene24.png' alt='text icon'\/>  <\/div>\n      <div class='ioa-text-area'>\n        <h3 class='text-title'>Im\u00e1genes mamarias y ginecolog\u00eda<\/h3>\n        \n        \n        \n        \n      <\/div> \n     <\/div>\n<\/div>\n<div  data-key=\"rad_divider_widget\"  id=\"rpwGCRUCPGNET1XSSCEVYD5A8GVJ2DUH97J\" class=\" w_full w_layout_element   rad-widget\" style=\"padding:\">\n\t<div class=\"divider line\"  >\n\t\t\t\t\t\t\t\t\t<\/div>\n<\/div>\n\n\t\t\n\t<\/div>\n\n\t\n<\/div>\n\n\t\t\t\n\t\n\t<\/div>\n\n\t\t\n\n\t\t<\/div>\n<\/div>\t\n\n<div class=\"page-section  clearfix \" style=\"z-index:2\" id='rpsTG2KAKJ1OP9BEJ2HPGSHAOL2VFJYK9O3' data-exheight='0' >\n\t\n\t<div class=\"section-inner-wrap\">\n\n\t\t\n\n\n\t\t\t\n\n\t<div class=\"skeleton section-content auto_align clearfix\" data-width=\"Contained\">\n\t\t\n\t\t\t\t\t\n<div class=\"rad-container  layout_element  one_third first  top   clearfix\" id=\"rpcFP49GMWD7GE64OBQES6CM0OKDU5U40PY\" data-layout=\"one_third\">\n\t\n\t \t\n\n\t<div class=\"rad-inner-container clearfix\">\n\t \n\n\n<div  data-key=\"rad_text_widget\"  style='-webkit-transition-delay:0s;transition-delay:0s;' id=\"rpwBAK2R0FAT35MPQN1BM7FS5X2EDADGO1M\" class=\" w_full w_layout_element  top   rad-widget\">\n\t\n<div class='ioa-text-column none  col-align-left  clearfix'> \n      \n      <div class='ioa-text-area'>\n        <h3 class='text-title'>Dra. Lorena Coto Solari <\/h3>\n        \n        \n        \n        \n      <\/div> \n     <\/div>\n<\/div>\n<div  data-key=\"rad_image_widget\"  id=\"rpwLIDUBPSJX41MAF41BI6SYKRV27CQ3I4O\" class=\" w_full w_layout_element   rad-widget\">\n\t<div class=\"image-inner-wrap image-stretched \">\n\t\t\t\t\n\t\t<div  class=' hover-item  image-align-none' itemscope itemprop='http:\/\/schema.org\/ImageObject'>   <img itemprop='image'   alt=\"\" title=\"profesores faaardit\"  class='' src='https:\/\/faardit.org.ar\/web\/wp-content\/uploads\/2024\/08\/profesores-faaardit-300x400.jpg'     \/>  <\/div>\t\t\t\t\t<\/div>\n<\/div>\n\t\t\n\t<\/div>\n\n\t\n<\/div>\n\n\t\t\n<div class=\"rad-container  layout_element  two_third last top   clearfix\" id=\"rpcOVI4XFUK1CKD0JVW9S02SHB8AUB6VYN4\" data-layout=\"two_third\">\n\t\n\t \t\n\n\t<div class=\"rad-inner-container clearfix\">\n\t \n\n\n<div  data-key=\"rad_text_widget\"  style='-webkit-transition-delay:0s;transition-delay:0s;' id=\"rpwX1Q3QDHPX6RUDCNKJ7WQSHSWIWDWKQ9K\" class=\" w_full w_layout_element  top   rad-widget\">\n\t\n<div class='ioa-text-column none  col-align-left  clearfix'> \n      \n      <div class='ioa-text-area'>\n        <h3 class='text-title'> <\/h3>\n        \n        \n        \n        \n      <\/div> \n     <\/div>\n<\/div> \n\n\n<div  data-key=\"rad_text_widget\"  style='-webkit-transition-delay:0s;transition-delay:0s;' id=\"rpwH2TQQ7Q3EGNXI3G7FTA1WAAQIAVN7YMD\" class=\" w_full w_layout_element   rad-widget\">\n\t\n<div class='ioa-text-column none  col-align-left  clearfix'> \n      \n      <div class='ioa-text-area'>\n        <h3 class='text-title'> <\/h3>\n        \n        \n        \n        \n      <\/div> \n     <\/div>\n<\/div>\n<div  data-key=\"rad_toggle_widget\"  id=\"rpwH6POH54HAMB79C1G0SXT7ADD2H1E4KYN\" class=\" w_full w_layout_element   rad-widget\">\n\n\t<div class=\"toggle-inner-wrap\">\n\t\t\n\n\t\t<div class=\" clearfix toggle-style-simple\" itemscope itemtype=\"http:\/\/schema.org\/ItemList\">\n  \t\t\n\t\t\n\t\t <div class='toggle ' itemscope itemtype='http:\/\/schema.org\/Thing'><h4><a href=\"#tg69f70b6769103\" class='toggle-title ' itemprop='name'  > <i class='ioa-front-icon  plus-2icon-'><\/i> BREVE BIO<\/a><\/h4><div id='tg69f70b6769103' itemprop='description' class='toggle-body collapse'>\n<p><span style=\"color: #000000;\">\u2022 T\u00edtulo de M\u00e9dico Especialista en Diagn\u00f3stico por Im\u00e1genes (2015) Sociedad Argentina de<\/span><br \/><span style=\"color: #000000;\">Radiolog\u00eda<\/span><\/p>\n<p><span style=\"color: #000000;\">\u2022 Certificaci\u00f3n CONAEDI (2021)<\/span><\/p>\n<p><span style=\"color: #000000;\">\u2022 Staff del Servicio de Diagn\u00f3stico por Im\u00e1genes de Cl\u00ednica Humana de Im\u00e1genes, General Roca, R\u00edo<\/span><br \/><span style=\"color: #000000;\">Negro.<\/span><\/p>\n<h5 style=\"text-align: left;\"><a href=\"https:\/\/faardit.org.ar\/web\/wp-content\/uploads\/2024\/08\/CV-COTO-SOLARI-FAARDIT.pdf\"><strong>DESCARGAR CV<\/strong><\/a><\/h5>\n<\/div> <\/div> <div class='toggle ' itemscope itemtype='http:\/\/schema.org\/Thing'><h4><a href=\"#tg69f70b6769302\" class='toggle-title ' itemprop='name'  > <i class='ioa-front-icon  plus-2icon-'><\/i> CLASES<\/a><\/h4><div id='tg69f70b6769302' itemprop='description' class='toggle-body collapse'>\n<p><span style=\"color: #000000;\">\u2022 Incontinencia urinaria: Valor del US de piso pelviano<\/span><\/p>\n<p><span style=\"color: #000000;\">\u2022 Hipermotilidad uretral: cu\u00e1ndo la incontinencia no solo se trata de prolapso<\/span><\/p>\n<p><span style=\"color: #000000;\">\u2022 Complicaciones en empleo de Misoprostol post &#8211; IVE<\/span><\/p>\n<p><span style=\"color: #000000;\">\u2022 Realce miometrial an\u00f3malo: utilidad de los m\u00e9todos de diagn\u00f3stico por im\u00e1genes<\/span><\/p>\n<\/div> <\/div>\n\t\t\n  \n\t\t<\/div>\n\n\t\n\t<\/div>\n<\/div>\n\n\t\t\n\t<\/div>\n\n\t\n<\/div>\n\n\t\t\n<div class=\"rad-container  layout_element  one_third first   clearfix\" id=\"rpcUNL8FTINB1HVHVV8JSA72VDG7WWROVNJ\" data-layout=\"one_third\">\n\t<span class=\"vline\" style='-webkit-transition-delay:350ms;transition-delay:350ms;'><\/span>\n\t \t\n\n\t<div class=\"rad-inner-container clearfix\">\n\t \n\n\n<div  data-key=\"rad_text_widget\"  style='-webkit-transition-delay:0s;transition-delay:0s;' id=\"rpwGNFQDUDT17AE75TMCYTXKPT1O5854K20\" class=\" w_full w_layout_element  top   rad-widget\">\n\t\n<div class='ioa-text-column none  col-align-left  clearfix'> \n      \n      <div class='ioa-text-area'>\n        <h3 class='text-title'>Dr. Mat\u00edas Landi<\/h3>\n        \n        \n        \n        \n      <\/div> \n     <\/div>\n<\/div>\n<div  data-key=\"rad_image_widget\"  id=\"rpwM5W1UYLPUBLU8I5OAMKD2OG3NOS5691J\" class=\" w_full w_layout_element   rad-widget\">\n\t<div class=\"image-inner-wrap image-stretched \">\n\t\t\t\t\n\t\t<div  class=' hover-item  image-align-none' itemscope itemprop='http:\/\/schema.org\/ImageObject'>   <img itemprop='image'   alt=\"\" title=\"4 Dr Matias Landi\"  class='' src='https:\/\/faardit.org.ar\/web\/wp-content\/uploads\/2021\/05\/4-Dr-Matias-Landi-320x240.jpeg'     \/>  <\/div>\t\t\t\t\t<\/div>\n<\/div>\n\t\t\n\t<\/div>\n\n\t\n<\/div>\n\n\t\t\n<div class=\"rad-container  layout_element  two_third last  clearfix\" id=\"rpcA7WDXCV2NBPN9J5C3JH1JLGLHPEG91RB\" data-layout=\"two_third\">\n\t<span class=\"vline\" style='-webkit-transition-delay:700ms;transition-delay:700ms;'><\/span>\n\t \t\n\n\t<div class=\"rad-inner-container clearfix\">\n\t \n\n\n<div  data-key=\"rad_text_widget\"  style='-webkit-transition-delay:0s;transition-delay:0s;' id=\"rpwHBO64KB7JPU5CJ0J5M9ME5VPUUAWKI6D\" class=\" w_full w_layout_element  top   rad-widget\">\n\t\n<div class='ioa-text-column none  col-align-left  clearfix'> \n      \n      <div class='ioa-text-area'>\n        <h3 class='text-title'> <\/h3>\n        \n        \n        \n        \n      <\/div> \n     <\/div>\n<\/div>\n<div  data-key=\"rad_toggle_widget\"  id=\"rpwJ23VP879SHVVSWGBBV1FT2SX2X4CHOP8\" class=\" w_full w_layout_element   rad-widget\">\n\n\t<div class=\"toggle-inner-wrap\">\n\t\t\n\n\t\t<div class=\" clearfix toggle-style-simple\" itemscope itemtype=\"http:\/\/schema.org\/ItemList\">\n  \t\t\n\t\t\n\t\t <div class='toggle ' itemscope itemtype='http:\/\/schema.org\/Thing'><h4><a href=\"#tg69f70b676dae4\" class='toggle-title ' itemprop='name'  > <i class='ioa-front-icon  plus-2icon-'><\/i> BREVE BIO<\/a><\/h4><div id='tg69f70b676dae4' itemprop='description' class='toggle-body collapse'>\n<p><strong>Carrera de Medicina<\/strong>. <br \/>T\u00edtulo de M\u00e9dico. Otorgado por la Facultad de Ciencias M\u00e9dicas de la Universidad Nacional de La Plata. 22 de Febrero 2002.<\/p>\n<p><strong>Residencia M\u00e9dica<\/strong>. <br \/>Residencia en Diagn\u00f3stico por Im\u00e1genes en la Fundaci\u00f3n de Investigaci\u00f3n y Estudio para el Diagn\u00f3stico M\u00e9dico, Buenos Aires. Promoci\u00f3n 2006.<\/p>\n<p><strong>M\u00e9dico Especialista en Diagn\u00f3stico por Im\u00e1genes<\/strong>. Otorgado por el Colegio de M\u00e9dicos IX Distrito de la Provincia de Buenos Aires. 11 de Noviembre de 2006.<br \/>Recertificaciones en 2011 y 2016.<\/p>\n<p><strong>M\u00e9dico Especialista en Imagenolog\u00eda Mamaria.<\/strong> Otorgado por la Federaci\u00f3n Argentina de Asociaciones de Radiolog\u00eda, Diagn\u00f3stico por Im\u00e1genes y Terapia Radiante, la Sociedad Argentina de Mastolog\u00eda y la Sociedad Argentina de Radiolog\u00eda. (SAMAS)<\/p>\n<p><strong>M\u00e9dico Especialista en Diagn\u00f3stico por Im\u00e1genes<\/strong>. Otorgado por la Sociedad Argentina de Radiolog\u00eda. (SAR) 21 de Marzo de 2006.<\/p>\n<p><strong>M\u00e9dico Especialista en Radiolog\u00eda y Diagn\u00f3stico por Im\u00e1genes<\/strong>. Otorgado por el Colegio Interamericano de Radiolog\u00eda. (CIR) 02 de Diciembre de 2013.<\/p>\n<p><strong>M\u00e9dico Especialista en Diagn\u00f3stico por Im\u00e1genes<\/strong>. Otorgado por el Consejo Nacional de Evaluaci\u00f3n de Diagn\u00f3stico por Im\u00e1genes. (Co.Na.E.D.I)\u00a0 24 de Agosto de 2013.<br \/>Recertificaci\u00f3n en 2018.<\/p>\n<p><strong>M\u00e9dico Especialista en Diagn\u00f3stico por Im\u00e1genes.<\/strong> Otorgado por la Asociaci\u00f3n M\u00e9dica Argentina, Comit\u00e9 de Rercertificaci\u00f3n (CRAMA). Septiembre de 2018.<\/p>\n<p><strong>M\u00e9dico Especialista en Diagn\u00f3stico por Im\u00e1genes<\/strong>. Revalidaci\u00f3n otorgada por el Consejo de Certificaci\u00f3n de Profesionales M\u00e9dicos. Academia Nacional de Medicina. <br \/>Mayo de 2020.<\/p>\n<h5 style=\"text-align: left;\"><a href=\"https:\/\/faardit.org.ar\/web\/wp-content\/uploads\/2021\/12\/2-Curriculum-Resumido-Profesores-FAARDIT-2021-LANDI.pdf\"><strong>DESCARGAR CV<\/strong><\/a><\/h5>\n<\/div> <\/div> <div class='toggle ' itemscope itemtype='http:\/\/schema.org\/Thing'><h4><a href=\"#tg69f70b676df5e\" class='toggle-title ' itemprop='name'  > <i class='ioa-front-icon  plus-2icon-'><\/i> CLASES<\/a><\/h4><div id='tg69f70b676df5e' itemprop='description' class='toggle-body collapse'>\n<p><span style=\"color: #000000;\">Adenomiosis: rol de la RMI<\/span><\/p>\n<p><span style=\"color: #000000;\">LEIOMIOMAS: rol de la RMI<\/span><\/p>\n<p><span style=\"color: #000000;\">Estadificaci\u00f3n del c\u00e1ncer de cuello uterino por RMI.<\/span><\/p>\n<p><span style=\"color: #000000;\">IM\u00c1GENES en c\u00e1ncer de endometrio.<\/span><\/p>\n<p><span style=\"color: #000000;\">Im\u00e1genes en Ginecolog\u00eda Oncol\u00f3gica.<\/span><\/p>\n<p><span style=\"color: #000000;\">Masas an\u00e9xales: caracterizaci\u00f3n por RMI ORADS.<\/span><\/p>\n<p><span style=\"color: #000000;\">Endometriosis profunda : utilidad de la RM.<\/span><\/p>\n<p><span style=\"color: #000000;\">DWI en pelvis femenina.<\/span><\/p>\n<p><span style=\"color: #000000;\">Anomal\u00edas cong\u00e9nitas del tracto genital femenino.<\/span><\/p>\n<p><span style=\"color: #000000;\">Sarcomas uterinos por RMI.<\/span><\/p>\n<p><span style=\"color: #000000;\">RMI en c\u00e1ncer de mama\u00a0<\/span><\/p>\n<p><span style=\"color: #000000;\">RMI en lesiones mamarias benignas.<\/span><\/p>\n<p><span style=\"color: #000000;\">BIRADS en RM: hallazgos asociados, lesiones que contienen grasa, lesiones de piel, im\u00e1genes ganglionares inteamamarias y axilares. Im\u00e1genes sin realce<\/span><\/p>\n<p><span style=\"color: #000000;\">DIFUSI\u00d3N en RM mamaria\u00a0<\/span><\/p>\n<p><span style=\"color: #000000;\">Falsos + y Falsos &#8211; en DWI mamaria<\/span><\/p>\n<p><span style=\"color: #000000;\">RMI mamaria prequir\u00fargica: estado actual<\/span><\/p>\n<p><span style=\"color: #000000;\">RMI mamaria generalidades, indicaciones, secuencias.<\/span><\/p>\n<p><span style=\"color: #000000;\">N\u00f3dulo mamario: algoritmos diagn\u00f3sticos\u00a0<\/span><\/p>\n<p><span style=\"color: #000000;\">TOMOSINTESIS mama\u00a0<\/span><\/p>\n<p><span style=\"color: #000000;\">Intervencionismo mamario bajo gu\u00eda mamogr\u00e1fica digital.<\/span><\/p>\n<p><span style=\"color: #000000;\">Intervencionismo mamario bajo gu\u00eda ecogr\u00e1fica.<\/span><\/p>\n<p>\u00a0<\/p>\n<\/div> <\/div>\n\t\t\n  \n\t\t<\/div>\n\n\t\n\t<\/div>\n<\/div>\n\n\t\t\n\t<\/div>\n\n\t\n<\/div>\n\n\t\t\t\n\t\n\t<\/div>\n\n\t\t\n\n\t\t<\/div>\n<\/div>\t\n\n<div class=\"page-section  clearfix \" style=\"z-index:3\" id='rpsEOC5MHTH111FC87751QM1XT4BMAL25KO' data-exheight='0' >\n\t\n\t<div class=\"section-inner-wrap\">\n\n\t\t\n\n\n\t\t\t\n\n\t<div class=\"skeleton section-content auto_align clearfix\" data-width=\"Contained\">\n\t\t\n\t\t\t\t\t\n<div class=\"rad-container  layout_element  one_third first  top   clearfix\" id=\"rpcY8RT70L7GH1J63AGNA4GT8O8NDKCYYUT\" data-layout=\"one_third\">\n\t\n\t \t\n\n\t<div class=\"rad-inner-container clearfix\">\n\t \n\n\n<div  data-key=\"rad_text_widget\"  style='-webkit-transition-delay:0s;transition-delay:0s;' id=\"rpwR7U44QJN2R2ULUX66P1P7B8WMQAMASOV\" class=\" w_full w_layout_element  top   rad-widget\">\n\t\n<div class='ioa-text-column none  col-align-left  clearfix'> \n      \n      <div class='ioa-text-area'>\n        <h3 class='text-title'>Dra. Daniela Stoisa<\/h3>\n        \n        \n        \n        \n      <\/div> \n     <\/div>\n<\/div>\n<div  data-key=\"rad_image_widget\"  id=\"rpwANHWUHPGUR3VG9U1IHN2D1H3ISKDMO5B\" class=\" w_full w_layout_element   rad-widget\">\n\t<div class=\"image-inner-wrap image-stretched \">\n\t\t\t\t\n\t\t<div  class=' hover-item  image-align-none' itemscope itemprop='http:\/\/schema.org\/ImageObject'>   <img itemprop='image'   alt=\"\" title=\"DanielaStoisa-333x333\"  class='' src='https:\/\/faardit.org.ar\/web\/wp-content\/uploads\/2024\/08\/DanielaStoisa-333x333-1-333x333.jpg'     \/>  <\/div>\t\t\t\t\t<\/div>\n<\/div>\n\t\t\n\t<\/div>\n\n\t\n<\/div>\n\n\t\t\n<div class=\"rad-container  layout_element  two_third last top   clearfix\" id=\"rpcXM9BGLAG3DISWFQO6H6ERS47XV5EL1A8\" data-layout=\"two_third\">\n\t\n\t \t\n\n\t<div class=\"rad-inner-container clearfix\">\n\t \n\n\n<div  data-key=\"rad_text_widget\"  style='-webkit-transition-delay:0s;transition-delay:0s;' id=\"rpwSDWAWJX5TKGPGJYS7UX2U3W9J1FTPJK7\" class=\" w_full w_layout_element  top   rad-widget\">\n\t\n<div class='ioa-text-column none  col-align-left  clearfix'> \n      \n      <div class='ioa-text-area'>\n        <h3 class='text-title'> <\/h3>\n        \n        \n        \n        \n      <\/div> \n     <\/div>\n<\/div> \n\n\n<div  data-key=\"rad_text_widget\"  style='-webkit-transition-delay:0s;transition-delay:0s;' id=\"rpwM1FB5EPUXUC47WLFW035OX973YHS1KVL\" class=\" w_full w_layout_element   rad-widget\">\n\t\n<div class='ioa-text-column none  col-align-left  clearfix'> \n      \n      <div class='ioa-text-area'>\n        <h3 class='text-title'> <\/h3>\n        \n        \n        \n        \n      <\/div> \n     <\/div>\n<\/div>\n<div  data-key=\"rad_toggle_widget\"  id=\"rpwY95HXB5Q9J6U0M83OX90OK4Q0KN2TJME\" class=\" w_full w_layout_element   rad-widget\">\n\n\t<div class=\"toggle-inner-wrap\">\n\t\t\n\n\t\t<div class=\" clearfix toggle-style-simple\" itemscope itemtype=\"http:\/\/schema.org\/ItemList\">\n  \t\t\n\t\t\n\t\t <div class='toggle ' itemscope itemtype='http:\/\/schema.org\/Thing'><h4><a href=\"#tg69f70b677183f\" class='toggle-title ' itemprop='name'  > <i class='ioa-front-icon  plus-2icon-'><\/i> BREVE BIO<\/a><\/h4><div id='tg69f70b677183f' itemprop='description' class='toggle-body collapse'>\n<p><span style=\"color: #000000;\">\u2022 Diagn\u00f3stico M\u00e9dico Oro\u00f1o. Rosario, Santa Fe, Argentina. Im\u00e1genes genitourinarias.<\/span><\/p>\n<p><span style=\"color: #000000;\">\u2022 Sanatorio Parque. Rosario, Santa Fe, Argentina. Im\u00e1genes genitourinarias.<\/span><\/p>\n<p><span style=\"color: #000000;\">\u2022 Diagn\u00f3stico M\u00e9dico San Lorenzo, Santa Fe, Argentina. Im\u00e1genes genitourinarias.<\/span><\/p>\n<h5 style=\"text-align: left;\"><a href=\"https:\/\/faardit.org.ar\/web\/wp-content\/uploads\/2021\/08\/Daniela-StoisaCVFaardit.pdf\"><strong>DESCARGAR CV<\/strong><\/a><\/h5>\n<\/div> <\/div> <div class='toggle ' itemscope itemtype='http:\/\/schema.org\/Thing'><h4><a href=\"#tg69f70b6771bb3\" class='toggle-title ' itemprop='name'  > <i class='ioa-front-icon  plus-2icon-'><\/i> CLASES<\/a><\/h4><div id='tg69f70b6771bb3' itemprop='description' class='toggle-body collapse'>\n<p><span style=\"color: #000000;\">Ecografia 3D e Histerosonograf\u00eda para el estudio de la paciente inf\u00e9rtil<\/span><\/p>\n<p><span style=\"color: #000000;\">Histerosalpingograf\u00eda.<\/span><\/p>\n<p><span style=\"color: #000000;\">Malformaciones m\u00fcllerianas.<\/span><\/p>\n<p><span style=\"color: #000000;\">Endometriosis profunda.<\/span><\/p>\n<p><span style=\"color: #000000;\">Urgencias ginecol\u00f3gicas.<\/span><\/p>\n<p><span style=\"color: #000000;\">C\u00e1ncer cervical.<\/span><\/p>\n<p><span style=\"color: #000000;\">C\u00e1ncer de endometrio.<\/span><\/p>\n<p><span style=\"color: #000000;\">Masas anexiales.<\/span><\/p>\n<p><span style=\"color: #000000;\">Masas renales peque\u00f1as<\/span><\/p>\n<p><span style=\"color: #000000;\">Abdomen agudo urol\u00f3gico no traumatol\u00f3gico.<\/span><\/p>\n<p><span style=\"color: #000000;\">Im\u00e1genes prost\u00e1ticas.<\/span><\/p>\n<p><span style=\"color: #000000;\">RM Multiparam\u00e9trica de pr\u00f3stata.<\/span><\/p>\n<p>\u00a0<\/p>\n<p>\u00a0<\/p>\n<\/div> <\/div>\n\t\t\n  \n\t\t<\/div>\n\n\t\n\t<\/div>\n<\/div>\n\n\t\t\n\t<\/div>\n\n\t\n<\/div>\n\n\t\t\t\n\t\n\t<\/div>\n\n\t\t\n\n\t\t<\/div>\n<\/div>\t\n\n<div class=\"page-section  clearfix \" style=\"z-index:4\" id='rpsNEXRQIX2K9L6BHIB95CH22WRD2ER7T1L' data-exheight='0' >\n\t\n\t<div class=\"section-inner-wrap\">\n\n\t\t\n\n\n\t\t\t\n\n\t<div class=\"skeleton section-content auto_align clearfix\" data-width=\"Contained\">\n\t\t\n\t\t\t\t\t\n<div class=\"rad-container  layout_element  one_third first  top   clearfix\" id=\"rpcX6NTN9VKMY3OFAA3INLH62YEVOXAJICA\" data-layout=\"one_third\">\n\t\n\t \t\n\n\t<div class=\"rad-inner-container clearfix\">\n\t \n\n\n<div  data-key=\"rad_text_widget\"  style='-webkit-transition-delay:0s;transition-delay:0s;' id=\"rpwQJ1O7OMWKEQUOOIY2SH6DL1G8CHALQ1D\" class=\" w_full w_layout_element  top   rad-widget\">\n\t\n<div class='ioa-text-column none  col-align-left  clearfix'> \n      \n      <div class='ioa-text-area'>\n        <h3 class='text-title'>Dr. Javier Rodr\u00edguez Lucero<\/h3>\n        \n        \n        \n        \n      <\/div> \n     <\/div>\n<\/div>\n<div  data-key=\"rad_image_widget\"  id=\"rpwEDKUXFPTJJIXNQQQ5SP9KOJKSXBANVT7\" class=\" w_full w_layout_element   rad-widget\">\n\t<div class=\"image-inner-wrap image-stretched \">\n\t\t\t\t\n\t\t<div  class=' hover-item  image-align-none' itemscope itemprop='http:\/\/schema.org\/ImageObject'>   <img itemprop='image'   alt=\"\" title=\"JavierRodriguezLucero\"  class='' src='https:\/\/faardit.org.ar\/web\/wp-content\/uploads\/2021\/08\/JavierRodriguezLucero-333x333.jpg'     \/>  <\/div>\t\t\t\t\t<\/div>\n<\/div>\n\t\t\n\t<\/div>\n\n\t\n<\/div>\n\n\t\t\n<div class=\"rad-container  layout_element  two_third last top   clearfix\" id=\"rpcR1HR9OQGBLYLQATEISMS5N776W4U35XG\" data-layout=\"two_third\">\n\t\n\t \t\n\n\t<div class=\"rad-inner-container clearfix\">\n\t \n\n\n<div  data-key=\"rad_text_widget\"  style='-webkit-transition-delay:0s;transition-delay:0s;' id=\"rpwUNK35UWVQDQB4ADF1WTRERNUPHW0DQV7\" class=\" w_full w_layout_element  top   rad-widget\">\n\t\n<div class='ioa-text-column none  col-align-left  clearfix'> \n      \n      <div class='ioa-text-area'>\n        <h3 class='text-title'> <\/h3>\n        \n        \n        \n        \n      <\/div> \n     <\/div>\n<\/div> \n\n\n<div  data-key=\"rad_text_widget\"  style='-webkit-transition-delay:0s;transition-delay:0s;' id=\"rpwKUVT3AQQDGC5BV9FW42858QNE5D3VM1A\" class=\" w_full w_layout_element   rad-widget\">\n\t\n<div class='ioa-text-column none  col-align-left  clearfix'> \n      \n      <div class='ioa-text-area'>\n        <h3 class='text-title'> <\/h3>\n        \n        \n        \n        \n      <\/div> \n     <\/div>\n<\/div>\n<div  data-key=\"rad_toggle_widget\"  id=\"rpwIFSBOHN84X0KTIGM2BC1IFA5DLW4D8WG\" class=\" w_full w_layout_element   rad-widget\">\n\n\t<div class=\"toggle-inner-wrap\">\n\t\t\n\n\t\t<div class=\" clearfix toggle-style-simple\" itemscope itemtype=\"http:\/\/schema.org\/ItemList\">\n  \t\t\n\t\t\n\t\t <div class='toggle ' itemscope itemtype='http:\/\/schema.org\/Thing'><h4><a href=\"#tg69f70b677533e\" class='toggle-title ' itemprop='name'  > <i class='ioa-front-icon  plus-2icon-'><\/i> BREVE BIO<\/a><\/h4><div id='tg69f70b677533e' itemprop='description' class='toggle-body collapse'>\n<p><span style=\"color: #000000;\"><strong><u>Educaci\u00f3n M\u00e9dica<\/u><\/strong> (Universidad \u2013 Residencia \u2013 Pos Grado)<\/span><\/p>\n<ul>\n<li><span style=\"color: #000000;\">Carrera de Medicina. Fac Cs M\u00e9dicas Universidad Nacional de Rosario 1988\/1994<\/span><\/li>\n<li><span style=\"color: #000000;\">Residencia M\u00e9dica. Residencia y Jefatura de Residencia Grupo Gamma Rosario Argentina 1995\/1999<\/span><\/li>\n<\/ul>\n<p><span style=\"color: #000000;\"><strong><u>Actividad acad\u00e9mica<\/u><\/strong><\/span><\/p>\n<p><span style=\"color: #000000;\">\u2022 Presidente de SIBIM<\/span><br \/><span style=\"color: #000000;\">\u2022 Director m\u00faltiples Cursos y Congresos<\/span><br \/><span style=\"color: #000000;\">\u2022 Integrante del Comit\u00e9 Cient\u00edfico CADI<\/span><br \/><span style=\"color: #000000;\">\u2022 Profesor del CIR<\/span><\/p>\n<h5 style=\"text-align: left;\"><a href=\"https:\/\/faardit.org.ar\/web\/wp-content\/uploads\/2022\/02\/JavierRodriguezLuceroCVFaardit.pdf\" target=\"_blank\" rel=\"noopener noreferrer\"><strong>DESCARGAR CV<\/strong><\/a><\/h5>\n<\/div> <\/div> <div class='toggle ' itemscope itemtype='http:\/\/schema.org\/Thing'><h4><a href=\"#tg69f70b6775760\" class='toggle-title ' itemprop='name'  > <i class='ioa-front-icon  plus-2icon-'><\/i> CLASES<\/a><\/h4><div id='tg69f70b6775760' itemprop='description' class='toggle-body collapse'>\n<ol>\n<li>Gralidades Biopsia Mamaria<\/li>\n<li>Biopsia con US<\/li>\n<li>Biopsia Estereot\u00e1xica<\/li>\n<li>Biopsia con Tomos\u00edntesis 3D AFFIRM<\/li>\n<li>Mamograf\u00eda Anal\u00f3gica, CR, DR<\/li>\n<li>Tomos\u00edntesis 3D<\/li>\n<li>Mamograf\u00eda Sintetizada<\/li>\n<li>Lesiones de alto riesgo<\/li>\n<li>Manejo Imagenol\u00f3gico de la paciente Alto Riesgo<\/li>\n<li>Mama Operada e Irradiada-Reconstrucci\u00f3n<\/li>\n<\/ol>\n<p><strong>Oncol\u00f3gica<\/strong><\/p>\n<ol>\n<li>Implantes valoraci\u00f3n multimodal<\/li>\n<li>Integraci\u00f3n Mamograf\u00eda-US-RM Second Look<\/li>\n<li>Im\u00e1genes mamarias en Embarazo y Lactancia<\/li>\n<li>Actualizaci\u00f3n BIRADS mamograf\u00eda<\/li>\n<li>Actualizaci\u00f3n BIRADS US<\/li>\n<li>Actualizaci\u00f3n BIRADS RM<\/li>\n<li>Controversias en BIRADS<\/li>\n<li>RM Gralidades<\/li>\n<li>RM Indicaciones<\/li>\n<li>RM Inidcaciones poco frecuentes<\/li>\n<li>RM mama y Falsos positivos y negativos<\/li>\n<li>RM prequir\u00fargica<\/li>\n<li>RM en valoraci\u00f3n de respuesta a quimioterapia<\/li>\n<li>Difusi\u00f3n en RM mama<\/li>\n<li>Distorsiones Arquitecturales<\/li>\n<li>Carcinoma Ductal in Situ<\/li>\n<li>Casos interesantes<\/li>\n<\/ol>\n<\/div> <\/div>\n\t\t\n  \n\t\t<\/div>\n\n\t\n\t<\/div>\n<\/div>\n\n\t\t\n\t<\/div>\n\n\t\n<\/div>\n\n\t\t\n<div class=\"rad-container  layout_element  one_third first   clearfix\" id=\"rpcPVA2QRUONRJMLEN6HD4VL0MIGVATUIS3\" data-layout=\"one_third\">\n\t<span class=\"vline\" style='-webkit-transition-delay:350ms;transition-delay:350ms;'><\/span>\n\t \t\n\n\t<div class=\"rad-inner-container clearfix\">\n\t \n\n\n<div  data-key=\"rad_text_widget\"  style='-webkit-transition-delay:0s;transition-delay:0s;' id=\"rpwU0XVV7VPD2ONHI8LJFXE3WASTEBJOC79\" class=\" w_full w_layout_element  top   rad-widget\">\n\t\n<div class='ioa-text-column none  col-align-left  clearfix'> \n      \n      <div class='ioa-text-area'>\n        <h3 class='text-title'>Dra. Mar\u00eda Paula Tiscornia<\/h3>\n        \n        \n        \n        \n      <\/div> \n     <\/div>\n<\/div>\n<div  data-key=\"rad_image_widget\"  id=\"rpwF6Y57A2EHYVOTLLF3UAA9HNAXUKKH5X5\" class=\" w_full w_layout_element   rad-widget\">\n\t<div class=\"image-inner-wrap image-stretched \">\n\t\t\t\t\n\t\t<div  class=' hover-item  image-align-none' itemscope itemprop='http:\/\/schema.org\/ImageObject'>   <img itemprop='image'   alt=\"\" title=\"Tiscornia-Paula-4\"  class='' src='https:\/\/faardit.org.ar\/web\/wp-content\/uploads\/2022\/01\/Tiscornia-Paula-4-333x333.jpg'     \/>  <\/div>\t\t\t\t\t<\/div>\n<\/div>\n\t\t\n\t<\/div>\n\n\t\n<\/div>\n\n\t\t\n<div class=\"rad-container  layout_element  two_third last  clearfix\" id=\"rpcYADCFUUDXDK2WL9SQV4EO3WKBC92347A\" data-layout=\"two_third\">\n\t<span class=\"vline\" style='-webkit-transition-delay:700ms;transition-delay:700ms;'><\/span>\n\t \t\n\n\t<div class=\"rad-inner-container clearfix\">\n\t \n\n\n<div  data-key=\"rad_text_widget\"  style='-webkit-transition-delay:0s;transition-delay:0s;' id=\"rpwI27ROMUBDJPRRQDVIXF4P33N1E0HEL66\" class=\" w_full w_layout_element  top   rad-widget\">\n\t\n<div class='ioa-text-column none  col-align-left  clearfix'> \n      \n      <div class='ioa-text-area'>\n        <h3 class='text-title'> <\/h3>\n        \n        \n        \n        \n      <\/div> \n     <\/div>\n<\/div> \n\n\n<div  data-key=\"rad_text_widget\"  style='-webkit-transition-delay:0s;transition-delay:0s;' id=\"rpwMQS06MJFOON9SR304XC1BPTHOVWVJJHS\" class=\" w_full w_layout_element   rad-widget\">\n\t\n<div class='ioa-text-column none  col-align-left  clearfix'> \n      \n      <div class='ioa-text-area'>\n        <h3 class='text-title'> <\/h3>\n        \n        \n        \n        \n      <\/div> \n     <\/div>\n<\/div>\n<div  data-key=\"rad_toggle_widget\"  id=\"rpwJR85847UKTQAQ152VWJWUAOGF6AS0YJV\" class=\" w_full w_layout_element   rad-widget\">\n\n\t<div class=\"toggle-inner-wrap\">\n\t\t\n\n\t\t<div class=\" clearfix toggle-style-simple\" itemscope itemtype=\"http:\/\/schema.org\/ItemList\">\n  \t\t\n\t\t\n\t\t <div class='toggle ' itemscope itemtype='http:\/\/schema.org\/Thing'><h4><a href=\"#tg69f70b67790ac\" class='toggle-title ' itemprop='name'  > <i class='ioa-front-icon  plus-2icon-'><\/i> BREVE BIO<\/a><\/h4><div id='tg69f70b67790ac' itemprop='description' class='toggle-body collapse'>\n<p><span style=\"color: #000000;\"><strong><u>Educaci\u00f3n M\u00e9dica<\/u><\/strong> (Universidad \u2013 Residencia \u2013 Pos Grado)<\/span><\/p>\n<ul>\n<li><span style=\"color: #000000;\"><strong>Carrera de Medicina<\/strong>. Universidad Nacional de C\u00f3rdoba.<\/span><\/li>\n<li><span style=\"color: #000000;\"><strong>Residencia M\u00e9dica<\/strong>. Sanatorio Allende &#8211; Universidad Cat\u00f3lica de C\u00f3r<\/span><\/li>\n<li><span style=\"color: #000000;\">Doctor en Medicina otorgado por la Universidad Cat\u00f3lica de C\u00f3rdoba, el 17 de diciembre de 2019.<\/span><\/li>\n<li><span style=\"color: #000000;\"><strong>Rotaci\u00f3n en el exterior.<\/strong><\/span>\n<ul>\n<li><span style=\"color: #000000;\">Rotaci\u00f3n en el Servicio de Imagenolog\u00eda Mamaria, Cl\u00ednica Alemana de Santiago (Chile) 2010.<\/span><\/li>\n<li><span style=\"color: #000000;\">Rotaci\u00f3n en el Servicio de Ginecolog\u00eda y Obstetricia (Ultrasonido), Cl\u00ednica Alemana de Santiago (Chile) 2010.<\/span><\/li>\n<li><span style=\"color: #000000;\">Rotaci\u00f3n en el Servicio de Radiopediatr\u00eda y Obstetricia en el Centro Privado de Tomograf\u00eda Computada C\u00f3rdoba (Instituto Dr. C. Oulton) 2011 en C\u00f3rdoba, Argentina.<\/span><\/li>\n<li><span style=\"color: #000000;\">Rotaci\u00f3n en el Departamento de Im\u00e1genes de la Mujer de la UDIAT, Corporaci\u00f3 Sanitaria Parc Taul\u00ed, a trav\u00e9s de una beca otorgada por la Sociedad Espa\u00f1ola de Radiolog\u00eda M\u00e9dica (SERAM) 2012 en Sabadell, Barcelona, Espa\u00f1a.<\/span><\/li>\n<li><span style=\"color: #000000;\">Rotaci\u00f3n en el Servicio de Imagenolog\u00eda Mamaria y en el Servicio de Ginecolog\u00eda y Obstetricia, Cl\u00ednica Alemana de Santiago (Chile) 2016.<\/span><\/li>\n<li><span style=\"color: #000000;\">Rotaci\u00f3n en el Servicio de Ginecolog\u00eda y Obstetricia (Unidad de Piso P\u00e9lvico), Cl\u00ednica Alemana de Santiago (Chile), 2020.<\/span><\/li>\n<\/ul>\n<\/li>\n<li><span style=\"color: #000000;\">Diplomatura en Gesti\u00f3n de Servicios M\u00e9dicos, Universidad ISALUD \u2013 Sanatorio Allende.<\/span><\/li>\n<\/ul>\n<h5 style=\"text-align: left;\"><a href=\"https:\/\/faardit.org.ar\/web\/wp-content\/uploads\/2022\/01\/Curriculum-Resumido-Profesores-FAARDIT-2021-MariaTiscornia.pdf\"><strong>DESCARGAR CV<\/strong><\/a><\/h5>\n<\/div> <\/div> <div class='toggle ' itemscope itemtype='http:\/\/schema.org\/Thing'><h4><a href=\"#tg69f70b67794c9\" class='toggle-title ' itemprop='name'  > <i class='ioa-front-icon  plus-2icon-'><\/i> CLASES<\/a><\/h4><div id='tg69f70b67794c9' itemprop='description' class='toggle-body collapse'>\n<p><strong>Gineco:<\/strong><\/p>\n<p>Rol de las im\u00e1genes en la evaluaci\u00f3n de adenomiosis y endometriosis.<\/p>\n<p>RM en el estudio de adenomiosis<\/p>\n<p>RM en el estudio de endometriosis<\/p>\n<p>RM en la evaluaci\u00f3n de neoplasias ginecol\u00f3gicas (tengo una de todos los tumores en gral y tambien\u00a0x separado de cuello de \u00fatero y de endometrio)<\/p>\n<p>Evaluaci\u00f3n ecogr\u00e1fica para fertilidad\u00a0<\/p>\n<p>Ecograf\u00eda ginecol\u00f3gica 3D-4D, utilidades (fertilidad, piso pelviano)<\/p>\n<p>Histerosonograf\u00eda<\/p>\n<p>Ecograf\u00eda ginecol\u00f3gica en fertilidad<\/p>\n<p>Patolog\u00eda ginecol\u00f3gica benigna<\/p>\n<p>Malformaciones\u00a0uterinas (actualizaci\u00f3n, nueva clasificaci\u00f3n)<\/p>\n<p>RM en la evaluaci\u00f3n del piso pelviano<\/p>\n<p>T\u00e9cnicas de RM de pelvis seg\u00fan su indicaci\u00f3n<\/p>\n<p>Patolog\u00eda vascular en ginecolog\u00eda (f\u00edstulas, MAV, sind congesti\u00f3n)<\/p>\n<p>\u00a0<\/p>\n<p><strong>Mama:<\/strong><\/p>\n<p>BI-RADS Generalidades, actualizaci\u00f3n, aplicaci\u00f3n (Mamo, eco y RM)<\/p>\n<p>Indicaciones de RM mama<\/p>\n<p>T\u00e9cnica de RM mama<\/p>\n<p>Aspectos imagenol\u00f3gicos del CDIS (RM)<\/p>\n<p>Rol de la RM en la evaluaci\u00f3n de terapias neoadyuvantes\u00a0<\/p>\n<p>Im\u00e1genes espiculadas en ultrasonido y sus diagn\u00f3sticos diferenciales<\/p>\n<p>Intervencionismo mamario<\/p>\n<p>Marcaci\u00f3n radio-quir\u00fargica y comprobaci\u00f3n de las piezas<\/p>\n<p>Taller: t\u00e9cnicas y tips en biopsias y marcaciones (arp\u00f3n-SNOLL-ROLL) guiadas por US\u00a0<\/p>\n<p>Rol de la ecograf\u00eda axilar en pacientes con c\u00e1ncer de mama (adenopat\u00edas, marcaci\u00f3n y biopsias de ganglio)<\/p>\n<p>T\u00e9cnicas de intervencionismo axilar en pacientes con c\u00e1ncer de mama<\/p>\n<\/div> <\/div>\n\t\t\n  \n\t\t<\/div>\n\n\t\n\t<\/div>\n<\/div>\n\n\t\t\n\t<\/div>\n\n\t\n<\/div>\n\n\t\t\t\n\t\n\t<\/div>\n\n\t\t\n\n\t\t<\/div>\n<\/div>\t\n\n<div class=\"page-section  clearfix last-section\" style=\"z-index:5\" id='rpsCQ1DOQAOCQJGFCR8M2T7MLHO5HH1RUF4' data-exheight='0' >\n\t\n\t<div class=\"section-inner-wrap\">\n\n\t\t\n\n\n\t\t\t\n\n\t<div class=\"skeleton section-content auto_align clearfix\" data-width=\"Contained\">\n\t\t\n\t\t\t\t\t\n<div class=\"rad-container  layout_element  one_third first  top   clearfix\" id=\"rpcYCB75VY2HE9A6C8DMKH68PM1I8UG1411\" data-layout=\"one_third\">\n\t\n\t \t\n\n\t<div class=\"rad-inner-container clearfix\">\n\t \n\n\n<div  data-key=\"rad_text_widget\"  style='-webkit-transition-delay:0s;transition-delay:0s;' id=\"rpwAKEH15ORH70XMTCW7CIRDLM0GM468DF7\" class=\" w_full w_layout_element  top   rad-widget\">\n\t\n<div class='ioa-text-column none  col-align-left  clearfix'> \n      \n      <div class='ioa-text-area'>\n        <h3 class='text-title'>Dra. Paula K. Gil<\/h3>\n        \n        \n        \n        \n      <\/div> \n     <\/div>\n<\/div>\n<div  data-key=\"rad_image_widget\"  id=\"rpwIMMVFTA9G91LOAMKV6VVS4QK49HKYEK8\" class=\" w_full w_layout_element   rad-widget\">\n\t<div class=\"image-inner-wrap image-stretched \">\n\t\t\t\t\n\t\t<div  class=' hover-item  image-align-none' itemscope itemprop='http:\/\/schema.org\/ImageObject'>   <img itemprop='image'   alt=\"\" title=\"Foto Paula Gil\"  class='' src='https:\/\/faardit.org.ar\/web\/wp-content\/uploads\/2025\/10\/Foto-Paula-Gil-300x400.jpeg'     \/>  <\/div>\t\t\t\t\t<\/div>\n<\/div>\n\t\t\n\t<\/div>\n\n\t\n<\/div>\n\n\t\t\n<div class=\"rad-container  layout_element  two_third last top   clearfix\" id=\"rpcGNOK8PN0IE23R2RSBXTF50IQE85BEQOR\" data-layout=\"two_third\">\n\t\n\t \t\n\n\t<div class=\"rad-inner-container clearfix\">\n\t \n\n\n<div  data-key=\"rad_text_widget\"  style='-webkit-transition-delay:0s;transition-delay:0s;' id=\"rpwELT2AWA3W8SRRDF8WBPXPSU1V218GQUI\" class=\" w_full w_layout_element  top   rad-widget\">\n\t\n<div class='ioa-text-column none  col-align-left  clearfix'> \n      \n      <div class='ioa-text-area'>\n        <h3 class='text-title'> <\/h3>\n        \n        \n        \n        \n      <\/div> \n     <\/div>\n<\/div> \n\n\n<div  data-key=\"rad_text_widget\"  style='-webkit-transition-delay:0s;transition-delay:0s;' id=\"rpwJ6IKVMGRNYQTG63AR3NL9DVRTL0YTUX5\" class=\" w_full w_layout_element   rad-widget\">\n\t\n<div class='ioa-text-column none  col-align-left  clearfix'> \n      \n      <div class='ioa-text-area'>\n        <h3 class='text-title'> <\/h3>\n        \n        \n        \n        \n      <\/div> \n     <\/div>\n<\/div>\n<div  data-key=\"rad_toggle_widget\"  id=\"rpwA8RRCYS18JF7E0AWMQTJ6UVQ72GFKRX1\" class=\" w_full w_layout_element   rad-widget\">\n\n\t<div class=\"toggle-inner-wrap\">\n\t\t\n\n\t\t<div class=\" clearfix toggle-style-simple\" itemscope itemtype=\"http:\/\/schema.org\/ItemList\">\n  \t\t\n\t\t\n\t\t <div class='toggle ' itemscope itemtype='http:\/\/schema.org\/Thing'><h4><a href=\"#tg69f70b677ceb0\" class='toggle-title ' itemprop='name'  > <i class='ioa-front-icon  plus-2icon-'><\/i> BREVE BIO<\/a><\/h4><div id='tg69f70b677ceb0' itemprop='description' class='toggle-body collapse'>\n<p><span style=\"color: #000000;\">\u2022 Jefa Departamento de Diagnostico e intervencionismo Mamario. Cl\u00ednica Conciencia. Ciudad de Neuqu\u00e9n.<\/span><\/p>\n<p><span style=\"color: #000000;\">\u2022 Coordinadora Departamento de Diagnostico e Intervencionismo Mamario Hospital Castro Rend\u00f3n Ciudad de Neuqu\u00e9n.<\/span><\/p>\n<p><span style=\"color: #000000;\">\u2022 Coordinadora Curso Bienal de Acreditacion en Im\u00e1genes Mamarias SAR- FAARDIT, SAMAS.<\/span><\/p>\n<p><span style=\"color: #000000;\">\u2022 Docente residencia Hospitalaria de Diagnostico por Im\u00e1genes Hospital Castro Rendon ciudad de Neuquen.<\/span><\/p>\n<h5 style=\"text-align: left;\"><a href=\"https:\/\/faardit.org.ar\/web\/wp-content\/uploads\/2021\/08\/PaulaGilCVFaardit.pdf\"><strong>DESCARGAR CV<\/strong><\/a><\/h5>\n<\/div> <\/div> <div class='toggle ' itemscope itemtype='http:\/\/schema.org\/Thing'><h4><a href=\"#tg69f70b677d173\" class='toggle-title ' itemprop='name'  > <i class='ioa-front-icon  plus-2icon-'><\/i> CLASES<\/a><\/h4><div id='tg69f70b677d173' itemprop='description' class='toggle-body collapse'>\n<p><span style=\"color: #000000;\">Mamograf\u00eda Digital-Tomosintesis.<\/span><\/p>\n<p><span style=\"color: #000000;\">Rol del Ultrasonido.<\/span><\/p>\n<p><span style=\"color: #000000;\">Intervencionismo \u00a0Mamario. US. Estereotaxia.<\/span><\/p>\n<p><span style=\"color: #000000;\">Intervencionismo en Resonancia Magnetica.<\/span><\/p>\n<p><span style=\"color: #000000;\">Im\u00e1genes y Factores de Riesgo.<\/span><\/p>\n<p><span style=\"color: #000000;\">Carcinoma intraductal.(CDIS)Rol de las Im\u00e1genes.<\/span><\/p>\n<p><span style=\"color: #000000;\">Linfoma Anapl\u00e1sico. Visi\u00f3n del Imagen\u00f3logo.<\/span><\/p>\n<p><span style=\"color: #000000;\">Resonancia Magn\u00e9tica de Mamas. Lesiones Malignas.<\/span><\/p>\n<p><span style=\"color: #000000;\">Control de Calidad, Intervencionismo.<\/span><\/p>\n<p><span style=\"color: #000000;\">BI-RADS.\u00a0<\/span><\/p>\n<\/div> <\/div>\n\t\t\n  \n\t\t<\/div>\n\n\t\n\t<\/div>\n<\/div>\n\n\t\t\n\t<\/div>\n\n\t\n<\/div>\n\n\t\t\t\n\t\n\t<\/div>\n\n\t\t\n\n\t\t<\/div>\n<\/div>\t\n\n<\/p>\n","protected":false},"excerpt":{"rendered":"","protected":false},"author":1,"featured_media":0,"parent":0,"menu_order":0,"comment_status":"closed","ping_status":"closed","template":"","meta":[],"_links":{"self":[{"href":"https:\/\/faardit.org.ar\/web\/wp-json\/wp\/v2\/pages\/5420"}],"collection":[{"href":"https:\/\/faardit.org.ar\/web\/wp-json\/wp\/v2\/pages"}],"about":[{"href":"https:\/\/faardit.org.ar\/web\/wp-json\/wp\/v2\/types\/page"}],"author":[{"embeddable":true,"href":"https:\/\/faardit.org.ar\/web\/wp-json\/wp\/v2\/users\/1"}],"replies":[{"embeddable":true,"href":"https:\/\/faardit.org.ar\/web\/wp-json\/wp\/v2\/comments?post=5420"}],"version-history":[{"count":16,"href":"https:\/\/faardit.org.ar\/web\/wp-json\/wp\/v2\/pages\/5420\/revisions"}],"predecessor-version":[{"id":8098,"href":"https:\/\/faardit.org.ar\/web\/wp-json\/wp\/v2\/pages\/5420\/revisions\/8098"}],"wp:attachment":[{"href":"https:\/\/faardit.org.ar\/web\/wp-json\/wp\/v2\/media?parent=5420"}],"curies":[{"name":"wp","href":"https:\/\/api.w.org\/{rel}","templated":true}]}}